{"id":4111,"date":"2021-01-21T15:44:37","date_gmt":"2021-01-21T15:44:37","guid":{"rendered":"https:\/\/tatataaaaa.com\/newklima\/?post_type=portrait&#038;p=4111"},"modified":"2022-07-14T10:00:32","modified_gmt":"2022-07-14T10:00:32","slug":"univers-sel","status":"publish","type":"portrait","link":"https:\/\/tatataaaaa.com\/newklima\/portrait\/univers-sel\/","title":{"rendered":"Univers Sel"},"content":{"rendered":"\n<p>Klima a souhait\u00e9 rencontrer\ndes paludiers, pour le rapport direct entre le paysage, les \u00e9l\u00e9ments naturels\net leur pratique. A travers l\u2019association Univers-Sel, nous pouvions aussi\nfaire des parall\u00e8les entre notre secteur d\u2019\u00e9tude, en France, et d\u2019autres\nterritoires, ailleurs dans le monde.<\/p>\n\n\n\n<p>Notre connaissance de la\nsaliculture \u00e9tait assez rudimentaire avant cet entretien. Plusieurs de nos\ninterrogations ont donc port\u00e9 sur cette activit\u00e9, son rapport \u00e0 la mer et au\nclimat. Notre int\u00e9r\u00eat pour les initiatives collectives nous a par ailleurs incit\u00e9es\n\u00e0 chercher \u00e0 mieux comprendre les liens et les \u00e9changes qui se cr\u00e9ent entre\npaludiers de Gu\u00e9rande et d\u2019Afrique de l\u2019Ouest, \u00e0 travers l\u2019association\nUnivers-Sel.<\/p>\n\n\n\n<p>La conversation a pris mille chemins, qui donnent \u00e0 voir les nombreuses probl\u00e9matiques g\u00e9opolitiques et \u00e9conomiques auxquelles le sel est li\u00e9&nbsp;: pratiques artisanales et techniques simples vs. suproductions industrielles, transmission et perte des savoir-faire traditionnels, autonomie, sant\u00e9 et travail des femmes, sant\u00e9 et \u00e9l\u00e9ments nutritifs du sel artisanal, concurrence entre pays, post et n\u00e9o-colonialisme, transformation des paysages (marais, mangroves) pour les adapter aux machines et \u00e0 un meilleur rendement, gestion de l\u2019eau (l\u2019\u00e9vacuer ou la garder le plus longtemps possible), conflits d\u2019int\u00e9r\u00eats et gestion du foncier littoral, submersion et changements climatiques.<\/p>\n\n\n\n<p>Les locaux de Terre de Sel,\ngrand b\u00e2timent moderne en bois, vitrine de la coop\u00e9rative des paludiers de\nGu\u00e9rande, \u00e9merge le long d\u2019une route qui sillonne \u00e0 travers les marais salants.\nC\u2019est dans une grande salle de r\u00e9union que nous avons rencontr\u00e9 Gabriel\nCourouss\u00e9 (GC), Gilles Dessomme (GD), paludiers, et Pauline Lan\u00e7on, (PL)\ncharg\u00e9e de projet pour l\u2019association Univers-sel. La discussion s\u2019est d\u00e9roul\u00e9e\nentre nous cinq pendant plus d\u2019une heure, avant de nous diriger tous, et avec\nune avec grande curiosit\u00e9 de notre part, dans les marais salants, \u00e0 quelques\nminutes en voiture de Terre de sel. La r\u00e9colte du sel a lieu l\u2019\u00e9t\u00e9. Nous\nd\u2019admirerons pas le ballet des paludiers au travail aujourd\u2019hui&nbsp;! Voici la\nretranscription de nos \u00e9changes.<\/p>\n\n\n\n<figure class=\"wp-block-image size-full\"><img loading=\"lazy\" decoding=\"async\" width=\"2560\" height=\"1707\" src=\"https:\/\/tatataaaaa.com\/newklima\/wp-content\/uploads\/2022\/01\/IMG_0833-scaled.jpg\" alt=\"\" class=\"wp-image-5898\" srcset=\"https:\/\/tatataaaaa.com\/newklima\/wp-content\/uploads\/2022\/01\/IMG_0833-scaled.jpg 2560w, https:\/\/tatataaaaa.com\/newklima\/wp-content\/uploads\/2022\/01\/IMG_0833-300x200.jpg 300w, https:\/\/tatataaaaa.com\/newklima\/wp-content\/uploads\/2022\/01\/IMG_0833-1024x683.jpg 1024w, https:\/\/tatataaaaa.com\/newklima\/wp-content\/uploads\/2022\/01\/IMG_0833-768x512.jpg 768w, https:\/\/tatataaaaa.com\/newklima\/wp-content\/uploads\/2022\/01\/IMG_0833-1536x1024.jpg 1536w, https:\/\/tatataaaaa.com\/newklima\/wp-content\/uploads\/2022\/01\/IMG_0833-2048x1365.jpg 2048w\" sizes=\"auto, (max-width: 2560px) 100vw, 2560px\" \/><figcaption>Gilles Dessomme, Gabriel Courouss\u00e9 et Pauline Lan\u00e7on &#8211; \u00a9Klima<\/figcaption><\/figure>\n\n\n\n<p>Entretien men\u00e9 par Klima (Sophie et Marie), le 21 octobre 2020, \u00e0 Gu\u00e9rande<\/p>\n\n\n\n<h2 class=\"wp-block-heading\"><strong>\u00catre paludier \u00e0 Guerande<\/strong><\/h2>\n\n\n\n<p><strong>Klima&nbsp;:<\/strong> <strong>Nous commen\u00e7ons habituellement par quelques questions personnelles pour mieux vous conna\u00eetre. O\u00f9 vous avez grandi, et quel a \u00e9t\u00e9 votre premier contact avec l\u2019eau&nbsp;?<\/strong><\/p>\n\n\n\n<p class=\"has-text-align-left\"><strong>PL&nbsp;: <\/strong>Je suis n\u00e9e \u00e0 Grenoble, tr\u00e8s loin de la mer. Et j\u2019ai atterri ici quand j&rsquo;avais 12 ans, il y a un petit bout de temps, parce que mes parents en avaient marre de la montagne et ils voulaient se rapprocher de la mer. Un tableau vraiment tr\u00e8s concis, mais voil\u00e0. Et pour mon premier contact ce serait faire des barrages avec papa dans les torrents. Et la mer \u00e0 laquelle je suis rattach\u00e9e, ce serait la mer du Nord, en Belgique.<\/p>\n\n\n\n<p class=\"has-text-align-left\"><strong>GD&nbsp;:<\/strong> Moi je suis Angevin, mes parents \u00e9taient agriculteurs. J&rsquo;ai toujours \u00e9t\u00e9 attir\u00e9 par la nature. Et puis je suis arriv\u00e9 ici par ce biais-l\u00e0, sur des questions de protection de la nature et je me suis int\u00e9ress\u00e9 au m\u00e9tier de paludier, sachant qu\u2019auparavant j&rsquo;ai toujours \u00e9t\u00e9 attir\u00e9 par la mer. Je ne sais pas trop pourquoi. Je pense par le c\u00f4t\u00e9 mouvant. Dans mon histoire j&rsquo;ai fait des boulots toujours au bord de la mer, que \u00e7a soit \u00e0 Salin de Giraud, sur l&rsquo;\u00eele de Noirmoutier, des \u00e9tudes \u00e0 Dinard avec le Mus\u00e9um, \u00e0 l\u2019\u00eele d\u2019Yeu. Et je suis paludier depuis quinze ans. Cette ann\u00e9e c\u2019\u00e9tait ma quinzi\u00e8me saison.<\/p>\n\n\n\n<p class=\"has-text-align-left\"><strong>GC<\/strong> <strong>:<\/strong> Moi, je suis originaire du d\u00e9partement, mais dans les terres, \u00e0 80 kilom\u00e8tres d&rsquo;ici. Moi aussi j&rsquo;ai eu une autre vie avant. \u00c7a fait 17 ans, c&rsquo;est ma 18\u00e8me saison, si tu comptes celle de la formation. J&rsquo;ai travaill\u00e9 pendant 14 ans dans l&rsquo;informatique avant. Je suis originaire d&rsquo;un petit village, la campagne, mes oncles agriculteurs. Et mon premier souvenir de mer ou d\u2019eau\u2026 Alors l&rsquo;eau en g\u00e9n\u00e9ral, c\u2019\u00e9tait l&rsquo;eau douce, c&rsquo;\u00e9tait les rivi\u00e8res, les petits \u00e9tangs, pour aller \u00e0 la p\u00eache. Je venais en g\u00e9n\u00e9ral une fois par an au bord de la mer. C&rsquo;\u00e9tait les vacances de mes parents. Une journ\u00e9e. On allait \u00e0 la mer. A P\u00e9n\u00e9tin. Mais j&rsquo;ai tr\u00e8s peu d&rsquo;attaches avec la mer. Je ne suis pas attir\u00e9 par la mer en tant qu\u2019\u00e9l\u00e9ment mouvant. Par contre, l&rsquo;environnement marais, la biodiversit\u00e9\u2026 C&rsquo;est \u00e7a qui m&rsquo;a attir\u00e9 ici. Je ne vais jamais me baigner en mer, vous ne me verrez jamais. Marcher sur la c\u00f4te oui, mais je ne suis pas attir\u00e9 par la voile ou des choses comme \u00e7a. <\/p>\n\n\n\n<p><strong>Klima&nbsp;:<\/strong> <strong>Dans les marais, qu\u2019est-ce que vous y trouvez&nbsp;? Qu\u2019est-ce qui vous touche&nbsp;?<\/strong><\/p>\n\n\n\n<blockquote class=\"wp-block-quote is-layout-flow wp-block-quote-is-layout-flow\"><p><strong>GC&nbsp;: <\/strong>D\u00e9j\u00e0, travailler au rythme des saisons, pour moi c&rsquo;est quelque chose d\u2019\u00e9norme. On vit au rythme de la nature. En p\u00e9riode de production, on vit avec le soleil, c&rsquo;est \u00e0 dire qu&rsquo;on commence avec le soleil et quasiment on termine avec le soleil. \u00c7a donne un rythme tr\u00e8s particulier \u00e0 une profession, enfin, \u00e0 une vie. Quand on fait de l&rsquo;informatique en r\u00e9gion parisienne, on ne sait pas s&rsquo;il fait jour ou s\u2019il fait nuit.<\/p><\/blockquote>\n\n\n\n<p class=\"has-text-align-left\">J\u2019allais dans les salles informatiques. Donc, j&rsquo;\u00e9tais soit dans des bunkers, soit dans les salles o\u00f9 il n\u2019y avait pas de fen\u00eatres. Donc totalement d\u00e9connect\u00e9 du jour et de la nuit. C&rsquo;\u00e9tait quelque chose qui \u00e9tait juste pas\u2026 \u00e7a ne pouvait pas continuer\u2026 ici on a un superbe bureau. <\/p>\n\n\n\n<p><strong>Klima&nbsp;:<\/strong> <strong>Pouvez-vous nous d\u00e9crire o\u00f9 nous nous trouvons en ce moment?<\/strong><\/p>\n\n\n\n<p class=\"has-text-align-left\"><strong>PL&nbsp;:<\/strong> Ici vous avez la coop\u00e9rative, qui est le regroupement des paludiers et l\u2019outil commercial d\u2019une partie d\u2019entre eux. Terre de Sel, c\u2019est-\u00e0-dire le b\u00e2timent o\u00f9 nous sommes, est une vitrine pour faire d\u00e9couvrir le milieu et la profession, et l&rsquo;environnement, ici, sur les marais salants, qui est tr\u00e8s sp\u00e9cifique.<\/p>\n\n\n\n<p class=\"has-text-align-left\"><strong>GD&nbsp;:<\/strong> Derri\u00e8re, l\u00e0,&nbsp; vous avez les cristallisoirs. On compte les concessions en cristallisoirs, donc en oeillets.&nbsp; Moi j&rsquo;ai 59 oeillets, donc 59 cristallisoirs. A chaque oeillet est associ\u00e9e la surface d\u2019\u00e9vaporation n\u00e9cessaire \u00e0 la cristallisation du sel. <\/p>\n\n\n\n<p class=\"has-text-align-left\"><strong>GC&nbsp;:<\/strong> Sur la photo que vous voyez l\u00e0, il y a deux de mes salines et ici la r\u00e9serve d\u2019eau marine que l&rsquo;on pi\u00e8ge tous les quinze jours en principe, \u00e0 chaque fois qu&rsquo;il y a un grand coefficient de mar\u00e9e. Ensuite on la fait circuler dans les bassins. Par \u00e9vaporation, on obtient une concentration de sel dans l\u2019eau de mer qui permet d\u2019atteindre la cristallisation.<\/p>\n\n\n\n<p><strong>Klima&nbsp;:<\/strong> <strong>Il vous faut combien de temps pour fabriquer le sel&nbsp;? Par exemple, si vous faites rentrer l\u2019eau \u00e0 un moment donn\u00e9\u2026 Tout le cycle prend combien de temps&nbsp;?<\/strong><\/p>\n\n\n\n<p class=\"has-text-align-left\"><strong>GC&nbsp;:<\/strong> Il faut un mois et demi \u00e0 peu pr\u00e8s pour produire du sel. Mais on travaille beaucoup plus que \u00e7a sur nos salines, puisque, \u00e0 partir du mois de janvier-f\u00e9vrier, il y a toute une pr\u00e9paration, un nettoyage, pour maintenir des fonds \u00e0 des niveaux, enlever les vases qui se sont cr\u00e9\u00e9es pendant l&rsquo;ann\u00e9e pr\u00e9c\u00e9dente, les algues, etc. recr\u00e9er les structures en argile qui s&rsquo;\u00e9rodent avec le vent, la houle\u2026 Tous les ans on fait ce m\u00eame travail. Lorsqu&rsquo;on arrive vers avril, on se met en condition si l\u2019on a \u00e0 peu pr\u00e8s un mois de beau temps cons\u00e9cutif. Donc, en moyenne, on pr\u00e9dit qu&rsquo;on produit du sel entre mi-juin et mi-septembre, sachant que des fois, on commence en mai et qu&rsquo;on termine en octobre. <\/p>\n\n\n\n<p><strong>Klima&nbsp;:<\/strong> <strong>Quand un paludier part \u00e0 la retraite ses concessions peuvent \u00eatre disponibles pour d\u2019autres?<\/strong><\/p>\n\n\n\n<p class=\"has-text-align-left\"><strong>GD&nbsp;:<\/strong> Oui c&rsquo;est transmis comme de la terre agricole. <\/p>\n\n\n\n<p class=\"has-text-align-left\"><strong>GC&nbsp;: <\/strong>Moi je suis fermier, par exemple, je ne suis pas propri\u00e9taire de mes salines. Je paye en fermage comme un agriculteur peut payer en fermage.<\/p>\n\n\n\n<figure class=\"wp-block-image size-full\"><img loading=\"lazy\" decoding=\"async\" width=\"2560\" height=\"1707\" src=\"https:\/\/tatataaaaa.com\/newklima\/wp-content\/uploads\/2022\/01\/IMG_0813-scaled.jpg\" alt=\"\" class=\"wp-image-5899\" srcset=\"https:\/\/tatataaaaa.com\/newklima\/wp-content\/uploads\/2022\/01\/IMG_0813-scaled.jpg 2560w, https:\/\/tatataaaaa.com\/newklima\/wp-content\/uploads\/2022\/01\/IMG_0813-300x200.jpg 300w, https:\/\/tatataaaaa.com\/newklima\/wp-content\/uploads\/2022\/01\/IMG_0813-1024x683.jpg 1024w, https:\/\/tatataaaaa.com\/newklima\/wp-content\/uploads\/2022\/01\/IMG_0813-768x512.jpg 768w, https:\/\/tatataaaaa.com\/newklima\/wp-content\/uploads\/2022\/01\/IMG_0813-1536x1024.jpg 1536w, https:\/\/tatataaaaa.com\/newklima\/wp-content\/uploads\/2022\/01\/IMG_0813-2048x1365.jpg 2048w\" sizes=\"auto, (max-width: 2560px) 100vw, 2560px\" \/><figcaption>\u00a9Klima<\/figcaption><\/figure>\n\n\n\n<h2 class=\"wp-block-heading\"><strong>La Temp\u00eate Xynthia<\/strong><\/h2>\n\n\n\n<p><strong>Klima&nbsp;:<\/strong> <strong>Vous avez connu la temp\u00eate Xynthia, qui a submerg\u00e9 les salines. Pouvez-vous nous dire comment les paludiers se pr\u00e9parent aujourd&rsquo;hui aux changements climatiques et notamment \u00e0 la hausse du niveau marin?<\/strong><\/p>\n\n\n\n<p class=\"has-text-align-left\"><strong>GC&nbsp;:<\/strong> Ce que la profession a toujours fait depuis quasiment deux mille ans, c&rsquo;est s&rsquo;adapter au milieu. S\u2019il y a une \u00e9l\u00e9vation du niveau de la mer qui fait bouger le trait de c\u00f4te, notre territoire n&rsquo;existera plus. On ne va pas aller creuser des salines dans les collines. C&rsquo;est \u00e7a qui est tr\u00e8s particulier pour nos territoires qui sont dans des zones de transition. Si ce sont simplement des bouleversements cycliques comme des grandes temp\u00eates ou des choses comme \u00e7a, peut \u00eatre que l\u00e0, on peut s\u2019adapter. Mais face \u00e0 une \u00e9l\u00e9vation r\u00e9elle du niveau de la mer qui entra\u00eene un d\u00e9placement du trait de c\u00f4te\u2026 <\/p>\n\n\n\n<p class=\"has-text-align-left\"><strong>GD&nbsp;:<\/strong> On a imagin\u00e9 plusieurs choses par rapport \u00e0 ce ph\u00e9nom\u00e8ne. A court terme, ou \u00e0 moyen terme, avec une \u00e9l\u00e9vation mod\u00e9r\u00e9e du niveau de la mer, on imagine les salines comme submersibles. Quand il y a eu la temp\u00eate Xynthia, les structures se sont retrouv\u00e9es compl\u00e8tement noy\u00e9es. On avait un grand lac, on ne voyait plus les salines, juste quelques talus, puisqu&rsquo;il y a eu trente-sept br\u00e8ches sur la digue marine qui enserre les salines sur la partie Gu\u00e9rande. Mais on s&rsquo;est rendu compte que les salines n&rsquo;avaient pas \u00e9t\u00e9 beaucoup abim\u00e9es. Suite \u00e0 cela, on s&rsquo;est dit&nbsp;: pourquoi ne pas imaginer notre outil de travail, les marais salants, comme un milieu qui puisse \u00eatre noy\u00e9 de mani\u00e8re ponctuelle pour repartir \u00e0 la production rapidement apr\u00e8s \u00e9vacuation de l\u2019eau. L\u2019id\u00e9e serait de se dire qu&rsquo;une fois tous les dix ans, les marais soient submerg\u00e9s et qu&rsquo;\u00e0 l\u2019avenir on prenne en compte cette submersion comme possible et plus fr\u00e9quente. En plus si \u00e7a a lieu en hiver, \u00e7a nous d\u00e9range moins pour la r\u00e9colte. Et par cons\u00e9quent, dans l&rsquo;am\u00e9nagement de la digue actuelle, l\u2019id\u00e9e serait de pr\u00e9voir les endroits o\u00f9 l&rsquo;eau passerait en cas de submersion, de mani\u00e8re \u00e0 pr\u00e9server l&rsquo;outil le plus possible. <\/p>\n\n\n\n<p><strong>Klima&nbsp;:<\/strong> <strong>C\u2019est-\u00e0-dire prendre en compte une submersion&nbsp; tous les 10 ans, et donc pr\u00e9voir au lieu de se laisser surprendre?<\/strong><\/p>\n\n\n\n<p class=\"has-text-align-left\"><strong>GD&nbsp;:<\/strong> Aujourd\u2019hui, les donn\u00e9es nous disent que Xynthia \u00e9tait une submersion centennale. L&rsquo;id\u00e9e serait de pouvoir continuer \u00e0 travailler, m\u00eame avec cette id\u00e9e de submersion plus pr\u00e9gnante et qui va venir nous secouer plus souvent, mais \u00e0 risque ma\u00eetris\u00e9. Et ceci, en gardant la digue en \u00e9tat, parce que sinon, \u00e0 chaque cycle de mar\u00e9e, c&rsquo;est-\u00e0-dire tous les quinze jours, on n&rsquo;est plus isol\u00e9 de la mer. Il faut absolument que notre cordon d&rsquo;endiguement tienne. Aujourd\u2019hui, on se dit&nbsp;: on fait une digue qui va nous d\u00e9fendre, et apr\u00e8s on prie, on se dit&nbsp;: pourvu qu\u2019elle tienne. Donc l\u00e0 on pourrait dire&nbsp;: on fait une digue pour se prot\u00e9ger dans la majorit\u00e9 des cas, mais elle ne va pas tenir dans les cas exceptionnels. Donc, on fait en sorte que l&rsquo;eau puisse passer. C&rsquo;est l\u00e0 qu&rsquo;il faut trouver les moyens techniques pour que l&rsquo;eau puisse passer rapidement, en gros en quelques heures, \u00e0 la vitesse de la mar\u00e9e. <\/p>\n\n\n\n<p class=\"has-text-align-left\"><strong>GC&nbsp;:<\/strong> Il faut qu\u2019on ennoie \u00e0 la vitesse de la mar\u00e9e et qu&rsquo;on puisse vider \u00e0 la vitesse de la mar\u00e9e. L\u2019id\u00e9al ce serait \u00e7a, pour ne pas cr\u00e9er de probl\u00e8mes puisque les contre-pressions de l&rsquo;eau de chaque c\u00f4t\u00e9 de la digue font que normalement, sur un ouvrage, il y a moins de d\u00e9g\u00e2ts, sauf quand il y a un coup de vent, etc. <\/p>\n\n\n\n<p class=\"has-text-align-left\"><strong>GD&nbsp;:<\/strong> Je voulais revenir aussi sur la deuxi\u00e8me solution d&rsquo;adaptation qui aurait pu \u00eatre de reculer. Ici on ne peut plus reculer, parce que derri\u00e8re on a le massif armoricain, on est dans la roche, et il nous faut des substrats argileux pour travailler. Par contre, il y a d&rsquo;autres secteurs o\u00f9 c&rsquo;est possible de reculer. Je pense \u00e0 la baie de Bourgneuf. Au Moyen \u00c2ge elle s\u2019est envas\u00e9e. Elle a \u00e9t\u00e9 pold\u00e9ris\u00e9e sur la frange la plus proche de la mer, mais derri\u00e8re les polders agricoles, il y a d\u2019anciennes salines. Aujourd&rsquo;hui, il y a des villages, des routes et des terres agricoles. Mais si jamais le niveau d\u2019eau montait, on pourrait imaginer r\u00e9utiliser ces espaces. On sait qu&rsquo;ils ont de l&rsquo;argile et on sait qu&rsquo;il y a eu du sel de fait par le pass\u00e9.<\/p>\n\n\n\n<p><strong>Klima&nbsp;:<\/strong> <strong>Ou qu\u2019ils changent de m\u00e9tier, ou de technique. Vous avez chang\u00e9 vos m\u00e9thodes de travail depuis &nbsp;Xynthia?<\/strong><\/p>\n\n\n\n<p class=\"has-text-align-left\"><strong>GD&nbsp;:<\/strong> Non. Je pense que c&rsquo;est au niveau culturel qu\u2019on va refaire une mise au point sur notre mani\u00e8re de penser le risque, c&rsquo;est \u00e7a notre enjeu aujourd\u2019hui, dans notre m\u00e9tier. <\/p>\n\n\n\n<p class=\"has-text-align-left\"><strong>GC&nbsp;:<\/strong> Ce qui est assez paradoxal, quand vous disiez \u00ab&nbsp;vous reconvertir&nbsp;\u00bb. En fait la plupart des paludiers, on est tous des reconvertis. <\/p>\n\n\n\n<p class=\"has-text-align-left\">Parmi les paludiers, certains refusent d&rsquo;admettre qu&rsquo;on\nest menac\u00e9. On est 380 \u00e0 peu pr\u00e8s sur la presqu\u2019\u00eele. Et pour certains\u2026 c&rsquo;est un d\u00e9ni total, le changement climatique. On est une soci\u00e9t\u00e9 \u00e0 l&rsquo;image\ndu ressenti en France. Il y a une partie qui est dans le d\u00e9ni, d&rsquo;autres qui\ndisent \u00ab&nbsp;bah, on verra bien&nbsp;\u00bb, donc fatalistes. Et puis, on est\nquelques-uns, quand m\u00eame, \u00e0 essayer de dire \u00ab&nbsp; Comment \u00e0 nouveau\ns&rsquo;adapter?&nbsp;\u00bb. Notre m\u00e9tier, \u00e7a a toujours \u00e9t\u00e9 une adaptation \u00e0 un territoire. Le territoire va\nchanger. Comment s\u2019adapter&nbsp;? Avec ces techniques-l\u00e0, celles que j&rsquo;ai \u00e9num\u00e9r\u00e9es,\npouvoir \u00e9ventuellement s&rsquo;ennoyer ou reculer l\u00e9g\u00e8rement\u2026 Par contre, on ne ma\u00eetrise pas le degr\u00e9 d\u2019impact\nqui va \u00eatre li\u00e9 au changement climatique. C\u2019est-\u00e0-dire qu\u2019\u00e0 un certain niveau,\non peut s\u2019adapter, et \u00e0 un moment donn\u00e9, on ne pourra plus. Ceux qui voudront\ncontinuer \u00e0 faire du sel \u00e0 la mani\u00e8re artisanale, il faudra qu&rsquo;ils se d\u00e9placent.<\/p>\n\n\n\n<p><strong>Klima&nbsp;:<\/strong> <strong>Quand on parle de changements climatiques, ce n&rsquo;est pas juste la mont\u00e9e des eaux, c\u2019est plein de d\u00e9r\u00e8glements qui vont avoir lieu, plus de temp\u00eates, avec des temp\u00e9ratures plus \u00e9lev\u00e9es. Il y a un lien \u00e9troit avec les temp\u00e9ratures, l\u2019humidit\u00e9, le vent. Ce seront des complications pour votre profession. Est-ce que vous pouvez nous en parler un peu&nbsp;? Quels sont vos liens \u00e9troits avec les conditions climatiques&nbsp;?<\/strong><\/p>\n\n\n\n<p class=\"has-text-align-left\"><strong>GD&nbsp;:<\/strong> C\u2019est difficile d\u00e9j\u00e0 pour nous de le mesurer. On a une vision intuitive de l&rsquo;environnement climatique, on travaille plut\u00f4t avec la m\u00e9t\u00e9o, le temps qu&rsquo;il va faire demain. Et donc, on s&rsquo;adapte toujours au temps qu&rsquo;il va faire demain.<\/p>\n\n\n\n<p><strong>Klima&nbsp;:<\/strong> <strong>Comme les agriculteurs?<\/strong><\/p>\n\n\n\n<p class=\"has-text-align-left\"><strong>GD&nbsp;:<\/strong> Pire que les agriculteurs. Parce qu&rsquo;en fait, nous, une goutte de pluie arr\u00eate la production, compl\u00e8tement. Il faut attendre qu&rsquo;il y ait de l\u2019\u00e9vaporation pour que cette goutte de pluie reparte et qu&rsquo;on puisse travailler. Si les vents sont \u00e0 l\u2019ouest, on va travailler moins intensivement que s&rsquo;ils sont \u00e0 l&rsquo;est. S\u2019ils sont \u00e0 l\u2019est, l&rsquo;\u00e9vaporation est intense. On dit que \u00e7a met le feu aux marais. Et si \u00e7a dure 15 jours, on est sur les rotules. Le sel change de consistance. Il devient fin, alors que par des vents d&rsquo;ouest qui sont des vents plus humides, le sel est un peu mieux drain\u00e9 et tr\u00e8s agr\u00e9able \u00e0 prendre. Quand il est tr\u00e8s fin, on passe beaucoup de temps. Toutes les questions m\u00e9t\u00e9orologiques on s&rsquo;y adapte au jour le jour. On essaye de voir les pr\u00e9visions un peu plus loin, \u00e0 une semaine, dix jours, mais on ne se fie qu&rsquo;\u00e0 la m\u00e9t\u00e9o du lendemain. Et pour les aspects climatiques, l\u00e0, c&rsquo;est plus intuitif. Il semblerait qu\u2019on ait des saisons qui soient meilleures. C\u2019est \u00e0 dire que la fr\u00e9quence des petites saisons ou des tr\u00e8s petites saisons semble diminuer<\/p>\n\n\n\n<p><strong>Klima&nbsp;:<\/strong> <strong>C\u2019est quoi une petite saison&nbsp;? <\/strong><\/p>\n\n\n\n<p class=\"has-text-align-left\"><strong>GD&nbsp;:<\/strong> C\u2019est des moyennes de production. Pour donner un exemple, en 2008, on a eu une saison qu&rsquo;on peut qualifier de minable puisqu&rsquo;on a r\u00e9colt\u00e9 du sel du 20 juillet au 24 juillet. Donc, personnellement, j&rsquo;ai d\u00fb r\u00e9colter 7 tonnes au total, alors qu\u2019une ann\u00e9e moyenne, je r\u00e9colte 80 tonnes. Et en 2010, on a eu 65 jours de r\u00e9colte et j&rsquo;ai r\u00e9colt\u00e9 200 tonnes.<\/p>\n\n\n\n<p><strong>Klima&nbsp;:<\/strong> <strong>Et \u00e7a, vous le prenez en compte dans vos m\u00e9thodes d\u2019organisation&nbsp;? Vous savez qu\u2019il y a des ann\u00e9es qui seront mauvaises et d\u2019autres qui seront tr\u00e8s bonnes&nbsp;?<\/strong><\/p>\n\n\n\n<p class=\"has-text-align-left\"><strong>GD&nbsp;:<\/strong> Oui, c\u2019est \u00e7a. On stocke du sel.<\/p>\n\n\n\n<p class=\"has-text-align-left\"><strong>GC&nbsp;:<\/strong> C\u2019est pour \u00e7a qu\u2019on a cr\u00e9\u00e9 une coop\u00e9rative en fait. <\/p>\n\n\n\n<p class=\"has-text-align-left\"><strong>GD&nbsp;:<\/strong> On se regroupe pour stocker, on se regroupe pour techniquement s&rsquo;entraider, transmettre le savoir, on se regroupe pour la vente\u2026<\/p>\n\n\n\n<figure class=\"wp-block-image size-full\"><img loading=\"lazy\" decoding=\"async\" width=\"2560\" height=\"1920\" src=\"https:\/\/tatataaaaa.com\/newklima\/wp-content\/uploads\/2022\/01\/IMG_4400-scaled.jpeg\" alt=\"\" class=\"wp-image-5901\" srcset=\"https:\/\/tatataaaaa.com\/newklima\/wp-content\/uploads\/2022\/01\/IMG_4400-scaled.jpeg 2560w, https:\/\/tatataaaaa.com\/newklima\/wp-content\/uploads\/2022\/01\/IMG_4400-300x225.jpeg 300w, https:\/\/tatataaaaa.com\/newklima\/wp-content\/uploads\/2022\/01\/IMG_4400-1024x768.jpeg 1024w, https:\/\/tatataaaaa.com\/newklima\/wp-content\/uploads\/2022\/01\/IMG_4400-768x576.jpeg 768w, https:\/\/tatataaaaa.com\/newklima\/wp-content\/uploads\/2022\/01\/IMG_4400-1536x1152.jpeg 1536w, https:\/\/tatataaaaa.com\/newklima\/wp-content\/uploads\/2022\/01\/IMG_4400-2048x1536.jpeg 2048w\" sizes=\"auto, (max-width: 2560px) 100vw, 2560px\" \/><figcaption>\u00a9Klima<\/figcaption><\/figure>\n\n\n\n<h2 class=\"wp-block-heading\"><strong>Univers-Sel<\/strong><\/h2>\n\n\n\n<p><strong>Klima&nbsp;:<\/strong> <strong>Et c\u2019est r\u00e9cent cette id\u00e9e de coop\u00e9rative&nbsp;?<\/strong><\/p>\n\n\n\n<p class=\"has-text-align-left\"><strong>GC&nbsp;:<\/strong> Elle a 30 ans. Cette histoire de coop\u00e9rative, c&rsquo;est plus ancien. Mais, en fait, le renouveau de la coop\u00e9rative et la ma\u00eetrise de la fili\u00e8re tout enti\u00e8re comme elle est actuellement, elle est r\u00e9cente, puisqu&rsquo;elle a 30 ans, m\u00eame \u00e2ge que l\u2019association Univers-Sel. Elles ont \u00e9t\u00e9 cr\u00e9\u00e9s quasiment par les m\u00eames hommes. C&rsquo;est pour \u00e7a que le lien entre le m\u00e9tier, la structuration du m\u00e9tier, la cr\u00e9ation de l&rsquo;association et la transmission c\u2019est tr\u00e8s \u00e9troitement li\u00e9. <\/p>\n\n\n\n<p><strong>Klima&nbsp;:<\/strong> <strong>Et, en tant que paludiers, vous \u00eates tout de suite rentr\u00e9s \u00e0 Univers-Sel&nbsp;? <\/strong><\/p>\n\n\n\n<p class=\"has-text-align-left\"><strong>GC&nbsp;:<\/strong> Non, pas tout de suite. En fait, c\u2019est un m\u00e9tier o\u00f9 les premi\u00e8res ann\u00e9es, il faut s&rsquo;installer. Il faut recr\u00e9er. On n&rsquo;a pas forc\u00e9ment une exploitation compl\u00e8te quand on arrive. Il faut remettre en \u00e9tat des salines qui sont en friche, par exemple, \u00e7a a \u00e9t\u00e9 mon cas, pour la moiti\u00e9 de mon exploitation. Donc les premi\u00e8res ann\u00e9es, on a pas mal de travail. Et puis moi, comme je venais d\u2019ailleurs, les moyens de m\u2019int\u00e9grer dans la profession, dans le milieu, \u00e7a a \u00e9t\u00e9 de m\u2019int\u00e9grer dans les structures qui existaient&nbsp;: syndicats, GFA (Groupement foncier agricole). Apr\u00e8s, concernant la coop\u00e9rative, j\u2019ai \u00e9t\u00e9 administrateur jusqu&rsquo;\u00e0 tr\u00e8s r\u00e9cemment. Et j\u2019ai adh\u00e9r\u00e9 \u00e0 l&rsquo;association il y a dix ans. J&rsquo;ai fait une premi\u00e8re mission en Guin\u00e9e-Conakry. C\u2019\u00e9tait le bon moment, parce que je commen\u00e7ais \u00e0 mieux ma\u00eetriser le marais et \u00e0 pouvoir plus g\u00e9rer mon temps, notamment en hiver. C&rsquo;est ce qui m&rsquo;a permis de passer du temps pour Univers-Sel.<\/p>\n\n\n\n<p class=\"has-text-align-left\"><strong>GD&nbsp;:<\/strong> On est riche de structures, il y a le syndicat, il y a le GFA. En ce moment, il y a un projet Life avec le Life Salina. On s\u2019implique. Il y a les r\u00e9unions du territoire, il y a Univers-sel, la coop\u00e9rative, l\u2019inter- profession, aller voir les coll\u00e8gues \u00e0 l&rsquo;Ile de R\u00e9. Moi qui ai v\u00e9cu dans d\u2019autres milieux agricoles, ici c&rsquo;est hyper riche et hyper dense le foisonnement, la communaut\u00e9.<\/p>\n\n\n\n<p><strong>Klima&nbsp;:<\/strong> <strong>Les missions de l\u2019association ont lieu hors saison&nbsp;?<\/strong><\/p>\n\n\n\n<p class=\"has-text-align-left\"><strong>GC&nbsp;:<\/strong> Voil\u00e0, on adapte.<\/p>\n\n\n\n<p><strong>Klima&nbsp;:<\/strong> <strong>Est-ce qu&rsquo;on peut parler un peu de ce sujet&nbsp;? Est-ce que vous pouvez nous expliquer en quoi consiste ces missions. Comment avez vous d\u00e9marr\u00e9 ces partenariats avec l\u2019Afrique de l\u2019Ouest&nbsp;?<\/strong><\/p>\n\n\n\n<p class=\"has-text-align-left\"><strong>GC&nbsp;:<\/strong> Je peux vous dresser un petit historique de la cr\u00e9ation de l&rsquo;association. On a deux volets, un volet saliculture, qui est vraiment en lien avec notre m\u00e9tier de paludier, et un volet riziculture. L&rsquo;association est n\u00e9e il y a une trentaine d&rsquo;ann\u00e9es par un concours de circonstances. Un paludier connaissait une personne qui lui a rapport\u00e9, suite \u00e0 un voyage au B\u00e9nin&nbsp;:&nbsp;\u00ab&nbsp;il y a du sel qui se fait d&rsquo;une \u00e9trange mani\u00e8re au B\u00e9nin. Ce sont des femmes qui font br\u00fbler de la saumure. Mais bon, au niveau sant\u00e9, on coupe du bois, c&rsquo;est infernal. Il faudrait venir voir ce que les paludiers pourraient faire&nbsp;\u00bb. Donc, il y a un paludier qui y est all\u00e9 en vacances l\u2019ann\u00e9e suivante, je crois, et il s\u2019est dit que peut-\u00eatre on peut apporter la m\u00e9thode gu\u00e9randaise l\u00e0-bas pour faciliter la production de sel, puisque ce sont des terres de grattage. En Afrique de l&rsquo;Ouest, il y a une saison s\u00e8che et une saison pluvieuse. En saison pluvieuse, les zones de mangrove sont inond\u00e9es et en saison s\u00e8che, par capillarit\u00e9, le sel remonte \u00e0 la surface et les femmes r\u00e9coltent une cro\u00fbte de sel, qu\u2019elles filtrent avec de l\u2019eau. Elles r\u00e9cup\u00e8rent une saumure extr\u00eamement sal\u00e9e, et elles font br\u00fbler cette saumure. \u00c7a consomme \u00e0 peu pr\u00e8s 3 tonnes de bois pour faire une tonne de sel. Et les paludiers gu\u00e9randais se sont dit qu\u2019on pourrait peut-\u00eatre cr\u00e9er des bassins en argile l\u00e0-bas, puis se servir du soleil et du vent, comme \u00e0 Gu\u00e9rande, pour \u00e9viter ces coupes de bois, mais en gardant la technique de grattage. <\/p>\n\n\n\n<p class=\"has-text-align-left\">Le m\u00e9tier de productrice de sel, c&rsquo;est\nun des nombreux m\u00e9tiers des femmes l\u00e0-bas. Elles s&rsquo;adaptent en fonction de la saison, aux ressources\nqu&rsquo;elles peuvent produire \u00e0 telle ou telle p\u00e9riode de l\u2019ann\u00e9e. <\/p>\n\n\n\n<p class=\"has-text-align-left\">Et puis, la m\u00e9thode\ngu\u00e9randaise ne fonctionnait pas puisque, en milieu de mangrove, l&rsquo;argile n&rsquo;est\npas aussi \u00e9tanche que chez nous. L\u2019eau ne restait pas dans les bassins. Il a\nfallu trouver une alternative. L&rsquo;alternative a \u00e9t\u00e9 de proposer des b\u00e2ches. Donc, les productrices de sel conservent la technique de grattage, de filtrage. Elles mettent de l&rsquo;eau le matin et,\nle soir, elles viennent r\u00e9colter le sel\nissu de l&rsquo;\u00e9vaporation pendant toute la journ\u00e9e. Cela cr\u00e9e d\u2019\u00e9normes b\u00e9n\u00e9fices\nau niveau duret\u00e9 du travail puisque lorsqu&rsquo;elles produisaient du sel de fa\u00e7on\nignig\u00e8ne, il fallait\nen permanence maintenir le feu actif pour que chaque centim\u00e8tre de bois serve \u00e0 produire du sel.\nEt puis, les \u00e9manations de chlore, notamment, et les fum\u00e9es, leur ruinaient la\nsant\u00e9. Au B\u00e9nin je crois que les femmes les plus \u00e2g\u00e9es qui \u00e9taient sur la\nlagune avaient 40 ans, et c&rsquo;\u00e9tait des vieillardes. <\/p>\n\n\n\n<p class=\"has-text-align-left\">Cette technique sur\nb\u00e2che a \u00e9t\u00e9 mise en place d&rsquo;abord au B\u00e9nin, ensuite au bout de quelques ann\u00e9es,\non a \u00e9t\u00e9 sollicit\u00e9\npour intervenir en Guin\u00e9e-Conakry. Dans toute l&rsquo;Afrique de l\u2019Ouest cette\ntechnique de sel ignig\u00e8ne existe. <\/p>\n\n\n\n<p class=\"has-text-align-left\">Au d\u00e9but des ann\u00e9es 2000, les premiers\npaludiers qui sont all\u00e9s en Guin\u00e9e-Conakry\nse sont rendu compte que les producteurs de sel produisaient du riz aussi, en\nsaison des pluies, et \u00e7a ressemblait \u00e9trangement \u00e0 nos environnements.\nC\u2019est-\u00e0-dire une gestion d\u2019eau, un besoin par moments de faire entrer de l&rsquo;eau\nou d&rsquo;\u00e9vacuer de l&rsquo;eau. Cette gestion d&rsquo;eau \u00e9tait tr\u00e8s difficile pour les paysans parce\nqu&rsquo;ils avaient des moyens rudimentaires, des troncs \u00e9vid\u00e9s. Un tronc \u00e9vid\u00e9 pour\n\u00e9vacuer de l\u2019eau\nc\u2019est soit ouvert, soit ferm\u00e9. Nous, ici, on avait adapt\u00e9 avec le temps des syst\u00e8mes de trop-plein automatiques. Et\ndonc, on a propos\u00e9 des r\u00e9gulations de l&rsquo;eau pour les riziculteurs de mangrove avec\ndes tuyaux, des coudes et des r\u00e9hausses pour pouvoir r\u00e9gler finement les\nniveaux d&rsquo;eau dans les rizi\u00e8res.\nCela permettait en plus d&rsquo;augmenter la production de riz. S\u2019il y a la bonne\nquantit\u00e9 d&rsquo;eau au bon moment pour la plante, on augmente les rendements. Et en Guin\u00e9e-Conakry, on arrive \u00e0 augmenter de\n30% les rendements de riz, ce qui \u00e9tait magique pour eux.<\/p>\n\n\n\n<p><strong>Klima&nbsp;:<\/strong> <strong>Combien de projets vous avez par an&nbsp;?<\/strong><\/p>\n\n\n\n<p class=\"has-text-align-left\"><strong>PL&nbsp;:<\/strong> Ce sont des projets en g\u00e9n\u00e9ral pluriannuels d\u2019au moins deux ans. La d\u00e9marche d\u2019Univers-Sel c&rsquo;est de&nbsp;lancer d\u2019abord des petits projets, qu\u2019on appelle des petits projets pilotes, o\u00f9 l\u2019on teste, on essaye de voir comment \u00e7a marche, de rencontrer les gens. Si \u00e7a prend, on fait un projet de plus grande ampleur sur 4 ans, o\u00f9 l\u00e0 on va vraiment exp\u00e9rimenter la technique, l\u2019approche avec les producteurs de sel et l\u2019adapter en fonction du pays. Et apr\u00e8s, si \u00e7a continue de fonctionner, on cr\u00e9e des liens avec d&rsquo;autres associations, d&rsquo;autres ONG, les autorit\u00e9s locales. On essaye vraiment d\u2019approfondir pour ensuite que le projet devienne autonome ou p\u00e9renne. On teste, on adapte et puis on diffuse. En ce moment on a trois projets principaux, deux en Guin\u00e9e-Bissau qui sont avec ces deux volets de saliculture et riziculture, et un petit projet qu&rsquo;on vient de d\u00e9marrer au S\u00e9n\u00e9gal, petit projet car petite \u00e9quipe et petite dur\u00e9e. C\u2019est un projet pilote qu\u2019on vient de d\u00e9marrer en f\u00e9vrier. On avance comme on peut. <\/p>\n\n\n\n<p><strong>Klima&nbsp;:<\/strong> <strong>Sur le S\u00e9n\u00e9gal, par exemple, quel est votre projet&nbsp;? <\/strong><\/p>\n\n\n\n<p class=\"has-text-align-left\"><strong>PL&nbsp;:<\/strong> C\u2019est tout autre chose. Pour le coup, on a beaucoup parl\u00e9 de technique et d\u2019\u00e9changer vraiment sur un aspect technique. Et l\u00e0, sur le S\u00e9n\u00e9gal c\u2019est un projet \u00e0 double entr\u00e9e, double probl\u00e9matique. On travaille sur des sites artisanaux avec des producteurs et des productrices qui ont du mal \u00e0 valoriser leurs productions, \u00e0 vendre leur sel et \u00e0 en vivre correctement. Notamment une des solutions propos\u00e9es par Univers-sel et par les paludiers c&rsquo;est qu&rsquo;ils puissent s&rsquo;organiser entre eux pour valoriser cette production. La commercialisation et la transformation aussi, parce qu&rsquo;au S\u00e9n\u00e9gal, on a une probl\u00e9matique de carence en iode, en tant que micronutriments. C\u2019est une probl\u00e9matique tr\u00e8s ancr\u00e9e l\u00e0-bas. Et une des mani\u00e8res d&rsquo;apporter cette iode, c&rsquo;est le vecteur du sel. Donc, c&rsquo;est une obligation au S\u00e9n\u00e9gal de ioder le sel sauf que c\u2019est tr\u00e8s compliqu\u00e9. Il faut des techniques, il faut du mat\u00e9riel et il faut une \u00e9conomie pour acheter de l\u2019iodate de potassium. C&rsquo;est tout un syst\u00e8me qui est difficilement ma\u00eetrisable par des petits producteurs. Donc, il y a tous ces aspects sur lesquels on travaille pour qu&rsquo;ils puissent s&rsquo;organiser pour ioder leur sel, pour avoir des moyens de stocker le sel pour pr\u00e9server la qualit\u00e9 de leur production, et \u00eatre moins soumis aux grosses pluies et aux inondations. C&rsquo;est plus la partie post-production. L\u00e0 on ne touche vraiment pas \u00e0 la technique qui est d\u00e9j\u00e0 solaire, des puits \u00e0 sel, dans la r\u00e9gion de Palmarin, dans le delta du Sine-Saloum. <\/p>\n\n\n\n<p class=\"has-text-align-left\"><strong>GD&nbsp;:<\/strong> Ce sont des probl\u00e9matiques auxquelles on a \u00e9t\u00e9 confront\u00e9 dans les ann\u00e9es 1970-80. On avait besoin d&rsquo;une organisation. C&rsquo;est l&rsquo;organisation et la mise en \u0153uvre de l&rsquo;action collective qui ont permis de nous construire et de s&rsquo;en sortir parce que sinon, c&rsquo;\u00e9tait termin\u00e9 face aux projets de construction de voie rapide, de marina, de port, d\u2019immobilier\u2026 Si les marais ont \u00e9t\u00e9 pr\u00e9serv\u00e9s, c&rsquo;est qu&rsquo;il y a eu une prise de conscience collective, et les gens se sont dit \u00e0 un moment donn\u00e9, il faut qu&rsquo;on fasse ensemble, malgr\u00e9 nos diff\u00e9rences, pour essayer de construire quelque chose, essayer d&rsquo;entrevoir des solutions. Et c&rsquo;est frappant de voir, des fois, dans d&rsquo;autres situations que&nbsp;: \u00ab&nbsp;ah mais en fait c&rsquo;\u00e9tait nous, il y a trente ans, il y a quarante ans, on avait les m\u00eames probl\u00e8mes&nbsp;\u00bb. <\/p>\n\n\n\n<figure class=\"wp-block-image size-full\"><img loading=\"lazy\" decoding=\"async\" width=\"2560\" height=\"1707\" src=\"https:\/\/tatataaaaa.com\/newklima\/wp-content\/uploads\/2022\/01\/IMG_0799-scaled.jpg\" alt=\"\" class=\"wp-image-5902\" srcset=\"https:\/\/tatataaaaa.com\/newklima\/wp-content\/uploads\/2022\/01\/IMG_0799-scaled.jpg 2560w, https:\/\/tatataaaaa.com\/newklima\/wp-content\/uploads\/2022\/01\/IMG_0799-300x200.jpg 300w, https:\/\/tatataaaaa.com\/newklima\/wp-content\/uploads\/2022\/01\/IMG_0799-1024x683.jpg 1024w, https:\/\/tatataaaaa.com\/newklima\/wp-content\/uploads\/2022\/01\/IMG_0799-768x512.jpg 768w, https:\/\/tatataaaaa.com\/newklima\/wp-content\/uploads\/2022\/01\/IMG_0799-1536x1024.jpg 1536w, https:\/\/tatataaaaa.com\/newklima\/wp-content\/uploads\/2022\/01\/IMG_0799-2048x1365.jpg 2048w\" sizes=\"auto, (max-width: 2560px) 100vw, 2560px\" \/><figcaption>\u00a9Klima<\/figcaption><\/figure>\n\n\n\n<h2 class=\"wp-block-heading\"><strong>La transmissions des techniques artisanales<\/strong><\/h2>\n\n\n\n<p><strong>Klima&nbsp;:<\/strong> <strong>Et est-ce que vous rencontrez la situation inverse&nbsp;? Est-ce que vos missions vous permettent aussi de revenir en vous disant \u00ab&nbsp;Tiens ce sont des probl\u00e9matiques qu&rsquo;on va avoir \u00e0 g\u00e9rer et que eux rencontrent d\u00e9j\u00e0\u00bb? <\/strong><\/p>\n\n\n\n<p class=\"has-text-align-left\"><strong>PL&nbsp;:<\/strong> Pour parler de mont\u00e9e des eaux, au S\u00e9n\u00e9gal, ils sont en plein dedans. Ils le vivent, ils le voient. C&rsquo;est flagrant que leurs puits \u00e0 sel sont en train de se faire grignoter petit \u00e0 petit. Donc je pense que pour un paludier qui ne veut pas le voir ou qui n&rsquo;en a pas forc\u00e9ment conscience, l\u00e0 c\u2019est obligatoire d\u2019y \u00eatre confront\u00e9. C\u2019est un \u00e9lectrochoc. <\/p>\n\n\n\n<p class=\"has-text-align-left\"><strong>GC&nbsp;:<\/strong> La riziculture, c\u2019est \u00e0 peu pr\u00e8s entre 1500 et 2000 ans en milieu de mangrove. Et en fait, ils avaient un syst\u00e8me d&rsquo;entraide qui \u00e9tait \u00e0 l&rsquo;identique de ce qu&rsquo;avaient fait les paludiers, ici, pour construire des digues, les entretenir. Tout \u00e7a c&rsquo;\u00e9tait structur\u00e9. Sauf qu&rsquo;il y a eu une grosse pagaille. Cela s&rsquo;appelle la colonisation, et les guerres d&rsquo;ind\u00e9pendance ont \u00e9t\u00e9 tr\u00e8s rudes, notamment en Guin\u00e9e-Bissau. Et il y a tout un savoir qui a disparu. Il y a deux ans, dans un village, il y avait une petite r\u00e9union sous le manguier pour pr\u00e9senter ce qu&rsquo;on avait fait dans l&rsquo;ann\u00e9e. Le vieux patriarche a dit aux autres paysans qui \u00e9taient l\u00e0&nbsp;: \u00ab&nbsp;C\u2019est quand m\u00eame vraiment dommage que ce soit aux blancs de venir expliquer comment on faisait nous avant.&nbsp;\u00bb Et \u00e7a m&rsquo;a frapp\u00e9 parce que en fait, il y a eu quasiment une g\u00e9n\u00e9ration o\u00f9 il y a eu une rupture de la transmission orale, parce qu&rsquo;il y a beaucoup de gens de Guin\u00e9e-Bissau qui ont fui en Casamance, notamment en Guin\u00e9e-Conakry. Et il y a tout un savoir qui s&rsquo;est perdu, notamment d&rsquo;entraide, d&rsquo;entretien des digues, etc. Les savoirs se sont construits gr\u00e2ce \u00e0 l&rsquo;adaptation au milieu. A Gu\u00e9rande, les n\u00e9o-paludiers \u00e0 partir des ann\u00e9es 70 ont eu vraiment du mal \u00e0 raccrocher toutes les ficelles pour reconna\u00eetre tous les savoirs qui existaient avant. \u00c7a a \u00e9t\u00e9 tr\u00e8s compliqu\u00e9. <\/p>\n\n\n\n<p><strong>Klima&nbsp;:<\/strong> <strong>\u00c7a s\u2019est fait comment? Ce sont d\u2019anciens paludiers qui avaient encore ce savoir et ont bien voulu transmettre des choses&nbsp;? <\/strong><\/p>\n\n\n\n<p class=\"has-text-align-left\"><strong>GC&nbsp;: <\/strong>Il y a eu \u00e7a. Et puis les historiens. Enfin, un historien local qui a r\u00e9ussi \u00e0 apporter ce savoir-l\u00e0. <\/p>\n\n\n\n<p class=\"has-text-align-left\"><strong>GD&nbsp;:<\/strong> L\u2019enjeu, c&rsquo;\u00e9tait de refaire des salines sur des friches. La technique de r\u00e9colte \u00e9tait connue. On g\u00e8re l&rsquo;eau au printemps, on entretient la saline, on fait du sel. Pas de probl\u00e8me, \u00e7a, \u00e7a se transmettait encore puisqu&rsquo;il restait encore quelques gars en activit\u00e9. Mais l&rsquo;enjeu, c&rsquo;\u00e9tait de retrouver la mani\u00e8re de reb\u00e2tir des salines. Quand elles sont abandonn\u00e9es, elles sur toutes plates. C&rsquo;est l\u00e0 qu&rsquo;on a failli perdre le savoir-faire, qui a \u00e9t\u00e9 beaucoup plus perdu par exemple \u00e0 Noirmoutier ou \u00e0 R\u00e9. Ce n&rsquo;est pas notre g\u00e9n\u00e9ration, c\u2019est la g\u00e9n\u00e9ration avant nous qui a r\u00e9ussi \u00e0 faire revenir des gars qui \u00e9taient partis du marais, qui habitaient dans les villages autour, mais ils les ont fait revenir sur les chantiers d\u2019\u00e9quipe, des chantiers d\u2019entraide, en leur demandant comment ils faisaient. Au d\u00e9but, c&rsquo;\u00e9tait juste des petits bouts de phrases par-ci, par-l\u00e0. Ils avaient du mal \u00e0 l&rsquo;expliquer. Et petit \u00e0 petit, il a fallu quelques ann\u00e9es, et en remettant en place un ordre chronologique et une logique dans les actions ils ont retrouv\u00e9 la mani\u00e8re de faire qui nous a \u00e9t\u00e9 transmise. <\/p>\n\n\n\n<p><strong>Klima&nbsp;:<\/strong> <strong>Et maintenant il y a une formation&nbsp;? <\/strong><\/p>\n\n\n\n<p class=\"has-text-align-left\"><strong>GD&nbsp;:<\/strong> Depuis 1978. <\/p>\n\n\n\n<p class=\"has-text-align-left\"><strong>GC&nbsp;:<\/strong> C\u2019est \u00e0 La Turballe, \u00e7a d\u00e9pend de la Chambre d&rsquo;agriculture de Loire-Atlantique maintenant. Et elle forme les paludiers de Gu\u00e9rande et aussi des sauniers de R\u00e9 et Noirmoutier. C\u2019est la seule formation qui existe pour la Loire-Atlantique. <\/p>\n\n\n\n<p><strong>Klima&nbsp;:<\/strong> <strong>Quels sont les points bloquants que vous rencontrez encore aujourd\u2019hui&nbsp;? On ne parle pas assez souvent des freins, des choses qui sont difficiles.<\/strong><\/p>\n\n\n\n<p class=\"has-text-align-left\"><strong>PL&nbsp;:<\/strong> On en a plein de petits. Il y a le temps, l\u2019argent. Il y a un aspect culturel, l\u00e0 je parle vraiment d\u2019Univers-Sel. Dans la diffusion de ce qu&rsquo;on fait, dans la mani\u00e8re de l\u2019appr\u00e9hender.<\/p>\n\n\n\n<p class=\"has-text-align-left\"><strong>GC&nbsp;:<\/strong> Le culturel est tr\u00e8s, tr\u00e8s important, dans tout ce que l\u2019on fait. On a un avantage, c&rsquo;est qu&rsquo;on est producteur. On n\u2019a pas du tout la m\u00eame approche\u2026 Il y a beaucoup d&rsquo;interventions qui sont faites avec un objectif de d\u00e9veloppement. Ce sont des bureaux d&rsquo;\u00e9tudes, en fait. Pour moi, ces bureaux d\u2019\u00e9tudes vont ex\u00e9cuter une technique&nbsp;: on va poser un barrage. \u00c7a marche. On vous laisse avec le barrage. Nous notre approche est diff\u00e9rente. On apporte des techniques qui sont facilement appropriables pour les producteurs et ils sont apr\u00e8s en totale autonomie, c&rsquo;est \u00e0 dire s&rsquo;ils veulent le d\u00e9placer, ils peuvent le d\u00e9placer. Ils comprennent la gestion, l&rsquo;int\u00e9r\u00eat. S&rsquo;ils n&rsquo;en veulent pas, ils n\u2019en veulent pas. C&rsquo;est totalement appropriable. Et justement, au d\u00e9part, tout se joue dans le culturel. Comment faire accepter \u00e0 une population ce premier \u00e9change&nbsp;? En fait, tout se cr\u00e9e au d\u00e9but dans les premiers \u00e9changes. Ils donnent une confiance. Parce qu\u2019il faut s&rsquo;imaginer qu&rsquo;on propose des techniques qui, \u00e9ventuellement, pourraient compromettre une saison de production de riz, qui est leur nourriture principale. C&rsquo;est comme s\u2019il y avait un gugus qui se pointait \u00e0 Gu\u00e9rande et qui disait \u00ab&nbsp;Moi, je vais vous expliquer comment il faut travailler.&nbsp;\u00bb. <\/p>\n\n\n\n<p><strong>Klima&nbsp;:<\/strong> <strong>Parfois c&rsquo;est tellement dur, parce que \u00e7a cr\u00e9e un rapport de force et de violence. Apr\u00e8s \u00e7a r\u00e9pond \u00e0 une demande aussi, vous n&rsquo;y allez pas de force mais si je me mets \u00e0 la place de l\u2019autre qui entend \u00ab\u00a0Tiens on va t\u2019apprendre \u00e0 mieux faire\u00a0\u00bb\u2026<\/strong><\/p>\n\n\n\n<p class=\"has-text-align-left\"><strong>CG\u00a0:<\/strong> Oui je comprend, c\u2019est une histoire de positionnement, des fois \u00e7a change la vie aussi.<\/p>\n\n\n\n<p><strong>Klima&nbsp;:<\/strong> <strong>Il faut que ce soit compris, c\u2019est l\u00e0 tout l\u2019enjeu.<\/strong><\/p>\n\n\n\n<p class=\"has-text-align-left\"><strong>GC&nbsp;:<\/strong> Personnellement j\u2019ai eu la chance de participer aux missions de reconnaissance pour essayer de comprendre les probl\u00e9matiques de certains villages, et voir ce qu&rsquo;on pouvait mettre en place en priorit\u00e9. Je me souviens des villages o\u00f9 on intervient actuellement depuis 3 ans. La premi\u00e8re fois, quand on est arriv\u00e9, on nous regardait comme d&rsquo;autres qui \u00e9taient d\u00e9j\u00e0 pass\u00e9s avant. J\u2019explique, je montre ce qu&rsquo;on avait fait en Guin\u00e9e-Conakry. On montre nos techniques sous forme de dessin. C\u2019est plus facile \u00e0 expliquer. Et puis, en gros, il me dit au revoir. Je suis revenu l&rsquo;ann\u00e9e suivante, puisque j&rsquo;avais besoin de revenir pour faire le choix final des villages qu&rsquo;on allait pouvoir aider. Il revient me voir et il me dit \u00ab&nbsp;Ah, des ONG qui passent, on en voit plein, mais des ONG qui reviennent, c&rsquo;est pas courant.&nbsp;\u00bb. Et l\u00e0 tu te dis, la premi\u00e8re approche est bonne. Et puis, on n&rsquo;impose rien. Et \u00e7a change beaucoup par rapport \u00e0 d&rsquo;autres ONG qu&rsquo;on voit travailler, qui posent des solutions. Nous, on essaye toujours de discuter avec eux. Est-ce que cette solution-l\u00e0 vous convient&nbsp;? Et souvent, on est oblig\u00e9 de l&rsquo;adapter par rapport \u00e0 nos premi\u00e8res techniques pour la Guin\u00e9e-Conakry. On a adapt\u00e9 des choses parce que c&rsquo;est pas du tout le m\u00eame contexte. En Guin\u00e9e Conakry, par moment ils ont trop d&rsquo;eau. Donc, il faut \u00e9vacuer surtout les eaux. En Guin\u00e9e-Bissau, il faut les conserver le plus longtemps possible parce que la pluviom\u00e9trie est faible. Et du coup, c&rsquo;est tous ces \u00e9changes qui sont la base de tout. La palabre sous le manguier c&rsquo;est vraiment la base de nos projets. Si on n&rsquo;arrive pas \u00e0 avoir une confiance, rien de bien ne se fera. C&rsquo;est juste \u00e7a.<\/p>\n\n\n\n<p><strong>Klima&nbsp;:<\/strong> <strong>Je fais un lien avec ce qu\u2019on a vu, ce matin, avec le PNR de Bri\u00e8re. Il y aurait presque une organisation commune \u00e0 cr\u00e9er. L\u00e0, vous apportez une connaissance ailleurs, en Afrique de l&rsquo;Ouest, par exemple, o\u00f9 ils avaient ces techniques qu\u2019ils ont perdues. Mais on aurait aussi des choses \u00e0 apprendre, notamment des techniques de construction en terre, ou avec les v\u00e9g\u00e9taux, qu\u2019ils savent encore et que nous avons oubli\u00e9es. Et notamment dans le cas du PNR, on a parl\u00e9 de ces toits de chaume qu\u2019on reproduit \u00e0 l&rsquo;identique et qu\u2019on ne sait pas faire \u00e9voluer. Et il y a comme un malaise quand on se d\u00e9place dans ce PNR, de voir \u00e7a et de se dire \u00ab\u00a0Mais on ne pourrait pas faire de l&rsquo;architecture contemporaine avec ces mat\u00e9riaux-l\u00e0? Au lieu de faire du b\u00e9ton d\u2019un c\u00f4t\u00e9 et du pastiche de l\u2019autre&nbsp;?\u00a0\u00bb. Et il y aurait vraiment aussi quelque chose \u00e0 faire avec les terres de Bri\u00e8re. Est-ce que des constructions manuelles, simples, en terre, en mat\u00e9riaux naturels, ce ne serait pas possible&nbsp;? <\/strong><\/p>\n\n\n\n<p class=\"has-text-align-left\"><strong>GC&nbsp;:<\/strong> Il y a une ONG, qui intervient dans le nord du S\u00e9n\u00e9gal sur la construction de toit de chaume parce que dans le nord, sur le bassin du fleuve S\u00e9n\u00e9gal, ils utilisaient tr\u00e8s peu de choses pour les toitures.<\/p>\n\n\n\n<p><strong>Klima&nbsp;:<\/strong> <strong>Moi, je pensais \u00e0 l\u2019inverse en fait, des Africains qui viennent ici et qui nous diraient \u00ab\u00a0Mais vous avez tellement de potentiel et vous n\u2019en faites rien&nbsp;!\u00a0\u00bb. <\/strong><\/p>\n\n\n\n<p class=\"has-text-align-left\"><strong>GC&nbsp;:<\/strong> Dans certaines zones la tendance \u00e9tait clairement plut\u00f4t de faire de l&rsquo;habitat en b\u00e9ton et avec les toits en t\u00f4le\u2026<\/p>\n\n\n\n<p><strong>Klima&nbsp;:<\/strong> <strong>Quand je suis all\u00e9e au Togo avec l&rsquo;ONG Les amis de la terre, c&rsquo;\u00e9tait dans le cadre d&rsquo;un chantier participatif de construction en terre, mais localment la terre c\u2019\u00e9tait assez mal vu. Les habitants auraient pr\u00e9f\u00e9r\u00e9 du b\u00e9ton, per\u00e7u comme plus solide et moderne. Du coup, on a essay\u00e9 de travailler avec les anciens. Il y avait encore des constructions en terre, mais \u00e7a n\u2019\u00e9tait plus transmis. Mais ce m\u00eame constat pourrait s&rsquo;appliquer \u00e0 nos propres pratiques, par exemple, pour l\u2019utilisation du chaume. Ce n&rsquo;est plus transmis et on fait venir les mat\u00e9riaux d&rsquo;ailleurs, d\u2019Europe de l\u2019Est, de la Chine&#8230;<\/strong><\/p>\n\n\n\n<p class=\"has-text-align-left\"><strong>GD&nbsp;:<\/strong> Mais, pour en revenir aux freins, je pense que le frein principal est plut\u00f4t psychologique. C\u2019est la mani\u00e8re de voir le monde, mais aussi un rapport intime \u00e0 soi. Je pense que quand on est dans une vision d\u00e9fensive, \u00e7a na\u00eet de quelque part, et \u00e7a ne vient pas uniquement de notre soci\u00e9t\u00e9. Je pense que pour relever des d\u00e9fis, comme celui du changement climatique, et les d\u00e9fis soci\u00e9taux qui vont y \u00eatre associ\u00e9s, cela demandera des changements personnels.<\/p>\n\n\n\n<p><strong>Klima&nbsp;:<\/strong> <strong>Mais d&rsquo;entraide aussi, pour comprendre comment on fait en communaut\u00e9, comment on fait bouger les choses, comment on essaye de cr\u00e9er des r\u00e9seaux de solidarit\u00e9&nbsp;?<\/strong><\/p>\n\n\n\n<p class=\"has-text-align-left\"><strong>GC&nbsp;:<\/strong> Le d\u00e9veloppement de la fili\u00e8re sel artisanal a \u00e9t\u00e9 un appel d&rsquo;air pour des n\u00e9o-ruraux qui ne seraient pas venus autrement. <\/p>\n\n\n\n<p class=\"has-text-align-left\"><strong>GD&nbsp;:<\/strong> \u00c7a a cr\u00e9\u00e9 la fili\u00e8re. Le regroupement des personnes et la cr\u00e9ation de la coop\u00e9rative, cette dynamique a cr\u00e9\u00e9 une fili\u00e8re sel artisanal, en France et en Europe. Il y a eu un projet europ\u00e9en qui s&rsquo;appelait Ecosal, financ\u00e9 par l&rsquo;Europe, entre la France, le Portugal, l\u2019Espagne, en 2006<\/p>\n\n\n\n<p class=\"has-text-align-left\"><strong>GC&nbsp;:<\/strong> pour valoriser les territoires littoraux, en s&rsquo;appuyant sur le culturel, le technique, la faune, la flore et le tourisme.<\/p>\n\n\n\n<p><strong>Klima&nbsp;:<\/strong> <strong>L\u2019int\u00e9r\u00eat de ces programmes c\u2019est souvent des retours d\u2019exp\u00e9rience, des \u00e9changes.<\/strong><\/p>\n\n\n\n<p class=\"has-text-align-left\"><strong>GD&nbsp;:<\/strong> Oui il y a une mise en r\u00e9seau des sites salicoles. <\/p>\n\n\n\n<p class=\"has-text-align-left\"><strong>GC&nbsp;:<\/strong> \u00c7a a permis de conserver des liens et de travailler ensemble sur des dossiers \u00e0 l&rsquo;\u00e9chelle europ\u00e9enne quand on veut porter la saliculture artisanale au niveau europ\u00e9en. \u00c7a a du bon pour cela. <\/p>\n\n\n\n<p class=\"has-text-align-left\"><strong>GC&nbsp;:<\/strong> Gu\u00e9rande a \u00e9t\u00e9 l&rsquo;exemple du renouveau du sel, puisque l&rsquo;histoire avait \u00e9t\u00e9 identique partout en Europe sur les sels artisanaux. Tous les sites, que ce soit au Portugal, en Espagne, Slov\u00e9nie, Croatie, Liban, il n\u2019y a quasiment plus rien d\u2019artisanal. Tout a disparu \u00e0 cause du sel industriel.<\/p>\n\n\n\n<figure class=\"wp-block-image size-full\"><img loading=\"lazy\" decoding=\"async\" width=\"2560\" height=\"1920\" src=\"https:\/\/tatataaaaa.com\/newklima\/wp-content\/uploads\/2022\/01\/IMG_4386-scaled.jpeg\" alt=\"\" class=\"wp-image-5903\" srcset=\"https:\/\/tatataaaaa.com\/newklima\/wp-content\/uploads\/2022\/01\/IMG_4386-scaled.jpeg 2560w, https:\/\/tatataaaaa.com\/newklima\/wp-content\/uploads\/2022\/01\/IMG_4386-300x225.jpeg 300w, https:\/\/tatataaaaa.com\/newklima\/wp-content\/uploads\/2022\/01\/IMG_4386-1024x768.jpeg 1024w, https:\/\/tatataaaaa.com\/newklima\/wp-content\/uploads\/2022\/01\/IMG_4386-768x576.jpeg 768w, https:\/\/tatataaaaa.com\/newklima\/wp-content\/uploads\/2022\/01\/IMG_4386-1536x1152.jpeg 1536w, https:\/\/tatataaaaa.com\/newklima\/wp-content\/uploads\/2022\/01\/IMG_4386-2048x1536.jpeg 2048w\" sizes=\"auto, (max-width: 2560px) 100vw, 2560px\" \/><figcaption>\u00a9Klima<\/figcaption><\/figure>\n\n\n\n<h2 class=\"wp-block-heading\"><strong>Sel artisanal Versus Sel industriel<\/strong><\/h2>\n\n\n\n<p><strong>Klima&nbsp;:<\/strong> <strong>Le \u00ab&nbsp;sel industriel&nbsp;\u00bb, \u00e7a marche comment&nbsp;?<\/strong><\/p>\n\n\n\n<p class=\"has-text-align-left\"><strong>GD&nbsp;:<\/strong> Pour donner une id\u00e9e, en Camargue, on r\u00e9colte 2.000 tonnes \u00e0 l\u2019heure. En trois semaines, ils ont r\u00e9colt\u00e9 un million de tonnes. Nous ici, en moyenne, on r\u00e9colte 12 \u00e0 13.000 tonnes par an. Et on est 400, eux ils sont 100. <\/p>\n\n\n\n<p><strong>Klima&nbsp;:<\/strong> <strong>C\u2019est r\u00e9colt\u00e9 avec des machines&nbsp;?<\/strong><\/p>\n\n\n\n<p class=\"has-text-align-left\"><strong>GD&nbsp;:<\/strong> En fait, ils ont adapt\u00e9 les machines du BTP, qui fabriquent les autoroutes, \u00e0 la r\u00e9colte de le sel. Donc il y a des dameuses qui vont travailler les fonds, des r\u00e9colteuses avec des tapis roulants qui vont r\u00e9colter la cro\u00fbte de 15 cm, qui part sur des tapis roulants. <\/p>\n\n\n\n<p class=\"has-text-align-left\"><strong>GC&nbsp;:<\/strong> ils ne font qu\u2019une seule r\u00e9colte par an.<\/p>\n\n\n\n<p class=\"has-text-align-left\"><strong>GD&nbsp;:<\/strong> \u00c7a part en gros camions. Et puis apr\u00e8s, il y a des sauterelles \u00e9l\u00e9vatrices qui font des grands tas. C\u2019est stock\u00e9 pendant plusieurs ann\u00e9es. C\u2019est repris, c\u2019est lav\u00e9, raffin\u00e9.<\/p>\n\n\n\n<p><strong>Klima&nbsp;:<\/strong> <strong>Et \u00e7a n\u2019est pas la m\u00eame qualit\u00e9 de sel&nbsp;? <\/strong><\/p>\n\n\n\n<p class=\"has-text-align-left\"><strong>GC&nbsp;: <\/strong>Disons que leur sel en g\u00e9n\u00e9ral est lav\u00e9. Ils rajoutent des additifs pour qu&rsquo;il ne reprenne pas l\u2019humidit\u00e9. Nous c\u2019est du sel 100&nbsp;% naturel, qui est riche en oligo \u00e9l\u00e9ments. Eux ils n\u2019ont pratiquement plus d&rsquo;oligo \u00e9l\u00e9ments dedans puisqu\u2019en le lavant il reste 99,99% de chlorure de sodium.<\/p>\n\n\n\n<p><strong>Klima&nbsp;:<\/strong> <strong>C\u2019est parce qu\u2019ils utilisent des machines qui prennent autre chose que seulement du sel qu\u2019ils sont oblig\u00e9s de le laver apr\u00e8s&nbsp;?<\/strong><\/p>\n\n\n\n<p class=\"has-text-align-left\"><strong>GD&nbsp;:<\/strong> Oui, c\u2019est \u00e7a. Il y a une impr\u00e9cision dans la r\u00e9colte, dans le d\u00e9collage de la cro\u00fbte. Mais ils sont en train de changer de technique. Ils commencent \u00e0 faire du sel dit \u00ab&nbsp;sur contre sel&nbsp;\u00bb. C&rsquo;est dire qu&rsquo;ils vont laisser le sel plusieurs ann\u00e9es dans certains bassins et former des couches. Leur sel va \u00eatre un peu plus propre. Il gagne en qualit\u00e9, ils vont moins le laver. <\/p>\n\n\n\n<p class=\"has-text-align-left\"><strong>GC&nbsp;:<\/strong> C\u2019est de l&rsquo;optimisation et de la r\u00e9duction de co\u00fbts aussi. <\/p>\n\n\n\n<p><strong>Klima&nbsp;:<\/strong> <strong>Ce ne sont pas les m\u00eames types de bassin qu\u2019\u00e0 Gu\u00e9rande&nbsp;?<\/strong><\/p>\n\n\n\n<p class=\"has-text-align-left\"><strong>GD&nbsp;:<\/strong> Ici un cristallisoir fait 70 m\u00e8tres carr\u00e9s, sur Salin-de-Giraud, un cristallisoir, \u00e7a s\u2019appelle une table salante, fait 50 hectares, <\/p>\n\n\n\n<p><strong>Klima&nbsp;:<\/strong> <strong>Ah oui\u2026<\/strong><\/p>\n\n\n\n<p class=\"has-text-align-left\"><strong>GD&nbsp;:<\/strong> l&rsquo;ensemble des tables salantes fait 700 hectares. Les salins de Giraud ont ferm\u00e9 il y a quelques ann\u00e9es parce qu\u2019ils n\u2019avaient plus de d\u00e9bouch\u00e9s. Parce qu&rsquo;en fait, c&rsquo;est du sel qui part \u00e0 90% pour l\u2019industrie chimique. L&rsquo;industrie du plastique, notamment. Ils faisaient en Camargue un million \u00e0 un million et demi de tonnes quand les salins de Giraud fonctionnaient. Et les besoins du sel alimentaire, c&rsquo;est 40.000 tonnes en France. Donc, \u00e7a partait dans la zone de Fos sur Mer, chez Elf ou chez Solvay, pour la chimie du sel, la chimie du chlore et du coup, comme&nbsp; ils ont mis au point de nouvelles techniques pour faire les plastiques&nbsp; qui n&rsquo;ont plus besoin de sel, ils ont ferm\u00e9 un site, donc ils ont ferm\u00e9 Giraud.<\/p>\n\n\n\n<p><strong>Klima&nbsp;:<\/strong> <strong>Qu&rsquo;est-ce que c&rsquo;est devenu maintenant&nbsp;? <\/strong><\/p>\n\n\n\n<p class=\"has-text-align-left\"><strong>GD&nbsp;:<\/strong> Pour l\u2019instant rien, une toute petite partie a \u00e9t\u00e9 vendue au conservatoire du littoral. La soci\u00e9t\u00e9 a \u00e9t\u00e9 rachet\u00e9e quelques ann\u00e9es par un nouvel entrepreneur <\/p>\n\n\n\n<p class=\"has-text-align-left\"><strong>GC&nbsp;:<\/strong> Il veut valoriser son foncier, <\/p>\n\n\n\n<p class=\"has-text-align-left\"><strong>GD&nbsp;:<\/strong> il a stopp\u00e9 le partenariat, qui \u00e9tait juste naissant puisqu&rsquo;il y a une grande histoire conflictuelle entre les salins du Midi et le conservatoire du littoral. Et donc, le Conservatoire du littoral a quand m\u00eame une parcelle qu\u2019il a achet\u00e9e avant que ce nouvel entrepreneur rach\u00e8te l&rsquo;entreprise. Sauf qu&rsquo;il ne peut pas en faire grand chose puisqu&rsquo;il n&rsquo;a pas l&rsquo;autonomie de la gestion de cette parcelle. Moi, je suis persuad\u00e9 que le nouvel entrepreneur a aussi une id\u00e9e \u00e9conomique pour ce site-l\u00e0, parce que ce n&rsquo;est pas dit que le sel on n&rsquo;en ait pas besoin de mani\u00e8re plus importante \u00e0 l\u2019avenir. <\/p>\n\n\n\n<p class=\"has-text-align-left\"><strong>GC&nbsp;:<\/strong> Va voir sur le site de leur lobby europ\u00e9en EU Salt, tu vas voir sur quoi ils axent tous leurs efforts maintenant. Les saliniers industriels, c\u2019est sur les voitures \u00e9lectriques. La production de batteries \u00e0 base de sel. <\/p>\n\n\n\n<p><strong>Klima&nbsp;:<\/strong> <strong>C\u2019est sans limite\u2026<\/strong><\/p>\n\n\n\n<p class=\"has-text-align-left\"><strong>GC\u00a0:<\/strong> Le probl\u00e8me, c&rsquo;est que les gros producteurs de sel europ\u00e9ens, et mondiaux c&rsquo;est pareil, voient leurs parts de march\u00e9 se faire grignoter parce que le salage des routes, \u00e7a commence \u00e0 \u00eatre moins bien vu. Avec le r\u00e9chauffement climatique dans certaines zones, il y en a moins besoin. Ils sont en train de se dire que, peut-\u00eatre que les d\u00e9bouch\u00e9s diminuent pour le sel de d\u00e9neigement, qui repr\u00e9sente les gros tonnages apr\u00e8s la chimie. Un groupe, comme les Salins du Midi, produit du sel en Tunisie \u00e0 11 euros la tonne.\u00a0En France, il n&rsquo;arrivent pas \u00e0 atteindre des co\u00fbts pareils.\u00a0En fait, ils ferment Salin-de-Giraud et en parall\u00e8le, ils ont achet\u00e9 une capacit\u00e9 de production en Italie de 700.000 tonnes par an dans les Pouilles. Ces tonnages-l\u00e0, il faut qu\u2019ils les valorisent d&rsquo;une mani\u00e8re ou d&rsquo;une autre. Donc, ils vont chercher des solutions techniques..<\/p>\n\n\n\n<p class=\"has-text-align-left\"><strong>GD&nbsp;:<\/strong> avant de devenir paludier. J&rsquo;ai fait un voyage, j&rsquo;ai parcouru 14 pays et j&rsquo;ai suivi le littoral o\u00f9 j&rsquo;ai visit\u00e9 les salines de ces pays, dont ceux du bassin m\u00e9diterran\u00e9en. Je me suis rendu compte que les endroits o\u00f9 la production de sel \u00e9taient la plus forte c\u2019\u00e9tait les endroits o\u00f9 les salines artisanales avaient disparu. Elles avaient \u00e9t\u00e9 remplac\u00e9es par des salines industrielles, dont les capitaux \u00e9taient tenus par des pays occidentaux&nbsp;: France, Italie, Etats-Unis, en ce qui concerne le Maroc, la Tunisie et l&rsquo;Egypte. J\u2019ai le sentiment que les industriels ont d\u00e9truit les salines artisanales. Chez nous, ils ont essay\u00e9 de le faire. Ils s\u2019y sont peut-\u00eatre moins attard\u00e9s parce que les conditions \u00e9taient moins bonnes. Ils se sont dit qu&rsquo;il n&rsquo;y avait pas beaucoup d\u2019enjeu vu les volumes qui \u00e9taient concern\u00e9s. Mais aujourd&rsquo;hui, en Slov\u00e9nie, les salines ont du mal, parce qu&rsquo;il y a du sel de ces groupes industriels qui arrivent sur le march\u00e9 \u00e0 des prix\u2026 Au Liban, c&rsquo;est pareil. Je suis pass\u00e9 en 2003. Il y avait encore des petits producteurs, quelques-uns. Aujourd\u2019hui, on arrive sur place, on cherche les salines. Et puis on regarde sur la carte&nbsp;: \u00ab&nbsp;h\u00f4tel des salines&nbsp;\u00bb. Les salines sont o\u00f9? Elles sont sous l\u2019h\u00f4tel en fait. Et donc les probl\u00e9matiques de l\u2019urbanisme, du foncier, l&rsquo;organisation collective, les d\u00e9bouch\u00e9s \u00e9conomiques, la qualit\u00e9 du sel. <\/p>\n\n\n\n<p class=\"has-text-align-left\">Imaginez-vous qu\u2019au\nLiban, les salines ont \u00e9t\u00e9 d\u00e9truites par des cimentiers qui avaient besoin de\nla portion littorale. Ils ont dit aux producteurs, \u00ab&nbsp;vous vous mettez \u00e0\nc\u00f4t\u00e9, on vous donne du ciment pendant 10 ans&nbsp;\u00bb. Les producteurs refont les\nsalines \u00e0 c\u00f4t\u00e9, donc en ciment, avec un fond en ciment. Sauf qu&rsquo;il y a eu des\npetits mouvements et les salines se sont fendues. Les dalles ont fendu. donc\nperte d&rsquo;\u00e9tanch\u00e9it\u00e9. Donc ils prennent\ndes pneus de voitures, ils les font fondre dans des futs. Ils r\u00e9cup\u00e8rent la poisse de pneus\nfondus et ils colmatent les fentes avec \u00e7a. Parce que maintenant, les\ncimentiers ne veulent plus donner de ciment et donc les producteurs colmatent\nles fentes avec \u00e7a. \u00c7a fonctionne, c&rsquo;est \u00e9tanche. Sauf qu&rsquo;il y a un probl\u00e8me de qualit\u00e9 puisque derri\u00e8re, on voit plein de petits points noirs dans\nle sel. Le sel \u00e9gyptien, lui, arrive \u00e0 moins cher. Bien blanc. Lav\u00e9,\nconditionn\u00e9, tout propre, il brille. Et les gars ils ne s\u2019en sortent plus. <\/p>\n\n\n\n<p><strong>Klima&nbsp;:<\/strong> <strong>C\u2019est une triste histoire\u2026<\/strong><\/p>\n\n\n\n<p class=\"has-text-align-left\"><strong>PL&nbsp;:<\/strong> Il y en a plein des histoires comme \u00e7a<\/p>\n\n\n\n<p class=\"has-text-align-left\"><strong>GC&nbsp;:<\/strong> L\u2019histoire du sel \u00e0 travers le monde c\u2019est \u00e7a. Moi, j&rsquo;ai eu la chance d&rsquo;aller en voyage au Chili et j&rsquo;ai rencontr\u00e9 des petits producteurs chiliens artisanaux.&nbsp; Le Chili, c\u2019est un des pays les plus gros producteurs de sel sur le continent, en Am\u00e9rique du Sud, l\u00e0-bas, parce qu\u2019ils ont les \u00ab&nbsp;salar\u00a0\u00bb et dans les \u00ab&nbsp;salar&nbsp;\u00bb ils font aussi du lithium, dans les m\u00eames zones que le sel. Le sel est un d\u00e9chet en fait, l\u00e0-bas. Du coup, ils ont du mal \u00e0 valoriser leur production et ils sont pr\u00eats \u00e0 dispara\u00eetre eux aussi. En fait, cette histoire, elle est commune \u00e0 tous les pays du monde. En fait, nous, on a eu de la chance.<\/p>\n\n\n\n<p class=\"has-text-align-left\"><strong>GD&nbsp;:<\/strong> Il y a eu un concours de circonstances. <\/p>\n\n\n\n<p class=\"has-text-align-left\"><strong>GC&nbsp;:<\/strong> Ici, l\u2019argile n&rsquo;\u00e9tait pas adapt\u00e9e pour rendre la r\u00e9colte m\u00e9canisable par les gros engins, puisque sur un m\u00e8tre d\u2019argile, faire tenir les gros r\u00e9colteurs, c&rsquo;est compliqu\u00e9. Dans beaucoup de pays du monde, les probl\u00e9matiques des petits producteurs artisanaux c\u2019est quasiment les m\u00eames. C&rsquo;est un gros industriel qui est venu et qui\u2026 et au niveau comp\u00e9titivit\u00e9 apr\u00e8s\u2026 <\/p>\n\n\n\n<p class=\"has-text-align-left\"><strong>GD&nbsp;:<\/strong> Nous, donc, on avait les industriels sur notre territoire, on avait les industriels qui \u00e9taient sur notre march\u00e9. Quand je vous dis notre territoire, c\u2019est le territoire fran\u00e7ais, avec la Camargue. L\u00e0 avec de grandes quantit\u00e9s. Il a toujours essay\u00e9 de nous mettre des b\u00e2tons dans les roues. Et pourtant, on est encore l\u00e0. Et du coup, on se dit aussi quand on voit, en Slov\u00e9nie, on voit les gars qui sont dans la m\u00eame situation que nous il y a vingt ans, on se dit qu&rsquo;il y a des points communs\u2026<\/p>\n\n\n\n<p><strong>Klima&nbsp;:<\/strong> <strong>Le partage doit se faire peut-\u00eatre aussi dans ces r\u00e9seaux que vous avez su tisser. Cette solidarit\u00e9. Je ne sais pas ce qui a fait que vous, vous avez pu r\u00e9sister \u00e0 ces industriels. Vous avez valoris\u00e9 votre produit de qualit\u00e9, l\u2019histoire que vous transmettez. \u00e7a pourrait \u00eatre utile pour d\u2019autres producteurs. Ce n\u2019est pas de l\u2019ordre de la technique. <\/strong><\/p>\n\n\n\n<p class=\"has-text-align-left\"><strong>GC&nbsp;:<\/strong> Ce qui se transmet avec la Croatie ce sont les signes de qualit\u00e9, c\u2019est-\u00e0-dire, ce qui a sauv\u00e9 la fili\u00e8re, c&rsquo;est de bien valoriser le produit et de lui donner une image. Et les Slov\u00e8nes ont eu la m\u00eame d\u00e9marche que le sel de Gu\u00e9rande avec le sel de Piran. C\u2019est-\u00e0-dire, de se prot\u00e9ger par une IGP. Le seul moyen de s&rsquo;en sortir, c&rsquo;est de valoriser un produit de qualit\u00e9. Les gens sont en recherche de produits qui sont faits de mani\u00e8re respectueuse de l&rsquo;environnement. On est une vraie carte postale pour un produit et c&rsquo;est la m\u00eame chose au Portugal. Sauf que \u00e7a prend du temps. C\u2019est-\u00e0-dire qu\u2019au Portugal, ils sont en renaissance eux aussi, sur la r\u00e9gion de Castro Marim. Ils ont recr\u00e9\u00e9 une petite coop\u00e9rative et ils essayent de prendre exemple sur ce qu&rsquo;a fait Gu\u00e9rande, c&rsquo;est \u00e0 dire se regrouper, vendre en commun, ce qui n&rsquo;\u00e9tait pas du tout dans leurs habitudes. Ils \u00e9taient tous ind\u00e9pendants, chacun dans son coin. Sauf que, quand on veut d\u00e9velopper un march\u00e9, si on n&rsquo;est pas capable d&rsquo;assurer un volume. Surtout si, comme nous, les productions sont cycliques. Il n\u2019y que la force du nom qui fait qu&rsquo;on peut r\u00e9ussir. Et en fait, dans ces pays, notamment au Portugal, les Canaries, en Espagne, ils se sont un peu inspir\u00e9s aussi de ce qui s&rsquo;est pass\u00e9 \u00e0 Gu\u00e9rande. Par contre, tous les mod\u00e8les ne sont pas forc\u00e9ment r\u00e9plicables partout \u00e0 la m\u00eame vitesse. C&rsquo;est compliqu\u00e9. Et puis. Apr\u00e8s, faut surfer sur\u2026 Il y a un facteur chance d&rsquo;\u00eatre l\u00e0 au bon moment. <\/p>\n\n\n\n<figure class=\"wp-block-image size-full\"><img loading=\"lazy\" decoding=\"async\" width=\"2560\" height=\"1707\" src=\"https:\/\/tatataaaaa.com\/newklima\/wp-content\/uploads\/2022\/01\/IMG_0795-scaled.jpg\" alt=\"\" class=\"wp-image-5904\" srcset=\"https:\/\/tatataaaaa.com\/newklima\/wp-content\/uploads\/2022\/01\/IMG_0795-scaled.jpg 2560w, https:\/\/tatataaaaa.com\/newklima\/wp-content\/uploads\/2022\/01\/IMG_0795-300x200.jpg 300w, https:\/\/tatataaaaa.com\/newklima\/wp-content\/uploads\/2022\/01\/IMG_0795-1024x683.jpg 1024w, https:\/\/tatataaaaa.com\/newklima\/wp-content\/uploads\/2022\/01\/IMG_0795-768x512.jpg 768w, https:\/\/tatataaaaa.com\/newklima\/wp-content\/uploads\/2022\/01\/IMG_0795-1536x1024.jpg 1536w, https:\/\/tatataaaaa.com\/newklima\/wp-content\/uploads\/2022\/01\/IMG_0795-2048x1365.jpg 2048w\" sizes=\"auto, (max-width: 2560px) 100vw, 2560px\" \/><figcaption>\u00a9Klima<\/figcaption><\/figure>\n\n\n\n<h2 class=\"wp-block-heading\"><strong>Les Chantiers \u00e0 venir<\/strong><\/h2>\n\n\n\n<p><strong>Klima&nbsp;:<\/strong> <strong>Comment imaginez-vous poursuivre votre d\u00e9marche \u00e0 Univers-Sel&nbsp;? Est-ce qu\u2019il y a des projets que vous avez envie de lancer&nbsp;?<\/strong><\/p>\n\n\n\n<p class=\"has-text-align-left\"><strong>PL&nbsp;: <\/strong>On travaille sur d&rsquo;autres th\u00e9matiques. Je pense, par exemple, \u00e0 la dimension genre, avec laquelle on travaille depuis 30 ans. Parce que souvent, les producteurs sont en fait des productrices. On parlait de la dimension culturelle et de l&rsquo;approche qu&rsquo;on peut avoir, et c\u2019est vrai que c&rsquo;est un facteur qu&rsquo;on essaye de mieux appr\u00e9hender et de mieux comprendre. Ce lien qu&rsquo;ont les productrices avec leur activit\u00e9 salicole. Et comment, modifier ou faire des changements sur cette activit\u00e9-l\u00e0 peut influer sur leur vie quotidienne de maman, de femme au foyer, d\u2019\u00e9ducation. On se rend compte qu\u2019on appuie sur un bouton et qu&rsquo;en fait, il y a plein de param\u00e8tres qui rentrent dans l\u2019\u00e9quation, et donc on essaye de travailler sur ces aspects-l\u00e0 aussi, mais \u00e7a se fait petit \u00e0 petit. <\/p>\n\n\n\n<p class=\"has-text-align-left\"><strong>GC&nbsp;: <\/strong>On se nourrit d\u2019id\u00e9es au fur et \u00e0 mesure. Avec Univers-Sel, on a cherch\u00e9 des pistes dans d&rsquo;autres pays. Par exemple, en Inde, il y aurait un super projet \u00e0 faire. Il y a les producteurs de sel qui font partie de la plus basse caste, qui ont des grosses probl\u00e9matiques de foncier, de vente, etc. \u00e7a pourrait \u00eatre une super aventure, d\u2019essayer de collaborer avec eux. Mais c&rsquo;est encore quelque chose qui est tout \u00e0 fait nouveau, apr\u00e8s c\u2019est pas forc\u00e9ment en lien avec le changement climatique. <\/p>\n\n\n\n<p><strong>Klima&nbsp;:<\/strong> <strong>Mais je crois que quand on parle du changement climatique, on voit bien qu&rsquo;on en parle de fa\u00e7on diffuse, \u00e7a vient dans plein de milieux, donc ne vous inqui\u00e9tez pas. <\/strong><\/p>\n\n\n\n<p class=\"has-text-align-left\"><strong>GC&nbsp;: <\/strong>Mais souvent, quand des paysans ou des ONG viennent vers Univers-Sel, \u00e7a a rarement \u00e9t\u00e9 pour un probl\u00e8me environnemental. C&rsquo;\u00e9tait souvent parce que le sel n&rsquo;\u00e9tait pas valoris\u00e9. Indirectement, la coupe du bois, \u00e7a a \u00e9t\u00e9 une constante dans tous les pays parce que effectivement, le sel ignig\u00e8ne c\u2019est tr\u00e8s gourmand en bois et le bois, au d\u00e9part, t\u2019en as autour de chez toi et apr\u00e8s, faut faire des kilom\u00e8tres pour aller le chercher. Et apr\u00e8s, faut le payer parce que tu peux plus aller le chercher. Donc c&rsquo;est devenu un probl\u00e8me \u00e9conomique, en fait. Mais personne n\u2019est venu nous voir en nous disant \u00ab&nbsp;Nos sites sont menac\u00e9s. Est ce que vous pouvez nous aider \u00e0 faire quelque chose&nbsp;?&nbsp;\u00bb. Souvent, les producteurs dans les zones tr\u00e8s menac\u00e9es ne s&rsquo;imaginent m\u00eame pas ce qui va se produire dans les 30 ans \u00e0 venir. Ils n\u2019ont pas id\u00e9e. Nous, on ne sait pas r\u00e9agir \u00e0 ce qui va nous arriver, mais eux ils n\u2019en ont pas conscience.<\/p>\n\n\n\n<p class=\"has-text-align-left\"><strong>GD&nbsp;: <\/strong>ils n\u2019ont pas id\u00e9e et donc ils ne font rien. Nous on a id\u00e9e, mais on ne fait rien.<\/p>\n\n\n\n<p><strong>Klima&nbsp;:<\/strong> <strong>Oui, c\u2019est \u00e7a que je voulais vous dire tout \u00e0 l\u2019heure. Faut pas se croire mieux lotis<\/strong>.<\/p>\n\n\n\n<p class=\"has-text-align-left\"><strong>GC\u00a0:<\/strong> oui c&rsquo;est vrai, on n\u2019est pas mieux lotis&#8230;<\/p>\n\n\n\n<p><strong>Klima&nbsp;: Maintenant vous nous amenez voir les salines&nbsp;?<\/strong><\/p>\n\n\n\n<p><strong>PL&nbsp;:<\/strong> Allez on y va&nbsp;!<\/p>\n\n\n\n<figure class=\"wp-block-image size-full\"><img loading=\"lazy\" decoding=\"async\" width=\"2560\" height=\"1707\" src=\"https:\/\/tatataaaaa.com\/newklima\/wp-content\/uploads\/2022\/01\/IMG_0791-scaled.jpg\" alt=\"\" class=\"wp-image-5905\" srcset=\"https:\/\/tatataaaaa.com\/newklima\/wp-content\/uploads\/2022\/01\/IMG_0791-scaled.jpg 2560w, https:\/\/tatataaaaa.com\/newklima\/wp-content\/uploads\/2022\/01\/IMG_0791-300x200.jpg 300w, https:\/\/tatataaaaa.com\/newklima\/wp-content\/uploads\/2022\/01\/IMG_0791-1024x683.jpg 1024w, https:\/\/tatataaaaa.com\/newklima\/wp-content\/uploads\/2022\/01\/IMG_0791-768x512.jpg 768w, https:\/\/tatataaaaa.com\/newklima\/wp-content\/uploads\/2022\/01\/IMG_0791-1536x1024.jpg 1536w, https:\/\/tatataaaaa.com\/newklima\/wp-content\/uploads\/2022\/01\/IMG_0791-2048x1365.jpg 2048w\" sizes=\"auto, (max-width: 2560px) 100vw, 2560px\" \/><figcaption>\u00a9Klima<\/figcaption><\/figure>\n\n\n\n<div style=\"height:20px\" aria-hidden=\"true\" class=\"wp-block-spacer\"><\/div>\n\n\n\n<div class=\"wp-block-group\"><div class=\"wp-block-group__inner-container is-layout-flow wp-block-group-is-layout-flow\">\n<div class=\"wp-block-group\"><div class=\"wp-block-group__inner-container is-layout-flow wp-block-group-is-layout-flow\">\n<h2 class=\"wp-block-heading\">Pour en savoir plus&nbsp;: <\/h2>\n\n\n\n<ul class=\"wp-block-list\"><li><a rel=\"noreferrer noopener\" aria-label=\"Le site d\u2019Univers-Sel&nbsp;  (s\u2019ouvre dans un nouvel onglet)\" href=\"http:\/\/www.universsel.org\/\" target=\"_blank\">Le site d\u2019Univers-Sel&nbsp; <\/a><\/li><li><a rel=\"noreferrer noopener\" aria-label=\"La page explicative du projet sur l'atlas de Klima (s\u2019ouvre dans un nouvel onglet)\" href=\"https:\/\/tatataaaaa.com\/newklima\/atlas-single\/?atlas=4\" target=\"_blank\">La page explicative du projet sur l&rsquo;atlas de Klima<\/a><\/li><\/ul>\n<\/div><\/div>\n<\/div><\/div>\n","protected":false},"featured_media":4112,"template":"","class_list":["post-4111","portrait","type-portrait","status-publish","has-post-thumbnail","hentry"],"yoast_head":"<!-- This site is optimized with the Yoast SEO plugin v24.2 - https:\/\/yoast.com\/wordpress\/plugins\/seo\/ -->\n<title>Univers Sel ~ Atelier Klima<\/title>\n<meta name=\"robots\" content=\"index, follow, max-snippet:-1, max-image-preview:large, max-video-preview:-1\" \/>\n<link rel=\"canonical\" href=\"https:\/\/tatataaaaa.com\/newklima\/portrait\/univers-sel\/\" \/>\n<meta property=\"og:locale\" content=\"fr_FR\" \/>\n<meta property=\"og:type\" content=\"article\" \/>\n<meta property=\"og:title\" content=\"Univers Sel ~ Atelier Klima\" \/>\n<meta property=\"og:description\" content=\"Klima a souhait\u00e9 rencontrer des paludiers, pour le rapport direct entre le paysage, les \u00e9l\u00e9ments naturels et leur pratique. A travers l\u2019association Univers-Sel, nous pouvions aussi faire des parall\u00e8les entre notre secteur d\u2019\u00e9tude, en France, et d\u2019autres territoires, ailleurs dans le monde. Notre connaissance de la saliculture \u00e9tait assez rudimentaire avant cet entretien. Plusieurs de [&hellip;]\" \/>\n<meta property=\"og:url\" content=\"https:\/\/tatataaaaa.com\/newklima\/portrait\/univers-sel\/\" \/>\n<meta property=\"og:site_name\" content=\"Atelier Klima\" \/>\n<meta property=\"article:modified_time\" content=\"2022-07-14T10:00:32+00:00\" \/>\n<meta property=\"og:image\" content=\"https:\/\/tatataaaaa.com\/newklima\/wp-content\/uploads\/2021\/01\/IMG_4389-scaled.jpeg\" \/>\n\t<meta property=\"og:image:width\" content=\"2560\" \/>\n\t<meta property=\"og:image:height\" content=\"1920\" \/>\n\t<meta property=\"og:image:type\" content=\"image\/jpeg\" \/>\n<meta name=\"twitter:card\" content=\"summary_large_image\" \/>\n<meta name=\"twitter:site\" content=\"@Klima_ONG\" \/>\n<meta name=\"twitter:label1\" content=\"Dur\u00e9e de lecture estim\u00e9e\" \/>\n\t<meta name=\"twitter:data1\" content=\"46 minutes\" \/>\n<script type=\"application\/ld+json\" class=\"yoast-schema-graph\">{\"@context\":\"https:\/\/schema.org\",\"@graph\":[{\"@type\":\"WebPage\",\"@id\":\"https:\/\/tatataaaaa.com\/newklima\/portrait\/univers-sel\/\",\"url\":\"https:\/\/tatataaaaa.com\/newklima\/portrait\/univers-sel\/\",\"name\":\"Univers Sel ~ Atelier Klima\",\"isPartOf\":{\"@id\":\"https:\/\/tatataaaaa.com\/newklima\/#website\"},\"primaryImageOfPage\":{\"@id\":\"https:\/\/tatataaaaa.com\/newklima\/portrait\/univers-sel\/#primaryimage\"},\"image\":{\"@id\":\"https:\/\/tatataaaaa.com\/newklima\/portrait\/univers-sel\/#primaryimage\"},\"thumbnailUrl\":\"https:\/\/tatataaaaa.com\/newklima\/wp-content\/uploads\/2021\/01\/IMG_4389-scaled.jpeg\",\"datePublished\":\"2021-01-21T15:44:37+00:00\",\"dateModified\":\"2022-07-14T10:00:32+00:00\",\"breadcrumb\":{\"@id\":\"https:\/\/tatataaaaa.com\/newklima\/portrait\/univers-sel\/#breadcrumb\"},\"inLanguage\":\"fr-FR\",\"potentialAction\":[{\"@type\":\"ReadAction\",\"target\":[\"https:\/\/tatataaaaa.com\/newklima\/portrait\/univers-sel\/\"]}]},{\"@type\":\"ImageObject\",\"inLanguage\":\"fr-FR\",\"@id\":\"https:\/\/tatataaaaa.com\/newklima\/portrait\/univers-sel\/#primaryimage\",\"url\":\"https:\/\/tatataaaaa.com\/newklima\/wp-content\/uploads\/2021\/01\/IMG_4389-scaled.jpeg\",\"contentUrl\":\"https:\/\/tatataaaaa.com\/newklima\/wp-content\/uploads\/2021\/01\/IMG_4389-scaled.jpeg\",\"width\":\"2560\",\"height\":\"1920\"},{\"@type\":\"BreadcrumbList\",\"@id\":\"https:\/\/tatataaaaa.com\/newklima\/portrait\/univers-sel\/#breadcrumb\",\"itemListElement\":[{\"@type\":\"ListItem\",\"position\":1,\"name\":\"Home\",\"item\":\"https:\/\/tatataaaaa.com\/newklima\/\"},{\"@type\":\"ListItem\",\"position\":2,\"name\":\"Univers Sel\"}]},{\"@type\":\"WebSite\",\"@id\":\"https:\/\/tatataaaaa.com\/newklima\/#website\",\"url\":\"https:\/\/tatataaaaa.com\/newklima\/\",\"name\":\"Atelier Klima\",\"description\":\"Adaptation littorale au changement climatique\",\"publisher\":{\"@id\":\"https:\/\/tatataaaaa.com\/newklima\/#organization\"},\"potentialAction\":[{\"@type\":\"SearchAction\",\"target\":{\"@type\":\"EntryPoint\",\"urlTemplate\":\"https:\/\/tatataaaaa.com\/newklima\/?s={search_term_string}\"},\"query-input\":{\"@type\":\"PropertyValueSpecification\",\"valueRequired\":true,\"valueName\":\"search_term_string\"}}],\"inLanguage\":\"fr-FR\"},{\"@type\":\"Organization\",\"@id\":\"https:\/\/tatataaaaa.com\/newklima\/#organization\",\"name\":\"Atelier Klima\",\"url\":\"https:\/\/tatataaaaa.com\/newklima\/\",\"logo\":{\"@type\":\"ImageObject\",\"inLanguage\":\"fr-FR\",\"@id\":\"https:\/\/tatataaaaa.com\/newklima\/#\/schema\/logo\/image\/\",\"url\":\"https:\/\/tatataaaaa.com\/newklima\/wp-content\/uploads\/2019\/03\/klima-ong-favicon.gif\",\"contentUrl\":\"https:\/\/tatataaaaa.com\/newklima\/wp-content\/uploads\/2019\/03\/klima-ong-favicon.gif\",\"width\":512,\"height\":512,\"caption\":\"Atelier Klima\"},\"image\":{\"@id\":\"https:\/\/tatataaaaa.com\/newklima\/#\/schema\/logo\/image\/\"},\"sameAs\":[\"https:\/\/x.com\/Klima_ONG\",\"https:\/\/www.instagram.com\/sophiedulau\/\"]}]}<\/script>\n<!-- \/ Yoast SEO plugin. -->","yoast_head_json":{"title":"Univers Sel ~ Atelier Klima","robots":{"index":"index","follow":"follow","max-snippet":"max-snippet:-1","max-image-preview":"max-image-preview:large","max-video-preview":"max-video-preview:-1"},"canonical":"https:\/\/tatataaaaa.com\/newklima\/portrait\/univers-sel\/","og_locale":"fr_FR","og_type":"article","og_title":"Univers Sel ~ Atelier Klima","og_description":"Klima a souhait\u00e9 rencontrer des paludiers, pour le rapport direct entre le paysage, les \u00e9l\u00e9ments naturels et leur pratique. A travers l\u2019association Univers-Sel, nous pouvions aussi faire des parall\u00e8les entre notre secteur d\u2019\u00e9tude, en France, et d\u2019autres territoires, ailleurs dans le monde. Notre connaissance de la saliculture \u00e9tait assez rudimentaire avant cet entretien. Plusieurs de [&hellip;]","og_url":"https:\/\/tatataaaaa.com\/newklima\/portrait\/univers-sel\/","og_site_name":"Atelier Klima","article_modified_time":"2022-07-14T10:00:32+00:00","og_image":[{"width":2560,"height":1920,"url":"https:\/\/tatataaaaa.com\/newklima\/wp-content\/uploads\/2021\/01\/IMG_4389-scaled.jpeg","type":"image\/jpeg"}],"twitter_card":"summary_large_image","twitter_site":"@Klima_ONG","twitter_misc":{"Dur\u00e9e de lecture estim\u00e9e":"46 minutes"},"schema":{"@context":"https:\/\/schema.org","@graph":[{"@type":"WebPage","@id":"https:\/\/tatataaaaa.com\/newklima\/portrait\/univers-sel\/","url":"https:\/\/tatataaaaa.com\/newklima\/portrait\/univers-sel\/","name":"Univers Sel ~ Atelier Klima","isPartOf":{"@id":"https:\/\/tatataaaaa.com\/newklima\/#website"},"primaryImageOfPage":{"@id":"https:\/\/tatataaaaa.com\/newklima\/portrait\/univers-sel\/#primaryimage"},"image":{"@id":"https:\/\/tatataaaaa.com\/newklima\/portrait\/univers-sel\/#primaryimage"},"thumbnailUrl":"https:\/\/tatataaaaa.com\/newklima\/wp-content\/uploads\/2021\/01\/IMG_4389-scaled.jpeg","datePublished":"2021-01-21T15:44:37+00:00","dateModified":"2022-07-14T10:00:32+00:00","breadcrumb":{"@id":"https:\/\/tatataaaaa.com\/newklima\/portrait\/univers-sel\/#breadcrumb"},"inLanguage":"fr-FR","potentialAction":[{"@type":"ReadAction","target":["https:\/\/tatataaaaa.com\/newklima\/portrait\/univers-sel\/"]}]},{"@type":"ImageObject","inLanguage":"fr-FR","@id":"https:\/\/tatataaaaa.com\/newklima\/portrait\/univers-sel\/#primaryimage","url":"https:\/\/tatataaaaa.com\/newklima\/wp-content\/uploads\/2021\/01\/IMG_4389-scaled.jpeg","contentUrl":"https:\/\/tatataaaaa.com\/newklima\/wp-content\/uploads\/2021\/01\/IMG_4389-scaled.jpeg","width":"2560","height":"1920"},{"@type":"BreadcrumbList","@id":"https:\/\/tatataaaaa.com\/newklima\/portrait\/univers-sel\/#breadcrumb","itemListElement":[{"@type":"ListItem","position":1,"name":"Home","item":"https:\/\/tatataaaaa.com\/newklima\/"},{"@type":"ListItem","position":2,"name":"Univers Sel"}]},{"@type":"WebSite","@id":"https:\/\/tatataaaaa.com\/newklima\/#website","url":"https:\/\/tatataaaaa.com\/newklima\/","name":"Atelier Klima","description":"Adaptation littorale au changement climatique","publisher":{"@id":"https:\/\/tatataaaaa.com\/newklima\/#organization"},"potentialAction":[{"@type":"SearchAction","target":{"@type":"EntryPoint","urlTemplate":"https:\/\/tatataaaaa.com\/newklima\/?s={search_term_string}"},"query-input":{"@type":"PropertyValueSpecification","valueRequired":true,"valueName":"search_term_string"}}],"inLanguage":"fr-FR"},{"@type":"Organization","@id":"https:\/\/tatataaaaa.com\/newklima\/#organization","name":"Atelier Klima","url":"https:\/\/tatataaaaa.com\/newklima\/","logo":{"@type":"ImageObject","inLanguage":"fr-FR","@id":"https:\/\/tatataaaaa.com\/newklima\/#\/schema\/logo\/image\/","url":"https:\/\/tatataaaaa.com\/newklima\/wp-content\/uploads\/2019\/03\/klima-ong-favicon.gif","contentUrl":"https:\/\/tatataaaaa.com\/newklima\/wp-content\/uploads\/2019\/03\/klima-ong-favicon.gif","width":512,"height":512,"caption":"Atelier Klima"},"image":{"@id":"https:\/\/tatataaaaa.com\/newklima\/#\/schema\/logo\/image\/"},"sameAs":["https:\/\/x.com\/Klima_ONG","https:\/\/www.instagram.com\/sophiedulau\/"]}]}},"_links":{"self":[{"href":"https:\/\/tatataaaaa.com\/newklima\/wp-json\/wp\/v2\/portrait\/4111","targetHints":{"allow":["GET"]}}],"collection":[{"href":"https:\/\/tatataaaaa.com\/newklima\/wp-json\/wp\/v2\/portrait"}],"about":[{"href":"https:\/\/tatataaaaa.com\/newklima\/wp-json\/wp\/v2\/types\/portrait"}],"wp:featuredmedia":[{"embeddable":true,"href":"https:\/\/tatataaaaa.com\/newklima\/wp-json\/wp\/v2\/media\/4112"}],"wp:attachment":[{"href":"https:\/\/tatataaaaa.com\/newklima\/wp-json\/wp\/v2\/media?parent=4111"}],"curies":[{"name":"wp","href":"https:\/\/api.w.org\/{rel}","templated":true}]}}