{"id":4091,"date":"2021-01-21T14:13:56","date_gmt":"2021-01-21T14:13:56","guid":{"rendered":"https:\/\/tatataaaaa.com\/newklima\/?post_type=portrait&#038;p=4091"},"modified":"2022-12-10T11:04:25","modified_gmt":"2022-12-10T11:04:25","slug":"laurent-chauvaud","status":"publish","type":"portrait","link":"https:\/\/tatataaaaa.com\/newklima\/portrait\/laurent-chauvaud\/","title":{"rendered":"Laurent Chauvaud"},"content":{"rendered":"\n<p>Laurent Chauvaud est directeur de recherche au CNRS, biologiste marin et plongeur. Il est sp\u00e9cialiste des p\u00e9toncles et des coquilles Saint-Jacques qu&rsquo;il observe en plong\u00e9e du p\u00f4le Nord (Spitzberg) au p\u00f4le Sud (terre Ad\u00e9lie), en passant par la rade de Brest, la Mauritanie, la Norv\u00e8ge, le Mexique et la Nouvelle-Cal\u00e9donie. Ses recherches sont centr\u00e9es sur l&rsquo;int\u00e9gration des facteurs anthropiques (esp\u00e8ces invasives, pollutions &#8230;) et sur l&rsquo;identification des for\u00e7ages naturels (perturbations dans l&rsquo;\u00e9quilibre \u00e9nerg\u00e9tique de la Terre) affectant les \u00e9cosyst\u00e8mes. Il a d\u00e9velopp\u00e9 l&rsquo;utilisation de bivalves, tels que la coquille St Jacques, comme archives biologiques de l&rsquo;environnement et, plus r\u00e9cemment, l&rsquo;utilisation de l&rsquo;acc\u00e9l\u00e9rom\u00e9trie et l&rsquo;acoustique passive pour la surveillance de la sant\u00e9 des \u00e9cosyst\u00e8mes.\u00a0<\/p>\n\n\n\n<p>Entretien men\u00e9 par Klima (Sophie et Marie), le 22 septembre 2020, \u00e0 Plouzan\u00e9, pr\u00e8s de Brest, dans les locaux de l\u2019IFREMER.<\/p>\n\n\n\n<div style=\"height:66px\" aria-hidden=\"true\" class=\"wp-block-spacer\"><\/div>\n\n\n\n<p><strong>Klima\u00a0:<\/strong> Bonjour Laurent Chauvaud, merci d&rsquo;\u00eatre avec nous aujourd&rsquo;hui. Nous avons assist\u00e9 \u00e0 une repr\u00e9sentation de votre projet Sonar \u00e0 Belle-Ile, lors du festival Sous l&rsquo;eau. Nous sommes ravies de pouvoir vous interviewer. Est-ce que vous pouvez vous pr\u00e9senter en quelques mots? <\/p>\n\n\n\n<p><strong>LC\u00a0:<\/strong> <strong>Je m&rsquo;appelle Laurent Chauvaud. J\u2019ai une formation de biologiste et je suis \u00e9cologiste marin. Je m&rsquo;int\u00e9resse au fonctionnement des \u00e9cosyst\u00e8mes c\u00f4tiers en sa version marine. Ce qui m&rsquo;int\u00e9resse, \u00e7a se passe sous l&rsquo;eau<\/strong> et j&rsquo;ai tr\u00e8s longtemps travaill\u00e9 en Bretagne, je dirais une vingtaine d&rsquo;ann\u00e9es en rade de Brest et l&rsquo;histoire de mes recherches m&rsquo;a amen\u00e9 sur la fa\u00e7ade atlantique europ\u00e9enne, puis dans les eaux tropicales de Nouvelle-Cal\u00e9donie, du Mexique ou de l&rsquo;\u00eele de la R\u00e9union. Et \u00e0 la fin de ces diff\u00e9rents p\u00e9riples, qui oscillent entre les milieux temp\u00e9r\u00e9s c\u00f4tiers et les milieux temp\u00e9r\u00e9s tropicaux c\u00f4tiers \u00e9galement, on parle de r\u00e9cifs coralliens et d&rsquo;arri\u00e8re-r\u00e9cifs, j&rsquo;ai fini par me poser des questions et aller travailler en milieu polaire. J&rsquo;ai travaill\u00e9 en Antarctique. Je travaille actuellement beaucoup en Arctique. Voil\u00e0 donc dans mon paysage il y a des \u00e9tudes de recherche fondamentale en \u00e9cologie c\u00f4ti\u00e8re, en milieu temp\u00e9r\u00e9, en Bretagne, en milieux tropicaux et en milieu polaire.<\/p>\n\n\n\n<p><strong>Klima\u00a0:<\/strong> D\u2019accord, une humeur du jour&nbsp;?<\/p>\n\n\n\n<p><strong>LC\u00a0:<\/strong> J&rsquo;ai de tr\u00e8s bonnes nouvelles \u00e0 la fois sur les r\u00e9sultats scientifiques et puis des applications dans le fonctionnement du CNRS. Tout va bien. <\/p>\n\n\n\n<p><strong>Klima\u00a0:<\/strong> Tr\u00e8s bien, donc vous \u00eates plut\u00f4t de bonne humeur. <\/p>\n\n\n\n<p><strong>LC\u00a0:<\/strong> Oui, je suis de bonne humeur&nbsp;!<\/p>\n\n\n\n<p><strong>Klima\u00a0:<\/strong> O\u00f9 est-ce que vous avez grandi&nbsp;?<\/p>\n\n\n\n<p><strong>LC\u00a0:<\/strong> J&rsquo;ai grandi dans une ville qui s&rsquo;appelle Saint-L\u00f4 qui comptait, je pense, \u00e0 l\u2019\u00e9poque 500 habitants dans le bocage normand. Ma relation \u00e0 la mer vient de la d\u00e9couverte d&rsquo;une piscine artificielle dans une petite station baln\u00e9aire qui s&rsquo;appelle Pirou, pr\u00e8s de Blainville, au nord de Granville, sur les c\u00f4tes normandes. J\u2019y allais de fa\u00e7on occasionnelle le dimanche avec mes parents, quand j&rsquo;avais dix ans. <\/p>\n\n\n\n<p><strong>Klima\u00a0:<\/strong> C&rsquo;est votre premier souvenir de contact avec l\u2019eau?<\/p>\n\n\n\n<p><strong>LC\u00a0:<\/strong> Oui, avec l&rsquo;eau, avec la mer. Avec l&rsquo;eau douce, la Normandie est largement arros\u00e9e, pas autant que Brest, mais elle est quand m\u00eame largement arros\u00e9e. Je vivais dans du bocage, avec des rivi\u00e8res et un \u00e9tang chez moi. J&rsquo;\u00e9tais dans la nature assez privil\u00e9gi\u00e9e.<\/p>\n\n\n\n<p><strong>Klima\u00a0:<\/strong> \u00c0 quels rivages vous sentez-vous attach\u00e9&nbsp;?<\/p>\n\n\n\n<p><strong>LC\u00a0:<\/strong> Je suis, comme Jacques Pr\u00e9vert, tomb\u00e9 amoureux de la rade de Brest et du Finist\u00e8re. J&rsquo;adore ces c\u00f4tes du Nord Finist\u00e8re, de l\u2019Aber Wrac\u2019h et de l\u2019Aber Beno\u00eet. Cette partie-l\u00e0 me pla\u00eet particuli\u00e8rement.<\/p>\n\n\n\n<p><strong>Klima\u00a0:<\/strong> Vous vous d\u00e9finissez comme chercheur en oc\u00e9anographie biologique, en quoi cela consiste&nbsp;?\u00a0 <\/p>\n\n\n\n<p><strong>LC\u00a0:<\/strong> J&rsquo;aime bien le mot oc\u00e9anographie. Il n&rsquo;est plus du tout utilis\u00e9, mais il s\u2019agit vraiment de l&rsquo;\u00e9tude et des sciences li\u00e9es \u00e0 l\u2019oc\u00e9an. Aujourd&rsquo;hui, on dirait les sciences de la mer, si on rajoute \u00e0 l&rsquo;oc\u00e9anographie, l&rsquo;\u00e9conomie maritime ou le droit maritime. Les sciences de la mer englobent en plus des sciences sociales et des sciences humaines. Autrefois, ce n&rsquo;\u00e9tait pas le cas. L&rsquo;oc\u00e9anographie biologique, c&rsquo;\u00e9tait avoir une vraie teinte \u00e0 la fois de g\u00e9ographe, d&rsquo;oc\u00e9anographe, autant au sens de la cartographie et de la connaissance des courants, ou la connaissance des propri\u00e9t\u00e9s physico-chimiques de l&rsquo;eau de mer. On y ajoute la biologie puisque c&rsquo;est la partie biologique qui nous int\u00e9resse le plus quand on est biologiste. <strong>Et l\u2019oc\u00e9an, en plus, a le m\u00e9rite de montrer que c&rsquo;est une unit\u00e9. On parle plus \u00ab\u00a0des\u00a0\u00bb oc\u00e9ans. Il y en a bien qu\u2019un, et tout ce qu\u2019il s&rsquo;y passe est interconnect\u00e9. C&rsquo;est vrai pour le changement climatique, pour les contaminants, pour les esp\u00e8ces qui y habitent, et c&rsquo;est vrai pour le transport maritime. C&rsquo;est tellement vrai que l&rsquo;on doit dire l&rsquo;oc\u00e9an, donc l\u2019oc\u00e9anographie, un nom au singulier me va bien. <\/strong><\/p>\n\n\n\n<p><strong>Klima\u00a0:<\/strong> Et vous vous souvenez de comment vous avez choisi de faire ce m\u00e9tier-l\u00e0&nbsp;?<\/p>\n\n\n\n<p><strong>LC\u00a0:<\/strong> \u00c7a, c&rsquo;est une autre paire de manches, parce que moi, je suis arriv\u00e9 \u00e0 Brest avec cette id\u00e9e de faire des \u00e9tudes sans trop savoir lesquelles. J&rsquo;ai essay\u00e9 de ne plus m&rsquo;ennuyer. Et c\u2019\u00e9tait le cas, je m&rsquo;ennuyais pas mal. Je m&rsquo;ennuyais \u00e0 l&rsquo;\u00e9cole. R\u00e9sultat des courses, j&rsquo;ai choisi de la biologie parce que j&rsquo;avais une vraie attirance vers \u00e7a. Et l&rsquo;oc\u00e9anographie est venue \u00e0 Brest du contact avec certains profs assez g\u00e9niaux. Et je suis devenu oc\u00e9anographe parce qu&rsquo;il \u00e9tait possible de plonger, ici, parce qu&rsquo;il y avait la rade de Brest et parce qu&rsquo;il y avait quelques profs capables d&rsquo;enseigner ou de transmettre l&rsquo;amour de la mer, et des bestioles qui y vivent. <\/p>\n\n\n\n<p><strong>Klima\u00a0:<\/strong> Quelles sont les sp\u00e9cificit\u00e9s de ce rapport \u00e0 la mer que vous avez d\u00e9velopp\u00e9es&nbsp;? \u00a0<\/p>\n\n\n\n<p><strong>LC\u00a0:<\/strong> J&rsquo;ai mis 40 ans \u00e0 finalement comprendre que j&rsquo;y trouve une vraie beaut\u00e9, une vraie po\u00e9sie. La sp\u00e9cificit\u00e9 de ma relation existe lorsque je suis sous l&rsquo;eau, que j&rsquo;observe des animaux, que je les compte ou les \u00e9tudie. Mon moteur est finalement une relation, un plaisir trouv\u00e9 dans la contemplation des formes animales et v\u00e9g\u00e9tales que je trouve g\u00e9n\u00e9ralement jolies. Il m\u2019a fallu du temps pour l&rsquo;assumer.<\/p>\n\n\n\n<p><strong>Klima\u00a0:<\/strong> Vous \u00eates all\u00e9 chercher ce qui se trouve tout au fond de l\u2019eau quand m\u00eame. C\u2019est assez sp\u00e9cifique comme rapport \u00e0 la mer, non&nbsp;?<\/p>\n\n\n\n<p><strong>LC\u00a0:<\/strong> Ah oui, \u00e7a, c&rsquo;est assez bizarre. Mais apr\u00e8s, j\u2019\u00e9tais assez sportif. J&rsquo;aimais bien la plong\u00e9e. \u00c7a a commenc\u00e9 comme un sport ou comme une relation \u00e0 la natation. <\/p>\n\n\n\n<p><strong>Klima\u00a0:<\/strong> On imagine l\u2019\u00e9tude des c\u00e9tac\u00e9s\u2026<\/p>\n\n\n\n<p><strong>LC\u00a0:<\/strong> Je n&rsquo;ai jamais eu cette attirance-l\u00e0, non. J&rsquo;\u00e9tais int\u00e9ress\u00e9 tout de suite, m\u00eame sur la plage, par les petites bestioles. M\u00eame \u00e0 Pirou-Plage, <strong>j\u2019\u00e9tais attir\u00e9 par des crevettes, mille fois plus que par des dauphins. Je trouve que ces formes animales et ces comportements et ces couleurs, g\u00e9n\u00e9ralement, c&rsquo;est assez discret et assez subtil. Je m&rsquo;excuse, mais une baleine, c&rsquo;est pas tr\u00e8s subtil. Je trouve qu&rsquo;une crevette c\u2019est subtil.<\/strong><\/p>\n\n\n\n<p><strong>Klima\u00a0:<\/strong> Quel est l\u2019int\u00e9r\u00eat de la coquille Saint-Jacques pour un chercheur en oc\u00e9anographie biologique&nbsp;? <\/p>\n\n\n\n<p><strong>LC\u00a0:<\/strong> Peut-\u00eatre que le plus grand int\u00e9r\u00eat, c&rsquo;est de pouvoir d\u00e9montrer \u00e0 un large public que les raisons pour laquelle on fait de la recherche sont tr\u00e8s mal d\u00e9finies au d\u00e9part. Il est assez peu probable qu&rsquo;on atteigne le but que l&rsquo;on se fixe au d\u00e9but d\u2019une recherche, notamment en recherche fondamentale. Je me suis laiss\u00e9 guider, de recherche et de rebond en rebond, un peu \u00e0 l&rsquo;instinct sur ce qu&rsquo;il fallait faire avec ces coquilles Saint-Jacques. Finalement, c&rsquo;est devenu un billet de train, un billet d\u2019avion, et j&rsquo;ai visit\u00e9 une multitude d&rsquo;\u00e9cosyst\u00e8mes de la plan\u00e8te. Je me suis pos\u00e9 une multitude de questions sur ce qu\u2019on pouvait en faire. La coquille Saint-Jacques est devenue une archive environnementale. Les Fran\u00e7ais pensent que c&rsquo;est le plat festif de No\u00ebl. J&rsquo;affirme aujourd&rsquo;hui que c&rsquo;est devenu un thermom\u00e8tre. 1. Je trouvais \u00e7a joli. 2 C&rsquo;\u00e9tait l&#8217;embl\u00e8me des Brestois, la rade de Brest. 3. Voil\u00e0 une bestiole qui a le bon go\u00fbt d&rsquo;avoir bon go\u00fbt. \u00c7a aide. Et c&rsquo;est assez universel. C&rsquo;est un animal qui est vraiment beau. J&rsquo;imagine que les gens qui travaillent sur le panda disent la m\u00eame chose. Il y a des bestioles comme \u00e7a. c&rsquo;est \u00e9tonnamment esth\u00e9tique et \u00e9tonnamment charg\u00e9 de symboles, donc \u00e7a attire, naturellement. On m\u2019a propos\u00e9 de faire une th\u00e8se de trois ans sur la coquille Saint-Jacques. Bingo! C&rsquo;est difficile de dire non. Au d\u00e9part, \u00e7a commence comme \u00e7a mon histoire.<\/p>\n\n\n\n<p><strong>Klima\u00a0:<\/strong> Pouvez-vous nous d\u00e9crire un projet de recherche qui vous tient particuli\u00e8rement \u00e0 c\u0153ur&nbsp;? <\/p>\n\n\n\n<p><strong>LC\u00a0:<\/strong> Actuellement, j&rsquo;en ai plusieurs. Un que j\u2019aime bien consiste \u00e0 mesurer l&rsquo;impact des bruits de bateaux de touristes en Arctique sur l\u2019oc\u00e9an. Les voies de navigation sont \u00e9videmment en train de s&rsquo;ouvrir. Les Bretons, les Australiens, les Norv\u00e9giens envoient massivement des touristes voir les derni\u00e8res glaces en train de fondre. Et ces bateaux font du bruit. Dans les dix derni\u00e8res ann\u00e9es ils ont d\u00e9j\u00e0 doubl\u00e9 le niveau sonore sous l\u2019eau, et peu ou pas d&rsquo;informations sont disponibles sur l&rsquo;impact de ce bruit sur les invert\u00e9br\u00e9s polaires. Mais c&rsquo;est \u00e9galement vrai chez nous. Comme on est pass\u00e9 d\u2019\u00e9cosyst\u00e8mes au nord-est du Groenland ou dans le Grand Nord canadien, o\u00f9 il y avait peu ou pas de bateaux, on est pass\u00e9 d&rsquo;un syst\u00e8me vierge de bruits \u00e0 un syst\u00e8me qui est en train d\u2019accueillir du bruit en grande quantit\u00e9. Sur les c\u00e9tac\u00e9s, on sait l&rsquo;impact que \u00e7a a. Sur les invert\u00e9br\u00e9s, on en a peu d&rsquo;id\u00e9es, et mon projet consiste \u00e0 surveiller cette augmentation de bruit, et en Bretagne, on commence \u00e0 estimer l&rsquo;impact de ce bruit sur des larves de coquilles Saint-Jacques, des larves d&rsquo;hu\u00eetres, des larves de poisson ou des coquilles Saint-Jacques adultes et des amandes de mer adultes, \u00e7a m&rsquo;int\u00e9resse vraiment.<\/p>\n\n\n\n<p><strong>Klima\u00a0:<\/strong> Pouvez-vous nous parler pr\u00e9cis\u00e9ment d\u2019une exp\u00e9dition qui vous a transform\u00e9&nbsp;?<\/p>\n\n\n\n<p><strong>LC\u00a0:<\/strong> La premi\u00e8re fois que j&rsquo;\u00e9tais en Antarctique. Nous \u00e9tions quatre, et nous sommes partis en Antarctique, quasiment depuis le bureau o\u00f9 nous nous trouvons aujourd&rsquo;hui. On s&rsquo;est retrouv\u00e9s deux jours plus tard \u00e0 Hobart, puis six jours plus tard avec les manchots de Terre-Ad\u00e9lie et les manchots empereurs de la base de mont d&rsquo;Urville, au sud de la Tasmanie. Et \u00e7a, c&rsquo;est d\u00e9j\u00e0 une exp\u00e9rience, une vraie, ce trajet lent en bateau vers l\u2019Antarctique \u00e0 cause de la taille des vagues et \u00e0 cause de l&rsquo;apparition du froid, l&rsquo;apparition des albatros, des baleines, puis de la banquise, puis des icebergs. Tout ce trajet par \u00e9tapes, d\u00e9j\u00e0, est une exp\u00e9dition int\u00e9rieure. Plonger en plus sous la glace avec les m\u00eames manchots et c\u00e9tac\u00e9s pour rencontrer des formes d&rsquo;invert\u00e9br\u00e9s que je n&rsquo;avais encore jamais vues m\u2019a transform\u00e9. <strong>Il y avait aussi cette esp\u00e8ce de luxuriance hallucinante qui fait contraste avec le milieu extr\u00eamement min\u00e9ral de glace et de roche en surface. Quand vous descendez sous la banquise, vous retrouvez une biomasse importante, des belles couleurs chatoyantes, des orange, des rose, des mauve et des rouges. C&rsquo;est un contraste compl\u00e8tement dingue m\u00e9lang\u00e9 au bruit que fait la banquise et la glace. Vous vous retrouvez sur la plan\u00e8te Mars. Il fait extr\u00eamement froid. Les manchots viennent vous voir. Vous avez trois m\u00e8tres de glace au-dessus de vous. Il y a du bruit. Et ce que vous voyez ressemble \u00e0 la Nouvelle-Cal\u00e9donie. C&rsquo;est tellement esth\u00e9tique et tellement po\u00e9tique, tellement prenant dans le froid et les vibrations li\u00e9es au bruit des icebergs, qu\u2019il est difficile de revenir compl\u00e8tement intact de \u00e7a. \u00c7a a \u00e9t\u00e9 un vrai bouleversement et je pense que tous les gens qui font \u00e7a reviennent avec une addiction. J&rsquo;imagine qu&rsquo;un astronaute c\u2019est la m\u00eame chose.<\/strong><\/p>\n\n\n\n<p><strong>Klima\u00a0:<\/strong> Parlons maintenant du lien entre sciences et \u00e9motions. La musique peut-elle \u00eatre un m\u00e9dium de diffusion de travaux de recherche&nbsp;?<\/p>\n\n\n\n<p><strong>LC\u00a0:<\/strong> Pendant les dix derni\u00e8res ann\u00e9es j\u2019ai fait l\u2019essai de m\u00e9langer arts et sciences, \u00e9go\u00efstement au d\u00e9part, pour ramener nos \u00e9motions avec nous de ces exp\u00e9ditions. <strong>Le but \u00e9tait de confier \u00e0 des personnes capables de le faire, le travail de transmission des \u00e9motions que l&rsquo;on est susceptible de ressentir lorsqu&rsquo;on observe un \u00e9cosyst\u00e8me magnifique, et en train de fondre. Quel est le moyen artistique pour transcrire cette \u00e9motion de fa\u00e7on sensible&nbsp;? Des personnes sont capables, mieux que les scientifiques, de fa\u00e7on sensible, d&rsquo;exprimer ou d&rsquo;expliquer au grand public ce qui est en train de se passer en Arctique et en Antarctique. <\/strong><\/p>\n\n\n\n<p><strong>Klima\u00a0:<\/strong> Moi, j&rsquo;ai l&rsquo;impression que quand les photos sont trop belles, \u00e7a g\u00e2che le message.<\/p>\n\n\n\n<p><strong>LC\u00a0:<\/strong> Oui. Tout cela a des limites. La principale est ce que j&rsquo;appelle la \u00ab\u00a0beaut\u00e9 de la catastrophe\u00a0\u00bb. <strong>Certaines choses doivent \u00eatre accompagn\u00e9es d&rsquo;un texte ou d&rsquo;une explication parce que la photographie seule est tellement belle que \u00e7a n&rsquo;exprime \u00e0 aucun moment une l\u2019inqui\u00e9tude ou encore une v\u00e9rit\u00e9 scientifique.<\/strong> <\/p>\n\n\n\n<p><strong>Klima\u00a0:<\/strong> Est-on en position de voyeur, au sens \u00ab\u00a0porn\u00a0\u00bb en anglais, de ce qui est en train de se d\u00e9truire\u00a0? Quand vous parlez justement de la \u00ab\u00a0beaut\u00e9 de la catastrophe\u00a0\u00bb, est-ce qu\u2019on esth\u00e9tise trop ce qui est en train de s\u2019effondrer&nbsp;? <\/p>\n\n\n\n<p><strong>LC\u00a0:<\/strong> Je ne sais pas si on esth\u00e9tise trop, ce n\u2019est pas dans mes comp\u00e9tences, mais ce qui est vrai, c&rsquo;est que je trouve une limite \u00e0 cette approche, o\u00f9, effectivement, on ramenait des choses tr\u00e8s, tr\u00e8s belles. Ou l&rsquo;autre danger, c&rsquo;est de ramener des images de h\u00e9ros polaires, les scientifiques en train de faire des choses extraordinaires. \u00c7a c\u2019est le premier \u00e9cueil, le deuxi\u00e8me il est effectivement dans l&rsquo;esth\u00e9tique, trop parfaite. Mais bon, apr\u00e8s, c&rsquo;est un peu os\u00e9 ou un peu pr\u00e9tentieux, quand on est scientifique, d&rsquo;avoir ce genre de propos. Je ne sais pas comment je peux \u00e9valuer ou juger ce que ram\u00e8ne un artiste. Si on parle de vulgarisation, j&rsquo;ai un avis tr\u00e8s arr\u00eat\u00e9. Mais quand on parle de rendre sensible des r\u00e9sultats, et d&rsquo;une exp\u00e9rience arts et sciences permettant de progresser, \u00e7a s&rsquo;appelle de la recherche fondamentale. L\u00e0, je ne m&rsquo;exprime pas sur les limites du trop esth\u00e9tique. J&rsquo;ai un avis et \u00e0 la fin, \u00e0 mon avis, c&rsquo;est clair, une belle photo attire l\u2019attention, mais pas tr\u00e8s longtemps, une peinture \u00e9galement, mais pas tr\u00e8s longtemps. <strong>J&rsquo;ai l&rsquo;impression qu&rsquo;on est dans un monde o\u00f9 m\u00eame une superbe photo, tr\u00e8s belle, faisant un peu peur, interroge seulement quelques secondes.<\/strong><\/p>\n\n\n\n<p><strong>Klima\u00a0:<\/strong> \u00c7a peut marquer une photo. <\/p>\n\n\n\n<p><strong>LC\u00a0:<\/strong> Evidemment. Oui. Mais on est en train de dire maintenant\u00a0, <strong>essayons une approche arts et sciences pour ramener des informations, les transmettre vers des publics sans que cela soit de la vulgarisation. Il s\u2019agit de convaincre le maximum de monde, ou au moins de les informer par une information sensible et non cart\u00e9sienne, pas trop scientifique.<\/strong><\/p>\n\n\n\n<p><strong>Klima\u00a0:<\/strong> Comment on le travaille ce lien&nbsp;? Le regard des artistes vous permet-il \u00e0 vous, scientifiques, de vous poser de nouvelles questions&nbsp;? Le croisement de vos points de vue fait-il \u00e9merger des questions&nbsp;?<\/p>\n\n\n\n<p><strong>LC\u00a0:<\/strong> \u00e7a a permis au moins de contrebalancer le c\u00f4t\u00e9 super anxiog\u00e8ne de la communaut\u00e9 scientifique qui donne que des mauvaises nouvelles. <strong>Il y a quelque chose qui est certain, notamment chez les jeunes chercheurs, c\u2019est que \u00e7a invite \u00e0 r\u00e9fl\u00e9chir diff\u00e9remment quand vous avez en permanence quelqu&rsquo;un qui n&rsquo;a pas le m\u00eame vocabulaire que vous, qui n&rsquo;a pas le m\u00eame point de vue et qui se met \u00e0 regarder pas du tout la m\u00eame chose que vous\u2026 C&rsquo;est vrai avec de la photographie, c&rsquo;est vrai avec de l&rsquo;\u00e9criture.<\/strong> <\/p>\n\n\n\n<p><strong>Klima\u00a0:<\/strong> Vous avez des exemples&nbsp;? <\/p>\n\n\n\n<p><strong>LC\u00a0:<\/strong> Un photographe peut photographier un micro-d\u00e9tail d&rsquo;un iceberg qui fait 100 m\u00e8tres de long qui prouve une inclusion rocheuse \u00e0 l\u2019int\u00e9rieur alors que, vous, vous \u00eates en train de l\u2019\u00e9couter fondre. Et l\u00e0, ensuite, quand vous regardez cette photo-l\u00e0, vous \u00eates en train d&rsquo;expliquer \u00e0 peu pr\u00e8s l&rsquo;\u00e2ge de la glace ou pourquoi il y a une inclusion rocheuse \u00e0 l&rsquo;int\u00e9rieur. Et cela permet des allers et retours en terme de production photographique qui sont super int\u00e9ressants. <\/p>\n\n\n\n<p>Ce qui a \u00e9t\u00e9 le plus int\u00e9ressant est le long\ncourt. C\u2019est \u00e0 dire que l\u2019on n&rsquo;a pas\nfait des r\u00e9sidences d\u2019artistes courtes. On a r\u00e9p\u00e9t\u00e9 l&rsquo;exp\u00e9rience sur les m\u00eames\nsites, avec les m\u00eames personnes, de fa\u00e7on\nsuccessive pendant 4, 5, 6 ans. \u00c9videmment,\nles photographies, la perception, l&rsquo;analyse des photographies par les chercheurs\nou la nature des photographies prises par le photographe ont \u00e9norm\u00e9ment \u00e9volu\u00e9\npendant ces six ann\u00e9es-l\u00e0. Je prends maintenant cela comme une exp\u00e9rience\nscientifique avec une hypoth\u00e8se de d\u00e9part\nsimple&nbsp;: on va y trouver des b\u00e9n\u00e9fices et une fa\u00e7on de r\u00e9fl\u00e9chir diff\u00e9rente \u00e0 la fin.<\/p>\n\n\n\n<p><strong>Klima\u00a0:<\/strong> Se dire qu\u2019une coquille Saint-Jacques, ce que l\u2019on retrouve le plus souvent comme vous d\u00eetes dans notre assiette \u00e0 No\u00ebl, est aussi quelque chose qui ressent, qui peut prendre des d\u00e9cisions, qui peut faire des choix, qui peut communiquer avec d\u2019autres, c\u2019est d\u00e9j\u00e0 passionnant \u00e0 transmettre.<\/p>\n\n\n\n<p><strong>LC\u00a0:<\/strong> C\u2019est exactement le premier niveau de lecture qu&rsquo;imposent les artistes. Donc, on est oblig\u00e9 de revenir \u00e0 quelque chose qui, finalement, rend intelligible les raisons pour lesquelles on fait de la recherche, c&rsquo;\u00e9tait \u00e0 dire oui, \u00e7a a des pr\u00e9dateurs, oui, et \u00e7a a des yeux, \u00e7a sent, \u00e7a go\u00fbte. <strong>Essayer que quelqu&rsquo;un se mette \u00e0 la place d&rsquo;une coquille Saint-Jacques avec les outils dont elle dispose pour percevoir son environnement est un exercice v\u00e9ritablement int\u00e9ressant.<\/strong><\/p>\n\n\n\n<p><strong>Klima\u00a0:<\/strong> Aujourd\u2019hui, on sent une difficult\u00e9 \u00e0 prendre en compte les changements climatiques du fait d&rsquo;une lacune de la perception de ce qui change, ce qui \u00e9volue, ce qui se transforme constamment. C\u2019est la notion de mouvement perp\u00e9tuel. La mani\u00e8re d&rsquo;aborder ces probl\u00e9matiques est souvent tr\u00e8s anxiog\u00e8ne, culpabilisante et partielle. Ces questionnements vous touchent-ils et sont-ils pr\u00e9sents dans votre travail&nbsp;? <\/p>\n\n\n\n<p><strong>LC\u00a0:<\/strong> Oui, ils sont pr\u00e9sents. Ils me touchent parce que <strong>je suis plongeur, donc j&rsquo;ai une perception des variations du littoral qui est assez diff\u00e9rente probablement de celle de mes coll\u00e8gues qui ne plongent pas. C\u2019est \u00e0 dire que lorsque vous mettez la t\u00eate sous l&rsquo;eau en Bretagne vous voyez d\u00e9j\u00e0 des poissons qui n\u2019ont rien \u00e0 faire l\u00e0, ou qui n&rsquo;\u00e9taient pas l\u00e0 il y a 25 ans. Vous voyez d\u00e9j\u00e0 une faune qui a chang\u00e9, des animaux qui ont d\u00e9j\u00e0 migr\u00e9 vers le nord. Notre \u00e9cosyst\u00e8me est en train de se r\u00e9chauffer, des esp\u00e8ces disparaissent parce qu\u2019elles ont trop chaud, et des esp\u00e8ces qui avaient trop froid ont trouv\u00e9 refuge dans ces eaux plus temp\u00e9r\u00e9es. On a m\u00eame des esp\u00e8ces qui sont pass\u00e9es en Bretagne et qui sont maintenant au nord de la France. Elles ont d\u00e9j\u00e0 atteint la fronti\u00e8re belge. C&rsquo;est d\u00e9j\u00e0 une perception bizarre que de se dire qu\u2019\u00e0 l&rsquo;\u00e9chelle d&rsquo;une g\u00e9n\u00e9ration de chercheurs, et donc d\u2019hommes, on a vu changer l\u2019oc\u00e9an \u00e0 cause de la temp\u00e9rature.<\/strong> <\/p>\n\n\n\n<p>L\u2019Arctique est diff\u00e9rent. Ce n\u2019est pas une subtilit\u00e9 de r\u00e9sultats scientifiques r\u00e9serv\u00e9e \u00e0 ceux qui\nscrutent la nature tr\u00e8s finement. <strong>L&rsquo;observation y est directe, brutale. Vous regardez\ndes images de vos<\/strong><strong> coll\u00e8<\/strong><strong>gues\nprises il y a 15 ans pour la partie nord du Spitzberg et le simple souvenir que\nvous en aviez a d\u00e9j\u00e0 chang\u00e9. M\u00eame le trait de c\u00f4te a chang\u00e9 puisque les\nglaciers sont en train de se retirer. La couleur de l&rsquo;eau change, la pr\u00e9sence\ndes grandes algues est en train de varier etc. Ce n\u2019est plus un \u00e9cosyst<\/strong><strong>\u00e8<\/strong><strong>me en changement, c\u2019est un\nbouleversement.<\/strong><\/p>\n\n\n\n<p><strong>Klima\u00a0:<\/strong> D\u2019un point de vue plus large sur le temps long, pouvez-vous vraiment d\u00e9crire une acc\u00e9l\u00e9ration de ces changements, du temps de votre v\u00e9cu par rapport aux g\u00e9n\u00e9rations pr\u00e9c\u00e9dentes, sur les territoires littoraux que vous avez parcourus&nbsp;?<\/p>\n\n\n\n<p><strong>LC\u00a0:<\/strong> Pour ce qui est de l\u2019\u00e9cosyst\u00e8me de la rade de Brest, il existe de vrais paradoxes. Des parties de cet \u00e9cosyst\u00e8me pr\u00e9sentent une biodiversit\u00e9 et des arrangements d&rsquo;esp\u00e8ces, ce que l\u2019on appelle des communaut\u00e9s ou des habitats, qui sont \u00e9tonnamment p\u00e9rennes. On a l&rsquo;impression que les moines qui les d\u00e9crivaient au 17\u00e8me si\u00e8cle ont d\u00e9crit la m\u00eame chose que ce que l\u2019on voit aujourd&rsquo;hui. <strong>Il y a donc encore des parties de cette Bretagne qui sont incroyablement intactes. Mais, \u00e0 c\u00f4t\u00e9 de \u00e7a, des parties de l&rsquo;\u00e9cosyst\u00e8me ont vu prolif\u00e9rer la cr\u00e9pidule, dispara\u00eetre ou prolif\u00e9rer des \u00e9toiles de mer, dispara\u00eetre des ascidies etc. Les moules ont compl\u00e8tement disparu r\u00e9cemment. Cela vous donne une impression d&rsquo;instabilit\u00e9. Cela ne fait pas bon m\u00e9nage avec ce que l\u2019on appelle un \u00e9cosyst\u00e8me sain. Se superposent l\u00e0-dessus aujourd\u2019hui un changement climatique, des r\u00e9chauffements, des p\u00e9riodes estivales tr\u00e8s chaudes, des probl\u00e8mes d&rsquo;oxyg\u00e8ne dans l\u2019eau, de d\u00e9veloppement d&rsquo;algues toxiques qui n&rsquo;\u00e9taient pas pr\u00e9sents en rade de Brest et en Bretagne avant la fin des ann\u00e9es 1970. <\/strong>On y retrouve tous les ans maintenant des algues r\u00e9ellement toxiques pour l&rsquo;homme, mais aussi pour la faune. On a une esp\u00e8ce de cocktail dont on ne conna\u00eet pas bien la composition des stress qu\u2019auront \u00e0 encaisser les \u00e9cosyst\u00e8mes c\u00f4tiers. Vous ne savez pas trop quelles sont les doses, mais on a mis un petit peu de sel, un peu de toxique, un peu de chaleur, un peu moins d\u2019oxyg\u00e8ne et un peu plus de m\u00e9taux lourds. L\u00e0 on a enlev\u00e9 le tributyl\u00e9tain mais il est encore dans la vase. Vous avez entendu parler de ce toxique qui \u00e9tait utilis\u00e9 dans les peintures antifouling? Il est maintenant interdit mais il est quand m\u00eame dans les s\u00e9diments. C&rsquo;est comme les plombs et mercures qui sont \u00e0 l&rsquo;origine contenus dans les mines argentif\u00e8res des bassins versants de la rade de Brest, qui \u00e9taient d\u00e9j\u00e0 exploit\u00e9es \u00e0 la p\u00e9riode romaine. Il y en a dans les s\u00e9diments de l\u2019Aulne. Et remobiliser \u00e7a, c&rsquo;est \u00e0 nouveau contaminer la rade de Brest. Vous voyez, on a \u00e0 g\u00e9rer un cocktail de stress et, dans le paysage, vient d&rsquo;appara\u00eetre depuis une trentaine d&rsquo;ann\u00e9es, 40 ann\u00e9es, des difficult\u00e9s li\u00e9es aux changements climatiques.<\/p>\n\n\n\n<p><strong>Klima\u00a0:<\/strong> Vos recherches ont aussi d\u00e9marr\u00e9 gr\u00e2ce \u00e0 la sph\u00e8re politique. C\u2019\u00e9tait une commande de regarder pourquoi il n&rsquo;y avait plus de coquilles Saint-Jacques dans la rade. Est-ce que vous avez toujours des liens avec le politique de cette mani\u00e8re-l\u00e0, ou avec des sujets qui font actualit\u00e9&nbsp;? Quelle est votre posture dans ces cas-l\u00e0&nbsp;? Militant&nbsp;? Passeur de messages&nbsp;?<\/p>\n\n\n\n<p><strong>LC\u00a0:<\/strong> En rade de Brest je n&rsquo;ai plus du tout cette attirance-l\u00e0. J&rsquo;en ai fait passer pendant 25 ans, des messages. Je pense que l\u2019une des raisons pour laquelle j&rsquo;ai envie d&rsquo;inventer en faisant ce tuilage entre l&rsquo;art et la science, c&rsquo;est justement de d\u00e9passer cela. J&rsquo;ai cette impression d&rsquo;\u00eatre extr\u00eamement anxiog\u00e8ne, class\u00e9 \u00e9colo-extr\u00e9miste. De plus, il faut comprendre que le fonctionnement d\u2019un \u00e9cosyst\u00e8me c\u00f4tier est au moins aussi complexe qu&rsquo;un corps humain. Lorsque vous allez voir votre m\u00e9decin, il ne vous fait pas un cours de m\u00e9decine pendant 5 heures pour vous expliquer que vous avez un rhume. Et quand vous venez voir Laurent Chauvaud et que vous demandez un avis, il y a perte de confiance parce que j\u2019ai besoin d&rsquo;expliquer des choses qui sont des paradigmes qui ne s&rsquo;expliquent pas en 5 minutes, pas dans le cadre d&rsquo;une conf\u00e9rence, pas au journal t\u00e9l\u00e9vis\u00e9 de TF1. <strong>Il y a une vraie limite entre la complexit\u00e9 de l&rsquo;objet \u00e9tudi\u00e9 et la complexit\u00e9 des r\u00e9sultats et le temps d&rsquo;\u00e9coute disponible. D&rsquo;o\u00f9 mon extr\u00eame sensibilit\u00e9 \u00e0 comment l\u2019on fait pour que les gens soient attentifs et curieux pendant une p\u00e9riode sup\u00e9rieure \u00e0 20 secondes&nbsp;?<\/strong> <\/p>\n\n\n\n<p><strong>Klima\u00a0:<\/strong> L\u2019image que vous donnez des m\u00e9decins est int\u00e9ressante, parce que l\u2019on voit un m\u00e9decin quand on va mal. Comment fait-on pour parler avant les crises majeures, avant que tout le monde ait peur, avant qu&rsquo;il faille agir dans l\u2019urgence&nbsp;?<\/p>\n\n\n\n<p><strong>LC\u00a0:<\/strong> Les Bretons, de catastrophe en catastrophe, se sont fait une philosophie de la n\u00e9cessit\u00e9 d&rsquo;une mesure continue face aux d\u00e9gradations et pour l&rsquo;\u00e9tat de sant\u00e9, au moins de sa biodiversit\u00e9. On est pas trop mal plac\u00e9 en Bretagne l\u00e0-dessus. Ce n\u2019est pas le cas partout. L&rsquo;image de la m\u00e9decine n\u2019est pas mauvaise parce que la question que l\u2019on nous pose r\u00e9guli\u00e8rement, ce n\u2019est pas \u00ab\u00a0combien y a-t-il de vers marins en rade de Brest&nbsp;?\u00a0\u00bb. C\u2019est \u00ab\u00a0comment va la mer&nbsp;?\u00a0\u00bb\u00a0. M\u00eame mieux que \u00e7a\u00a0: \u00ab\u00a0comment va la rade de Brest&nbsp;?\u00a0\u00bb. Pour continuer le parall\u00e8le avec la m\u00e9decine, on arrive seulement au stade o\u00f9 l\u2019on a invent\u00e9 le st\u00e9thoscope. On sait probablement faire un bilan sanguin, on sait mesurer la temp\u00e9rature. Mais on n\u2019a pas invent\u00e9 l&rsquo;IRM. On ne sait pas faire un \u00e9lectrocardiogramme, on n&rsquo;a pas invent\u00e9 la radiologie.<strong> On a plein de choses encore \u00e0 inventer pour \u00e9tudier quelque chose, je le r\u00e9p\u00e8te, d\u2019au moins aussi complexe qu\u2019un corps humain. <\/strong><\/p>\n\n\n\n<p><strong>Klima\u00a0:<\/strong> Qu&rsquo;est-ce qui vous int\u00e9resse dans l&rsquo;\u00e9tude d&rsquo;une seule famille d&rsquo;\u00eatres vivants au point d&rsquo;y avoir consacr\u00e9 toutes vos recherches&nbsp;?<\/p>\n\n\n\n<p><strong>LC\u00a0:<\/strong> C&rsquo;est vrai que cela para\u00eet extr\u00eamement curieux mais, finalement, il y a un univers qui s&rsquo;ouvre dans l&rsquo;infiniment petit. Et c&rsquo;est vrai dans l&rsquo;infiniment pr\u00e9cis. Contrairement \u00e0 l&rsquo;id\u00e9e que l\u2019on peut s&rsquo;en faire, se focaliser sur une esp\u00e8ce, ou en l\u2019occurrence ici une famille, n\u2019aura \u00e9t\u00e9 ni un cul-de-sac, ni un r\u00e9tr\u00e9cissement dans la nature des recherches, mais bien au contraire un \u00e9ventail d&rsquo;activit\u00e9s de plus en plus vari\u00e9es. <strong>J\u2019ai commenc\u00e9 par l&rsquo;\u00e9tude de la coquille Saint-Jacques pour r\u00e9pondre \u00e0 des questions de p\u00eacheries. \u00ab\u00a0Est-ce que les Bretons ou les Brestois auront, dans 50 ans encore, des coquilles Saint-Jacques \u00e0 p\u00eacher&nbsp;?\u00a0\u00bb De cette question simple, tr\u00e8s appliqu\u00e9e, est n\u00e9e la question&nbsp;: \u00ab\u00a0est-ce que l&rsquo;on peut lire l&rsquo;\u00e2ge d&rsquo;une coquille Saint-Jacques&nbsp;?\u00a0\u00bb Si l&rsquo;on peut lire son \u00e2ge, on s&rsquo;aper\u00e7oit qu\u2019elle a bon go\u00fbt de d\u00e9poser une marque journali\u00e8re \u00e0 sa surface. De cette marque na\u00eet l&rsquo;id\u00e9e que, finalement, on a la possibilit\u00e9 de mesurer la r\u00e9ponse d&rsquo;un organisme marin \u00e0 son environnement \u00e0 l&rsquo;\u00e9chelle du jour. <\/strong>Puis, de fa\u00e7on compl\u00e8tement fortuite, on finit par se dire que si l\u2019on fait un peu de chimie l\u00e0-dedans, on va trouver des traces de la temp\u00e9rature et quelques \u00e9l\u00e9ments chimiques qui ont le bon go\u00fbt de moucharder sur la variation de la temp\u00e9rature de l&rsquo;eau de mer. On se dit que c&rsquo;est non seulement une archive mais aussi un thermom\u00e8tre qui archive les valeurs de la temp\u00e9rature, puis de la salinit\u00e9, puis de la quantit\u00e9 d\u2019oxyg\u00e8ne etc. On a finalement trouv\u00e9 des m\u00e9thodes pour archiver les propri\u00e9t\u00e9s de l\u2019eau, par les coquilles Saint-Jacques. <strong>On est pass\u00e9 de \u00ab\u00a0on va la manger\u00a0\u00bb \u00e0 \u00ab\u00a0c&rsquo;est un outil scientifique qui permet de retracer comment la mer a \u00e9volu\u00e9 \u00e0 l&rsquo;\u00e9chelle du jour\u00a0\u00bb. Aujourd&rsquo;hui, on est \u00e0 l&rsquo;\u00e9chelle de dix minutes. Toutes les dix minutes, une coquille Saint-Jacques peut nous dire quelle est la temp\u00e9rature de l&rsquo;eau pendant sa vie. <\/strong>Et effectivement, c\u2019est une coquille Saint-Jacques, mais comme d&rsquo;autres \u00e9tudient une souris pour \u00e9tudier les propri\u00e9t\u00e9s anticanc\u00e9reuses d&rsquo;une substance, ce n&rsquo;est pas la souris qui les int\u00e9ressent, c&rsquo;est bien le cancer.<\/p>\n\n\n\n<p><strong>Klima\u00a0:<\/strong> Cette lecture du pass\u00e9, \u00e0 travers cette machine \u00e0 remonter le temps, vous donne-t-elle envie d&rsquo;influer sur l\u2019avenir&nbsp;?<\/p>\n\n\n\n<p><strong>LC\u00a0:<\/strong> Oui, c\u2019est un de mes espoirs. Le premier, c&rsquo;est d&rsquo;attirer des \u00e9tudiants et de d\u00e9montrer que l&rsquo;\u00e9tude d&rsquo;un invert\u00e9br\u00e9 peut \u00e9clairer sur les ravages d\u2019activit\u00e9s anthropiques pass\u00e9es. Et, \u00e0 l&rsquo;inverse, comme on peut remonter sur des p\u00e9riodes de temps ou dans des \u00e9cosyst\u00e8mes que l\u2019on n&rsquo;a pas encore impact\u00e9s, on peut remonter \u00e0 des p\u00e9riodes o\u00f9 il n&rsquo;y a pas de dragage, pas de contamination par les ports, etc. On peut encore aujourd&rsquo;hui d\u00e9finir ce qui \u00e9tait la normale. C&rsquo;est l\u2019une des difficult\u00e9s une fois que vous avez tout bousill\u00e9, vous \u00eates dans des environnements qui sont d\u00e9j\u00e0 fortement agress\u00e9s, vous n\u2019avez pas la possibilit\u00e9 de savoir quelle \u00e9tait la condition normale de vie, la r\u00e9ponse normale d\u2019une coquille Saint-Jacques. <\/p>\n\n\n\n<p><strong>\u00c0 l\u2019avenir, ce que je pr\u00e9dis c&rsquo;est que l\u2019on utilisera la coquille\nSaint-Jacques comme un syst<\/strong><strong>\u00e8<\/strong><strong>me\nd&rsquo;alerte, comme les oies du Capitole. Une coquille Saint-Jacques qui fait des\nmouvements anormaux, on ira vers les sciences de l&rsquo;ing\u00e9nieur qui sauront l\u2019<\/strong><strong>instrument<\/strong><strong>er, l\u2019analyser et pourront alerter\nune population si n\u00e9cessaire. Ce sera le cas de la rade de Brest. La version\nalerte est notre avenir. Je pr\u00e9dis que d\u2019ici une vingtaine d&rsquo;ann\u00e9es ou une\ntrentaine d\u2019ann\u00e9es on en sera capable. Par la coquille Saint-Jacques, ou\nd\u2019autres, on utilisera la nature pour la prot\u00e9ger elle-m\u00eame.<\/strong><\/p>\n\n\n\n<p><strong>Aujourd\u2019hui, les capteurs qui sont dans l&rsquo;eau sont des capteurs\nphysiques et de pression, de temp\u00e9rature, de pH. On s&rsquo;approche de la chimie,\ntr\u00e8s, tr\u00e8s peu de la biologie. Il y a tr\u00e8s peu de capteurs immerg\u00e9s en mer, voire\npas du tout, qui sont proches de la biologie.<\/strong> Le peu qu&rsquo;on ait, ils \u00e9coutent\ndes baleines, des sons, \u00e7a, \u00e7a marche bien. La puissance vers le grand public,\nquand vous d\u00eetes \u00ab&nbsp;j&rsquo;entends chanter des baleines&nbsp;\u00bb ou si vous dites\n\u00ab&nbsp;j&rsquo;entends chanter les coquilles Saint-Jacques&nbsp;\u00bb, et que vous leur\nd\u00eetes, \u00ab&nbsp;ce chant-l\u00e0 devient un syst\u00e8me d\u2019alerte&nbsp;\u00bb, vous avez double\nint\u00e9r\u00eat&nbsp;: un int\u00e9r\u00eat scientifique, un int\u00e9r\u00eat de l&rsquo;alerte et du transfert de\nconnaissances ou du transfert vers le grand public.<\/p>\n\n\n\n<p><strong>Klima\u00a0:<\/strong> Et si vous \u00e9tiez interrog\u00e9 pour une consultation citoyenne, un projet, o\u00f9 l\u2019on vous donne un budget illimit\u00e9, qu\u2019est-ce que vous voudriez faire&nbsp;?<\/p>\n\n\n\n<p><strong>LC\u00a0:<\/strong> Personnellement je donnerai d\u2019abord des cours d&rsquo;\u00e9cologie globale \u00e0 l&rsquo;\u00c9cole polytechnique et \u00e0 l\u2019ENA. L\u2019argent le mieux d\u00e9pens\u00e9 du monde ce serait \u00e7a. Il faut bien imaginer que nos d\u00e9cideurs, au plus haut niveau, la derni\u00e8re fois qu&rsquo;ils ont eu un cours de biologie c&rsquo;\u00e9tait en troisi\u00e8me. On est en train de parler d\u2019un monde en p\u00e9ril. L\u2019\u00e9cologie devient un sujet central \u00e0 toutes les \u00e9lections et \u00e0 tous les niveaux, et les gens pour qui l\u2019on vote au plus haut niveau ne sont pas capables de d\u00e9finir les termes de cha\u00eene alimentaire, de photosynth\u00e8se, ne sont pas capables de dessiner le cycle du carbone et d\u2019expliquer pourquoi le CO2 s&rsquo;en va \u00e0 hauteur de 20 gigatonnes dans l&rsquo;oc\u00e9an chaque ann\u00e9e. <strong>Je pense qu&rsquo;il y a une urgence \u00e0 prendre des d\u00e9cisions. C&rsquo;est notre g\u00e9n\u00e9ration, la mienne, la v\u00f4tre, maintenant qui doit d\u00e9cider, et pas ceux qui sont \u00e0 la maternelle et qui prendront le relais dans 50 ans. C\u2019est cuit \u00e7a.<\/strong> Je suis en train de parler de quatre heures de cours. Cela suffira. Il faudrait avoir trois concepts ou cinq paradigmes en t\u00eate. C\u2019est tout.<\/p>\n\n\n\n<p><strong>Klima\u00a0:<\/strong> Et quand vous parlez de temps, vous pensez que c&rsquo;est quelles \u00e9chelles de temps\u00a0?<\/p>\n\n\n\n<p><strong>LC\u00a0:<\/strong> <strong>C&rsquo;est pas moi qui le dit, le GIEC. Si dans la dizaine d&rsquo;ann\u00e9es, on n&rsquo;a pas r\u00e9agi franchement et massivement, je me rends bien compte que \u00e7a va \u00eatre tr\u00e8s, tr\u00e8s, tr\u00e8s dur.<\/strong><\/p>\n\n\n\n<p><strong>Dans les r\u00e9unions que j\u2019ai avec des p\u00eacheurs, on se pose des\nquestions \u00e0 deux ans, mais \u00e0 dix ans, vous allez changer de vocabulaire. Les\nquestions ne sont plus les m\u00eames. Il y a une forme d\u2019autisme. Pas individuel,\nun autisme d&rsquo;une soci\u00e9t\u00e9.<\/strong><strong><\/strong><\/p>\n\n\n\n<p><strong>Klima\u00a0:<\/strong> Quels sont les liens aux vivants qui sont importants pour vous&nbsp;?<\/p>\n\n\n\n<p><strong>LC\u00a0:<\/strong> Je ne peux pas analyser pourquoi on a d\u00e9rap\u00e9 \u00e0 ce point-l\u00e0, parce que moi, je viens d&rsquo;un milieu extr\u00eamement rural. Mes parents et mes grands-parents \u00e9taient agriculteurs. La relation au vivant \u00e9tait respectueuse. Mais ces gens-l\u00e0 \u00e9taient esclaves de leurs animaux. C\u2019est-\u00e0-dire qu\u2019ils y mettaient une attention incroyable, se lever le matin et se coucher le soir en \u00e9tant extr\u00eamement attentifs au bien-\u00eatre, pour des raisons de production. <strong>Ils ont parl\u00e9 de la nature de ces animaux au quotidien. C&rsquo;\u00e9tait une n\u00e9cessit\u00e9, et donc \u00e7a faisait partie du vocabulaire, de la culture. Donc, \u00e9videmment, m\u00eame \u00e7a a disparu, m\u00eame sur les animaux terrestres. Pour la partie marine, d\u00e9j\u00e0 on part avec un handicap parce qu\u2019il y a une \u00e9norme part de la biodiversit\u00e9 et des animaux marins qui ne sont pas visibles au quotidien. Ils sont visibles dans les livres de photographies et sont visibles pour une petite partie de notre humanit\u00e9 qui est l\u00e0 pour t\u00e9moigner que \u00e7a existe. Mais finalement, vous voyez pas que la relation est d\u00e9j\u00e0 entach\u00e9e d&rsquo;un sacr\u00e9 biais.<\/strong><\/p>\n\n\n\n<p><strong>Klima\u00a0:<\/strong> Nous allons finir sur trois questions\u00a0: en temps difficiles, quel serait votre lieu refuge&nbsp;? <\/p>\n\n\n\n<p><strong>LC\u00a0:<\/strong>\u00a0 C&rsquo;est marrant parce que cette question s&rsquo;est pos\u00e9e, l\u00e0, r\u00e9cemment. Temps difficiles\u2026 on vient de sortir de temps difficiles. Difficiles dans le sens apocalyptiques, ou\u2026&nbsp;? <\/p>\n\n\n\n<p><strong>Klima\u00a0:<\/strong> Comme vous voulez.<\/p>\n\n\n\n<p><strong>LC\u00a0:<\/strong> Moi, je suis vraiment, vraiment, vraiment bien au Groenland. En aucun cas je descends au sud. L\u2019Aber Wrac&rsquo;h me va bien. Je suis vraiment bien dans ce type d&rsquo;endroits. Mais j&rsquo;ai ce luxe, alors c&rsquo;est un peu d\u00e9gueulasse de dire \u00e7a, mais ce luxe d&rsquo;avoir plein de place autour et j&rsquo;ai plein de terrains et pas de voisins. <\/p>\n\n\n\n<p><strong>Klima\u00a0:<\/strong> C&rsquo;est l\u00e0 o\u00f9 vous habitez&nbsp;? <\/p>\n\n\n\n<p><strong>LC\u00a0:<\/strong> Oui, je suis bien, je peux rester l\u00e0. C&rsquo;est encore en altitude. La mer peut monter. Et j&rsquo;ai un jardin. Le concept d&rsquo;oasis marche bien chez moi. J\u2019\u00e9l\u00e8ve des poulets et des moutons. J&rsquo;ai une serre et un grand jardin potager. Je peux parler de circuit court \u00e0 qui veut, c&rsquo;est de l\u2019ultra court chez moi.<\/p>\n\n\n\n<p><strong>Klima\u00a0:<\/strong> Si vous aviez des antennes de langoustines, vous aimeriez capter quoi&nbsp;? <\/p>\n\n\n\n<p><strong>LC\u00a0:<\/strong> C&rsquo;est peut-\u00eatre une forme de musique. Je ne sais pas ce qu&rsquo;il y a dans un cerveau de langouste, l\u00e0, si \u00e7a se trouve, elles entendent une musique alors moi je veux bien \u00e9couter ce qu&rsquo;elle entendent. Il y a surement une esp\u00e8ce de chorus qui est beaucoup plus organis\u00e9, qui suit des rythmes aujourd&rsquo;hui et qui suit des saisons. Il y a au moins ce rythme-l\u00e0. Apr\u00e8s, des rythmes au sein de la journ\u00e9e beaucoup plus rapides.<\/p>\n\n\n\n<p><strong>Klima\u00a0:<\/strong> Si vous \u00e9tiez un autre \u00eatre vivant qui peuple notre terre, un animal, un v\u00e9g\u00e9tal ou un rocher, qui vit soit dans la mer, dans les profondeurs ou dans les marais, vous seriez quoi&nbsp;? <\/p>\n\n\n\n<p><strong>LC\u00a0:<\/strong> Il y a une bestiole qui me fascine, un groupe de bestioles. C&rsquo;est en Antarctique. Un animal qui s&rsquo;appelle un pycnogonide. <\/p>\n\n\n\n<p><strong>Klima\u00a0:<\/strong> \u00c0 quoi \u00e7a ressemble&nbsp;? <\/p>\n\n\n\n<p><strong>LC\u00a0:<\/strong> C\u2019est entre un insecte et un d\u00e9capode, entre une araign\u00e9e de mer et un insecte. Et\u00a0 le seul truc qui m&#8217;emmerde, pour r\u00e9pondre \u00e0 cette question, c\u2019est que je ne sais pas combien de temps \u00e7a vit.<\/p>\n\n\n\n<p><strong>Klima\u00a0:<\/strong> Vous voulez vivre longtemps&nbsp;? <\/p>\n\n\n\n<p><strong>LC\u00a0:<\/strong> Un peu\u2026, parce qu&rsquo;il n&rsquo;y a plein de bestioles marines qui ne vivent que six mois. <\/p>\n\n\n\n<p><strong>Klima\u00a0:<\/strong> Elles ont peut-\u00eatre l&rsquo;impression de vivre longtemps\u00a0?<\/p>\n\n\n\n<p><strong>LC\u00a0:<\/strong> \u00c7a c\u2019est vrai, mais il ne faut pas me demander cet effort d&rsquo;abstraction-l\u00e0. Mais en Antarctique, on vit longtemps, c&rsquo;est \u00e7a qui est bien. Et c&rsquo;est simplement beau. Donc je veux bien \u00eatre un pycnogonide en Antarctique. Et puis c&rsquo;est le m\u00e2le qui porte les \u0153ufs. <\/p>\n\n\n\n<div style=\"height:100px\" aria-hidden=\"true\" class=\"wp-block-spacer\"><\/div>\n\n\n\n<figure class=\"wp-block-image size-large\"><img loading=\"lazy\" decoding=\"async\" width=\"1024\" height=\"683\" src=\"https:\/\/tatataaaaa.com\/newklima\/wp-content\/uploads\/2022\/12\/IMG_0146-1024x683.jpg\" alt=\"\" class=\"wp-image-7252\" srcset=\"https:\/\/tatataaaaa.com\/newklima\/wp-content\/uploads\/2022\/12\/IMG_0146-1024x683.jpg 1024w, https:\/\/tatataaaaa.com\/newklima\/wp-content\/uploads\/2022\/12\/IMG_0146-300x200.jpg 300w, https:\/\/tatataaaaa.com\/newklima\/wp-content\/uploads\/2022\/12\/IMG_0146-768x512.jpg 768w, https:\/\/tatataaaaa.com\/newklima\/wp-content\/uploads\/2022\/12\/IMG_0146-1536x1024.jpg 1536w, https:\/\/tatataaaaa.com\/newklima\/wp-content\/uploads\/2022\/12\/IMG_0146-2048x1365.jpg 2048w\" sizes=\"auto, (max-width: 1024px) 100vw, 1024px\" \/><\/figure>\n\n\n\n<figure class=\"wp-block-gallery columns-2 is-cropped wp-block-gallery-1 is-layout-flex wp-block-gallery-is-layout-flex\"><ul class=\"blocks-gallery-grid\"><li class=\"blocks-gallery-item\"><figure><img loading=\"lazy\" decoding=\"async\" width=\"1024\" height=\"683\" src=\"https:\/\/tatataaaaa.com\/newklima\/wp-content\/uploads\/2022\/12\/IMG_01482-1024x683.jpg\" alt=\"\" data-id=\"7263\" data-full-url=\"https:\/\/tatataaaaa.com\/newklima\/wp-content\/uploads\/2022\/12\/IMG_01482-scaled.jpg\" data-link=\"https:\/\/tatataaaaa.com\/newklima\/portrait\/laurent-chauvaud\/img_01482\/\" class=\"wp-image-7263\" srcset=\"https:\/\/tatataaaaa.com\/newklima\/wp-content\/uploads\/2022\/12\/IMG_01482-1024x683.jpg 1024w, https:\/\/tatataaaaa.com\/newklima\/wp-content\/uploads\/2022\/12\/IMG_01482-300x200.jpg 300w, https:\/\/tatataaaaa.com\/newklima\/wp-content\/uploads\/2022\/12\/IMG_01482-768x512.jpg 768w, https:\/\/tatataaaaa.com\/newklima\/wp-content\/uploads\/2022\/12\/IMG_01482-1536x1024.jpg 1536w, https:\/\/tatataaaaa.com\/newklima\/wp-content\/uploads\/2022\/12\/IMG_01482-2048x1365.jpg 2048w\" sizes=\"auto, (max-width: 1024px) 100vw, 1024px\" \/><\/figure><\/li><li class=\"blocks-gallery-item\"><figure><img loading=\"lazy\" decoding=\"async\" width=\"1024\" height=\"683\" src=\"https:\/\/tatataaaaa.com\/newklima\/wp-content\/uploads\/2022\/12\/IMG_0139-1024x683.jpg\" alt=\"\" data-id=\"7253\" class=\"wp-image-7253\" srcset=\"https:\/\/tatataaaaa.com\/newklima\/wp-content\/uploads\/2022\/12\/IMG_0139-1024x683.jpg 1024w, https:\/\/tatataaaaa.com\/newklima\/wp-content\/uploads\/2022\/12\/IMG_0139-300x200.jpg 300w, https:\/\/tatataaaaa.com\/newklima\/wp-content\/uploads\/2022\/12\/IMG_0139-768x512.jpg 768w, https:\/\/tatataaaaa.com\/newklima\/wp-content\/uploads\/2022\/12\/IMG_0139-1536x1024.jpg 1536w, https:\/\/tatataaaaa.com\/newklima\/wp-content\/uploads\/2022\/12\/IMG_0139-2048x1365.jpg 2048w\" sizes=\"auto, (max-width: 1024px) 100vw, 1024px\" \/><\/figure><\/li><\/ul><\/figure>\n\n\n\n<figure class=\"wp-block-gallery columns-2 is-cropped wp-block-gallery-2 is-layout-flex wp-block-gallery-is-layout-flex\"><ul class=\"blocks-gallery-grid\"><li class=\"blocks-gallery-item\"><figure><img loading=\"lazy\" decoding=\"async\" width=\"1024\" height=\"683\" src=\"https:\/\/tatataaaaa.com\/newklima\/wp-content\/uploads\/2022\/12\/IMG_0161-1-1024x683.jpg\" alt=\"\" data-id=\"7257\" data-link=\"https:\/\/tatataaaaa.com\/newklima\/portrait\/laurent-chauvaud\/img_0161-1\/\" class=\"wp-image-7257\" srcset=\"https:\/\/tatataaaaa.com\/newklima\/wp-content\/uploads\/2022\/12\/IMG_0161-1-1024x683.jpg 1024w, https:\/\/tatataaaaa.com\/newklima\/wp-content\/uploads\/2022\/12\/IMG_0161-1-300x200.jpg 300w, https:\/\/tatataaaaa.com\/newklima\/wp-content\/uploads\/2022\/12\/IMG_0161-1-768x512.jpg 768w, https:\/\/tatataaaaa.com\/newklima\/wp-content\/uploads\/2022\/12\/IMG_0161-1-1536x1024.jpg 1536w, https:\/\/tatataaaaa.com\/newklima\/wp-content\/uploads\/2022\/12\/IMG_0161-1-2048x1365.jpg 2048w\" sizes=\"auto, (max-width: 1024px) 100vw, 1024px\" \/><\/figure><\/li><li class=\"blocks-gallery-item\"><figure><img loading=\"lazy\" decoding=\"async\" width=\"1024\" height=\"683\" src=\"https:\/\/tatataaaaa.com\/newklima\/wp-content\/uploads\/2022\/12\/IMG_0160-1024x683.jpg\" alt=\"\" data-id=\"7258\" data-full-url=\"https:\/\/tatataaaaa.com\/newklima\/wp-content\/uploads\/2022\/12\/IMG_0160-scaled.jpg\" data-link=\"https:\/\/tatataaaaa.com\/newklima\/portrait\/laurent-chauvaud\/img_0160-2\/\" class=\"wp-image-7258\" srcset=\"https:\/\/tatataaaaa.com\/newklima\/wp-content\/uploads\/2022\/12\/IMG_0160-1024x683.jpg 1024w, https:\/\/tatataaaaa.com\/newklima\/wp-content\/uploads\/2022\/12\/IMG_0160-300x200.jpg 300w, https:\/\/tatataaaaa.com\/newklima\/wp-content\/uploads\/2022\/12\/IMG_0160-768x512.jpg 768w, https:\/\/tatataaaaa.com\/newklima\/wp-content\/uploads\/2022\/12\/IMG_0160-1536x1024.jpg 1536w, https:\/\/tatataaaaa.com\/newklima\/wp-content\/uploads\/2022\/12\/IMG_0160-2048x1365.jpg 2048w\" sizes=\"auto, (max-width: 1024px) 100vw, 1024px\" \/><\/figure><\/li><\/ul><\/figure>\n\n\n\n<figure class=\"wp-block-gallery columns-2 is-cropped wp-block-gallery-3 is-layout-flex wp-block-gallery-is-layout-flex\"><ul class=\"blocks-gallery-grid\"><li class=\"blocks-gallery-item\"><figure><img loading=\"lazy\" decoding=\"async\" width=\"1024\" height=\"683\" src=\"https:\/\/tatataaaaa.com\/newklima\/wp-content\/uploads\/2022\/12\/IMG_0145-1024x683.jpg\" alt=\"\" data-id=\"7259\" data-link=\"https:\/\/tatataaaaa.com\/newklima\/portrait\/laurent-chauvaud\/img_0145-2\/\" class=\"wp-image-7259\" srcset=\"https:\/\/tatataaaaa.com\/newklima\/wp-content\/uploads\/2022\/12\/IMG_0145-1024x683.jpg 1024w, https:\/\/tatataaaaa.com\/newklima\/wp-content\/uploads\/2022\/12\/IMG_0145-300x200.jpg 300w, https:\/\/tatataaaaa.com\/newklima\/wp-content\/uploads\/2022\/12\/IMG_0145-768x512.jpg 768w, https:\/\/tatataaaaa.com\/newklima\/wp-content\/uploads\/2022\/12\/IMG_0145-1536x1024.jpg 1536w, https:\/\/tatataaaaa.com\/newklima\/wp-content\/uploads\/2022\/12\/IMG_0145-2048x1365.jpg 2048w\" sizes=\"auto, (max-width: 1024px) 100vw, 1024px\" \/><\/figure><\/li><li class=\"blocks-gallery-item\"><figure><img loading=\"lazy\" decoding=\"async\" width=\"1024\" height=\"683\" src=\"https:\/\/tatataaaaa.com\/newklima\/wp-content\/uploads\/2022\/12\/IMG_0163-1024x683.jpg\" alt=\"\" data-id=\"7260\" data-full-url=\"https:\/\/tatataaaaa.com\/newklima\/wp-content\/uploads\/2022\/12\/IMG_0163-scaled.jpg\" data-link=\"https:\/\/tatataaaaa.com\/newklima\/portrait\/laurent-chauvaud\/img_0163\/\" class=\"wp-image-7260\" srcset=\"https:\/\/tatataaaaa.com\/newklima\/wp-content\/uploads\/2022\/12\/IMG_0163-1024x683.jpg 1024w, https:\/\/tatataaaaa.com\/newklima\/wp-content\/uploads\/2022\/12\/IMG_0163-300x200.jpg 300w, https:\/\/tatataaaaa.com\/newklima\/wp-content\/uploads\/2022\/12\/IMG_0163-768x512.jpg 768w, https:\/\/tatataaaaa.com\/newklima\/wp-content\/uploads\/2022\/12\/IMG_0163-1536x1024.jpg 1536w, https:\/\/tatataaaaa.com\/newklima\/wp-content\/uploads\/2022\/12\/IMG_0163-2048x1365.jpg 2048w\" sizes=\"auto, (max-width: 1024px) 100vw, 1024px\" \/><\/figure><\/li><\/ul><\/figure>\n\n\n\n<div class=\"wp-block-group\"><div class=\"wp-block-group__inner-container is-layout-flow wp-block-group-is-layout-flow\">\n<div style=\"height:36px\" aria-hidden=\"true\" class=\"wp-block-spacer\"><\/div>\n\n\n\n<h2 class=\"wp-block-heading\">Pour en savoir plus&nbsp;:<\/h2>\n\n\n\n<ul class=\"wp-block-list\"><li><a rel=\"noreferrer noopener\" aria-label=\"La conf\u00e9rence donn\u00e9e par Laurent Chauvaud sur son livre \u00ab\u00a0La coquille Saint-Jacques, sentinelle de l\u2019oc\u00e9an\u00a0\u00bb (s\u2019ouvre dans un nouvel onglet)\" href=\"http:\/\/www.pecheapied-loisir.fr\/webinaire-coquille-saint-jacques\/\" target=\"_blank\">La conf\u00e9rence donn\u00e9e par Laurent Chauvaud sur son livre \u00ab\u00a0La coquille Saint-Jacques, sentinelle de l\u2019oc\u00e9an\u00a0\u00bb<\/a>\u00a0 <\/li><li><a rel=\"noreferrer noopener\" aria-label=\"L'entretien de Laurent Chauvaud sur France Inter\u00a0&quot;une vie de plong\u00e9es et de recherche \u00e0 la d\u00e9couverte des coquilles Saint-Jacques&quot; (s\u2019ouvre dans un nouvel onglet)\" href=\"https:\/\/www.radiofrance.fr\/franceinter\/podcasts\/une-journee-particuliere\/laurent-chauvaud-une-vie-de-plongees-et-de-recherche-a-la-decouverte-des-coquilles-saint-jacques-7030478\" target=\"_blank\">L&rsquo;entretien de Laurent Chauvaud sur France Inter\u00a0\u00ab\u00a0une vie de plong\u00e9es et de recherche \u00e0 la d\u00e9couverte des coquilles Saint-Jacques\u00a0\u00bb<\/a><\/li><li> <a href=\"https:\/\/www.fovearts.com\/-Art-et-Sciences-.html?lang=fr\" target=\"_blank\" rel=\"noreferrer noopener\" aria-label=\"Un aper\u00e7u des partenariats arts\/sciences organis\u00e9s par le laboratoire de recherche BeBEST, dirig\u00e9 par Laurent Chauvaud (s\u2019ouvre dans un nouvel onglet)\">Un aper\u00e7u des partenariats arts\/sciences organis\u00e9s par le laboratoire de recherche BeBEST, dirig\u00e9 par Laurent Chauvaud<\/a> <\/li><\/ul>\n<\/div><\/div>\n","protected":false},"featured_media":7263,"template":"","class_list":["post-4091","portrait","type-portrait","status-publish","has-post-thumbnail","hentry"],"yoast_head":"<!-- This site is optimized with the Yoast SEO plugin v24.2 - https:\/\/yoast.com\/wordpress\/plugins\/seo\/ -->\n<title>Laurent Chauvaud ~ Atelier Klima<\/title>\n<meta name=\"robots\" content=\"index, follow, max-snippet:-1, max-image-preview:large, max-video-preview:-1\" \/>\n<link rel=\"canonical\" href=\"https:\/\/tatataaaaa.com\/newklima\/portrait\/laurent-chauvaud\/\" \/>\n<meta property=\"og:locale\" content=\"fr_FR\" \/>\n<meta property=\"og:type\" content=\"article\" \/>\n<meta property=\"og:title\" content=\"Laurent Chauvaud ~ Atelier Klima\" \/>\n<meta property=\"og:description\" content=\"Laurent Chauvaud est directeur de recherche au CNRS, biologiste marin et plongeur. Il est sp\u00e9cialiste des p\u00e9toncles et des coquilles Saint-Jacques qu&rsquo;il observe en plong\u00e9e du p\u00f4le Nord (Spitzberg) au p\u00f4le Sud (terre Ad\u00e9lie), en passant par la rade de Brest, la Mauritanie, la Norv\u00e8ge, le Mexique et la Nouvelle-Cal\u00e9donie. Ses recherches sont centr\u00e9es sur [&hellip;]\" \/>\n<meta property=\"og:url\" content=\"https:\/\/tatataaaaa.com\/newklima\/portrait\/laurent-chauvaud\/\" \/>\n<meta property=\"og:site_name\" content=\"Atelier Klima\" \/>\n<meta property=\"article:modified_time\" content=\"2022-12-10T11:04:25+00:00\" \/>\n<meta property=\"og:image\" content=\"https:\/\/tatataaaaa.com\/newklima\/wp-content\/uploads\/2022\/12\/IMG_01482-scaled.jpg\" \/>\n\t<meta property=\"og:image:width\" content=\"2560\" \/>\n\t<meta property=\"og:image:height\" content=\"1706\" \/>\n\t<meta property=\"og:image:type\" content=\"image\/jpeg\" \/>\n<meta name=\"twitter:card\" content=\"summary_large_image\" \/>\n<meta name=\"twitter:site\" content=\"@Klima_ONG\" \/>\n<meta name=\"twitter:label1\" content=\"Dur\u00e9e de lecture estim\u00e9e\" \/>\n\t<meta name=\"twitter:data1\" content=\"31 minutes\" \/>\n<script type=\"application\/ld+json\" class=\"yoast-schema-graph\">{\"@context\":\"https:\/\/schema.org\",\"@graph\":[{\"@type\":\"WebPage\",\"@id\":\"https:\/\/tatataaaaa.com\/newklima\/portrait\/laurent-chauvaud\/\",\"url\":\"https:\/\/tatataaaaa.com\/newklima\/portrait\/laurent-chauvaud\/\",\"name\":\"Laurent Chauvaud ~ Atelier Klima\",\"isPartOf\":{\"@id\":\"https:\/\/tatataaaaa.com\/newklima\/#website\"},\"primaryImageOfPage\":{\"@id\":\"https:\/\/tatataaaaa.com\/newklima\/portrait\/laurent-chauvaud\/#primaryimage\"},\"image\":{\"@id\":\"https:\/\/tatataaaaa.com\/newklima\/portrait\/laurent-chauvaud\/#primaryimage\"},\"thumbnailUrl\":\"https:\/\/tatataaaaa.com\/newklima\/wp-content\/uploads\/2022\/12\/IMG_01482-scaled.jpg\",\"datePublished\":\"2021-01-21T14:13:56+00:00\",\"dateModified\":\"2022-12-10T11:04:25+00:00\",\"breadcrumb\":{\"@id\":\"https:\/\/tatataaaaa.com\/newklima\/portrait\/laurent-chauvaud\/#breadcrumb\"},\"inLanguage\":\"fr-FR\",\"potentialAction\":[{\"@type\":\"ReadAction\",\"target\":[\"https:\/\/tatataaaaa.com\/newklima\/portrait\/laurent-chauvaud\/\"]}]},{\"@type\":\"ImageObject\",\"inLanguage\":\"fr-FR\",\"@id\":\"https:\/\/tatataaaaa.com\/newklima\/portrait\/laurent-chauvaud\/#primaryimage\",\"url\":\"https:\/\/tatataaaaa.com\/newklima\/wp-content\/uploads\/2022\/12\/IMG_01482-scaled.jpg\",\"contentUrl\":\"https:\/\/tatataaaaa.com\/newklima\/wp-content\/uploads\/2022\/12\/IMG_01482-scaled.jpg\",\"width\":2560,\"height\":1706},{\"@type\":\"BreadcrumbList\",\"@id\":\"https:\/\/tatataaaaa.com\/newklima\/portrait\/laurent-chauvaud\/#breadcrumb\",\"itemListElement\":[{\"@type\":\"ListItem\",\"position\":1,\"name\":\"Home\",\"item\":\"https:\/\/tatataaaaa.com\/newklima\/\"},{\"@type\":\"ListItem\",\"position\":2,\"name\":\"Laurent Chauvaud\"}]},{\"@type\":\"WebSite\",\"@id\":\"https:\/\/tatataaaaa.com\/newklima\/#website\",\"url\":\"https:\/\/tatataaaaa.com\/newklima\/\",\"name\":\"Atelier Klima\",\"description\":\"Adaptation littorale au changement climatique\",\"publisher\":{\"@id\":\"https:\/\/tatataaaaa.com\/newklima\/#organization\"},\"potentialAction\":[{\"@type\":\"SearchAction\",\"target\":{\"@type\":\"EntryPoint\",\"urlTemplate\":\"https:\/\/tatataaaaa.com\/newklima\/?s={search_term_string}\"},\"query-input\":{\"@type\":\"PropertyValueSpecification\",\"valueRequired\":true,\"valueName\":\"search_term_string\"}}],\"inLanguage\":\"fr-FR\"},{\"@type\":\"Organization\",\"@id\":\"https:\/\/tatataaaaa.com\/newklima\/#organization\",\"name\":\"Atelier Klima\",\"url\":\"https:\/\/tatataaaaa.com\/newklima\/\",\"logo\":{\"@type\":\"ImageObject\",\"inLanguage\":\"fr-FR\",\"@id\":\"https:\/\/tatataaaaa.com\/newklima\/#\/schema\/logo\/image\/\",\"url\":\"https:\/\/tatataaaaa.com\/newklima\/wp-content\/uploads\/2019\/03\/klima-ong-favicon.gif\",\"contentUrl\":\"https:\/\/tatataaaaa.com\/newklima\/wp-content\/uploads\/2019\/03\/klima-ong-favicon.gif\",\"width\":512,\"height\":512,\"caption\":\"Atelier Klima\"},\"image\":{\"@id\":\"https:\/\/tatataaaaa.com\/newklima\/#\/schema\/logo\/image\/\"},\"sameAs\":[\"https:\/\/x.com\/Klima_ONG\",\"https:\/\/www.instagram.com\/sophiedulau\/\"]}]}<\/script>\n<!-- \/ Yoast SEO plugin. -->","yoast_head_json":{"title":"Laurent Chauvaud ~ Atelier Klima","robots":{"index":"index","follow":"follow","max-snippet":"max-snippet:-1","max-image-preview":"max-image-preview:large","max-video-preview":"max-video-preview:-1"},"canonical":"https:\/\/tatataaaaa.com\/newklima\/portrait\/laurent-chauvaud\/","og_locale":"fr_FR","og_type":"article","og_title":"Laurent Chauvaud ~ Atelier Klima","og_description":"Laurent Chauvaud est directeur de recherche au CNRS, biologiste marin et plongeur. Il est sp\u00e9cialiste des p\u00e9toncles et des coquilles Saint-Jacques qu&rsquo;il observe en plong\u00e9e du p\u00f4le Nord (Spitzberg) au p\u00f4le Sud (terre Ad\u00e9lie), en passant par la rade de Brest, la Mauritanie, la Norv\u00e8ge, le Mexique et la Nouvelle-Cal\u00e9donie. Ses recherches sont centr\u00e9es sur [&hellip;]","og_url":"https:\/\/tatataaaaa.com\/newklima\/portrait\/laurent-chauvaud\/","og_site_name":"Atelier Klima","article_modified_time":"2022-12-10T11:04:25+00:00","og_image":[{"width":2560,"height":1706,"url":"https:\/\/tatataaaaa.com\/newklima\/wp-content\/uploads\/2022\/12\/IMG_01482-scaled.jpg","type":"image\/jpeg"}],"twitter_card":"summary_large_image","twitter_site":"@Klima_ONG","twitter_misc":{"Dur\u00e9e de lecture estim\u00e9e":"31 minutes"},"schema":{"@context":"https:\/\/schema.org","@graph":[{"@type":"WebPage","@id":"https:\/\/tatataaaaa.com\/newklima\/portrait\/laurent-chauvaud\/","url":"https:\/\/tatataaaaa.com\/newklima\/portrait\/laurent-chauvaud\/","name":"Laurent Chauvaud ~ Atelier Klima","isPartOf":{"@id":"https:\/\/tatataaaaa.com\/newklima\/#website"},"primaryImageOfPage":{"@id":"https:\/\/tatataaaaa.com\/newklima\/portrait\/laurent-chauvaud\/#primaryimage"},"image":{"@id":"https:\/\/tatataaaaa.com\/newklima\/portrait\/laurent-chauvaud\/#primaryimage"},"thumbnailUrl":"https:\/\/tatataaaaa.com\/newklima\/wp-content\/uploads\/2022\/12\/IMG_01482-scaled.jpg","datePublished":"2021-01-21T14:13:56+00:00","dateModified":"2022-12-10T11:04:25+00:00","breadcrumb":{"@id":"https:\/\/tatataaaaa.com\/newklima\/portrait\/laurent-chauvaud\/#breadcrumb"},"inLanguage":"fr-FR","potentialAction":[{"@type":"ReadAction","target":["https:\/\/tatataaaaa.com\/newklima\/portrait\/laurent-chauvaud\/"]}]},{"@type":"ImageObject","inLanguage":"fr-FR","@id":"https:\/\/tatataaaaa.com\/newklima\/portrait\/laurent-chauvaud\/#primaryimage","url":"https:\/\/tatataaaaa.com\/newklima\/wp-content\/uploads\/2022\/12\/IMG_01482-scaled.jpg","contentUrl":"https:\/\/tatataaaaa.com\/newklima\/wp-content\/uploads\/2022\/12\/IMG_01482-scaled.jpg","width":2560,"height":1706},{"@type":"BreadcrumbList","@id":"https:\/\/tatataaaaa.com\/newklima\/portrait\/laurent-chauvaud\/#breadcrumb","itemListElement":[{"@type":"ListItem","position":1,"name":"Home","item":"https:\/\/tatataaaaa.com\/newklima\/"},{"@type":"ListItem","position":2,"name":"Laurent Chauvaud"}]},{"@type":"WebSite","@id":"https:\/\/tatataaaaa.com\/newklima\/#website","url":"https:\/\/tatataaaaa.com\/newklima\/","name":"Atelier Klima","description":"Adaptation littorale au changement climatique","publisher":{"@id":"https:\/\/tatataaaaa.com\/newklima\/#organization"},"potentialAction":[{"@type":"SearchAction","target":{"@type":"EntryPoint","urlTemplate":"https:\/\/tatataaaaa.com\/newklima\/?s={search_term_string}"},"query-input":{"@type":"PropertyValueSpecification","valueRequired":true,"valueName":"search_term_string"}}],"inLanguage":"fr-FR"},{"@type":"Organization","@id":"https:\/\/tatataaaaa.com\/newklima\/#organization","name":"Atelier Klima","url":"https:\/\/tatataaaaa.com\/newklima\/","logo":{"@type":"ImageObject","inLanguage":"fr-FR","@id":"https:\/\/tatataaaaa.com\/newklima\/#\/schema\/logo\/image\/","url":"https:\/\/tatataaaaa.com\/newklima\/wp-content\/uploads\/2019\/03\/klima-ong-favicon.gif","contentUrl":"https:\/\/tatataaaaa.com\/newklima\/wp-content\/uploads\/2019\/03\/klima-ong-favicon.gif","width":512,"height":512,"caption":"Atelier Klima"},"image":{"@id":"https:\/\/tatataaaaa.com\/newklima\/#\/schema\/logo\/image\/"},"sameAs":["https:\/\/x.com\/Klima_ONG","https:\/\/www.instagram.com\/sophiedulau\/"]}]}},"_links":{"self":[{"href":"https:\/\/tatataaaaa.com\/newklima\/wp-json\/wp\/v2\/portrait\/4091","targetHints":{"allow":["GET"]}}],"collection":[{"href":"https:\/\/tatataaaaa.com\/newklima\/wp-json\/wp\/v2\/portrait"}],"about":[{"href":"https:\/\/tatataaaaa.com\/newklima\/wp-json\/wp\/v2\/types\/portrait"}],"wp:featuredmedia":[{"embeddable":true,"href":"https:\/\/tatataaaaa.com\/newklima\/wp-json\/wp\/v2\/media\/7263"}],"wp:attachment":[{"href":"https:\/\/tatataaaaa.com\/newklima\/wp-json\/wp\/v2\/media?parent=4091"}],"curies":[{"name":"wp","href":"https:\/\/api.w.org\/{rel}","templated":true}]}}