{"id":2035,"date":"2020-07-19T21:03:44","date_gmt":"2020-07-19T21:03:44","guid":{"rendered":"https:\/\/tatataaaaa.com\/newklima\/?post_type=cartographie&#038;p=2035"},"modified":"2021-10-01T17:16:20","modified_gmt":"2021-10-01T17:16:20","slug":"photographier-linvisible","status":"publish","type":"cartographie","link":"https:\/\/tatataaaaa.com\/newklima\/cartographie\/photographier-linvisible\/","title":{"rendered":"Photographier l&rsquo;invisible"},"content":{"rendered":"\n<h2 class=\"wp-block-heading\"><strong>Contexte<\/strong>&nbsp;:<\/h2>\n\n\n\n<p>A l\u2019occasion de Manifesta 13 qui se tiendra en septembre 2020 \u00e0 Marseille, le Parc national des Calanques, en partenariat avec la Fondation Camargo, l\u2019Observatoire des Sciences de l\u2019Univers \u2013 Institut Pyth\u00e9as et le Minist\u00e8re de la Culture, ont command\u00e9 \u00e0 l\u2019artiste Nicolas Floc\u2019h une \u0153uvre sur le territoire sous-marin du Parc des Calanques. <\/p>\n\n\n\n<p>Depuis plusieurs ann\u00e9es, l\u2019artiste Nicolas Floc\u2019h s\u2019est donn\u00e9 pour mission de photographier les grandes typologies de paysages sous-marins fran\u00e7ais \u00e0 partir de l\u2019exploration des diff\u00e9rentes fa\u00e7ades maritimes. <\/p>\n\n\n\n<p>Il explore dans son travail les repr\u00e9sentations du milieu sous-marin, ce monde aux paysages \u00ab&nbsp;invisibles&nbsp;\u00bb pour la plupart d\u2019entre nous qui restons sur les rivages ou \u00e0 la surface de l\u2019eau. A travers ses projets, il donne \u00e0 voir des fragments de ces mondes sous-marins, de leurs paysages aux beaut\u00e9s sublimes et fragiles, mais aussi de leurs \u00e9volutions et transformations face aux pressions anthropiques et au changement climatique.<\/p>\n\n\n\n<h2 class=\"wp-block-heading\"><strong>Concepts clefs du projet&nbsp;: <\/strong><\/h2>\n\n\n\n<p>Avec le projet<em> Invisible<\/em> l\u2019artiste propose de documenter et de fixer par l\u2019image un \u00e9tat des paysages sous-marins \u00e0 un instant T, en suivant l\u2019int\u00e9gralit\u00e9 des 162 km de la bande littorale du Parc des calanques. <\/p>\n\n\n\n<p>Ces explorations, majoritairement en apn\u00e9e ou avec des bouteilles sur des points pr\u00e9cis, permettent de constituer un fond photographique repr\u00e9sentant la totalit\u00e9 du territoire marin du parc. Les images prises par l\u2019artiste entre 0 et -30 m\u00e8tres, en lumi\u00e8re naturelle et au grand angle, permettent une approche panoramique des paysages naturels ou anthropiques. <\/p>\n\n\n\n<p>Les photographies, pour la plupart en noir et blanc, ont pour objectif premier de r\u00e9v\u00e9ler la vari\u00e9t\u00e9 des paysages pr\u00e9sents. Ce parti pris photographique a pour ambition de montrer les fonds marins tels qu\u2019ils sont, sans artifice, ni sc\u00e9narisation. Le choix du noir et blanc permet \u00e0 Nicolas Floc\u2019h de travailler sur la turbidit\u00e9 de l\u2019eau et sur l\u2019imaginaire, rendant les images, selon l&rsquo;artiste, plus authentiques, moins exotiques que lorsqu\u2019elles sont satur\u00e9es de couleurs.<\/p>\n\n\n\n<blockquote class=\"wp-block-quote has-text-align-left is-style-default is-layout-flow wp-block-quote-is-layout-flow\"><p>\u00a0\u00bb <em>Dans les calanques, on est face \u00e0 un environnement tr\u00e8s min\u00e9ral, on peut penser \u00e0 certaines images de l\u2019espace, des images d\u2019ast\u00e9ro\u00efdes, de la lune. Le noir et blanc permet une approche plus uniforme de la multiplicit\u00e9 des paysages&nbsp;; par le noir et blanc, l\u2019imaginaire nous renvoie \u00e0 la fois un espace ind\u00e9fini mais aussi \u00e0 un espace plus familier car on ne sait pas o\u00f9 l\u2019on est, on ne sait plus si c\u2019est sous l\u2019eau, et on \u00e9vacue un certain exotisme qu\u2019on peut avoir avec la couleur. Paradoxalement, on est aussi plus proche d\u2019une vraie lecture de l\u2019espace sous-marin puisque quand on plonge, c\u2019est relativement monochrome. L\u2019image sous-marine qu\u2019on nous donne \u00e0 voir est souvent une image \u00e9clair\u00e9e artificiellement et qui va ramener une lumi\u00e8re que l\u2019\u0153il ne voit pas sans \u00e9clairage artificiel donc, quand on est en plong\u00e9e sans \u00e9clairage artificiel, on va avoir une lecture quelque part du paysage qui va \u00eatre plus proche de cette lecture en noir et blanc<\/em> \u00ab\u00a0.  <\/p><cite>Extrait de la rencontre entre Nicolas Floc\u2019h et Pascal Neveux, f\u00e9vrier 2020.<\/cite><\/blockquote>\n\n\n\n<h2 class=\"wp-block-heading\"><strong>Pourquoi on en parle&nbsp;? <\/strong><\/h2>\n\n\n\n<p>Cette d\u00e9marche de documentation photographique des paysages sous-marins s\u2019inscrit dans une recherche singuli\u00e8re de repr\u00e9sentation artistique, mais elle pourrait \u00eatre mise en parall\u00e8le avec d\u2019autres missions effectu\u00e9es sur les terres immerg\u00e9es des rivages, celle de la Datar et des observatoires photographiques du paysage. En effet, celles-ci ont permis de voir les \u00e9volutions et transformations des paysages littoraux fran\u00e7ais, mais elles ont fait l\u2019impasse sur les territoires sous-marins. C\u2019est donc la premi\u00e8re fois qu\u2019une commande publique artistique demande d\u2019explorer l\u2019espace sous-marin des rivages, en rendant visible ces milieux fragiles pour mieux les prendre en compte et les prot\u00e9ger.<\/p>\n\n\n\n<p>Ce projet photographique r\u00e9v\u00e8le l\u2019importance d\u2019explorer le monde sous-marin d\u2019un point de vue artistique car il g\u00e9n\u00e8re de nouvelles repr\u00e9sentations de ces milieux trop souvent mal connus ou per\u00e7us uniquement \u00e0 travers le prisme d\u2019\u00e9tudes scientifiques. Ces photographies, loin de figer une repr\u00e9sentation du paysage sous-marin, nous ouvre vers d\u2019autres perceptions de ces mondes invisibles, de ces espaces souvent oubli\u00e9s, tr\u00e8s fragilis\u00e9s par nos activit\u00e9s humaines et en premi\u00e8re ligne du changement climatique.<\/p>\n\n\n\n<h2 class=\"wp-block-heading\"><strong>Mise en perspective<\/strong><\/h2>\n\n\n\n<p>Parall\u00e8lement \u00e0 la commande de Nicolas Floc\u2019h, le Parc national des Calanques r\u00e9alise le premier Plan de paysage sous-marin&nbsp;: une premi\u00e8re en termes de planification environnementale, qui permet aux d\u00e9cideurs et acteurs locaux, de s\u2019approprier la connaissance de leurs espaces sous-marins pour en conserver et restaurer les paysages. <a href=\"https:\/\/tatataaaaa.com\/newklima\/cartographie\/plan-de-paysage-sous-marin\/\" target=\"_blank\" rel=\"noreferrer noopener\" aria-label=\"Lire l'article de Klima sur ce projet ici. (s\u2019ouvre dans un nouvel onglet)\">Lire l&rsquo;article de Klima sur ce projet ici.<\/a><\/p>\n\n\n\n<p>De plus, le projet&nbsp;<em>Invisible<\/em>&nbsp;s\u2019inscrit dans un programme plus vaste men\u00e9 par l\u2019artiste. En effet, une initiative parall\u00e8le, Initium Maris, a \u00e9t\u00e9 lanc\u00e9e en Bretagne depuis 2015, o\u00f9 l\u2019artiste accompagn\u00e9 d\u2019\u00e9quipes scientifiques et citoyennes, longe les c\u00f4tes et \u00eeles bretonnes afin de repr\u00e9senter les espaces sous-marins \u00e0 une \u00e9poque o\u00f9 le changement climatique g\u00e9n\u00e8re des bouleversements majeurs au sein des \u00e9cosyst\u00e8mes marins.<\/p>\n\n\n\n<p>Les photographies r\u00e9alis\u00e9es sur 45 sites dans les \u00eeles et zones c\u00f4ti\u00e8res, couvrant une r\u00e9gion allant de Saint-Nazaire \u00e0 Saint-Malo, constitueront un fond photographique d\u2019un ensemble de vues panoramiques des paysages sous-marins bretons. Ces photographies des paysages et habitats marins permettront de constituer une repr\u00e9sentation in\u00e9dite de l\u2019ensemble d\u2019un territoire \u00e0 une \u00e9poque donn\u00e9e (2018\/2021) avec les activit\u00e9s humaines qui s\u2019y inscrivent depuis le point de vue sous-marin (l\u2019aquaculture, la p\u00eache, les ouvrages portuaires, l\u2019arch\u00e9ologie sous-marine, les activit\u00e9s civiles ou militaires\u2026).<\/p>\n\n\n\n<p>Cette mission\nest men\u00e9e en collaboration avec un consortium scientifique qui rendra possible une\ncontextualisation des images&nbsp;: donn\u00e9es satellites de la couleur de l\u2019oc\u00e9an (Hubert\nLoisel, UCLO), inventaire du benthos, d\u00e9finition de typologie d\u2019habitats\nsous-marins en lien avec des suivis biologiques de terrain (Sandrine Derrien,\nMNHN), mesures physicochimiques\u2026 extension l\u2019environnement profond (Julie\nTourolle, Pierre-Marie Sarradin, Ifremer).<\/p>\n\n\n\n<p>Nicolas Floc\u2019h\ntravaille ainsi sur plusieurs projets en parall\u00e8le&nbsp;: le projet \u00ab&nbsp;Initium\nMaris&nbsp;\u00bb (2015\/2018\/2021) qui permet d\u2019approcher les paysages sous-marins\net leurs transformations \u00e0 l\u2019ouest entre Saint-Malo et Saint-Nazaire, \u00ab&nbsp;la\nCouleur de l\u2019eau&nbsp;\u00bb (2016-2021) qui immerge le spectateur dans les\nvariations de couleurs de l\u2019oc\u00e9an depuis la C\u00f4te-Nord et la r\u00e9gion Hauts-de-France\net au sud, \u00ab&nbsp;Invisible&nbsp;\u00bb (2018\/2020) explore un environnement p\u00e9riurbain\nen M\u00e9diterran\u00e9e.<\/p>\n\n\n\n<hr class=\"wp-block-separator\"\/>\n\n\n\n<h2 class=\"wp-block-heading\"><strong>Pour en savoir plus&nbsp;:<\/strong><\/h2>\n\n\n\n<ul class=\"wp-block-list\"><li><a rel=\"noreferrer noopener\" aria-label=\"Lien vers le site de Nicolas Floc'h (s\u2019ouvre dans un nouvel onglet)\" href=\"http:\/\/www.nicolasfloch.net\/\" target=\"_blank\">Lien vers le site de Nicolas Floc&rsquo;h<\/a><\/li><li><a rel=\"noreferrer noopener\" aria-label=\" (s\u2019ouvre dans un nouvel onglet)\" href=\"https:\/\/cdn.website-editor.net\/39a16f0a7e0049aeac036aea7eec01d3\/files\/uploaded\/Nicolas%2520FLOCH%2520.pdf\" target=\"_blank\">Liens vers les autres projets de Nicolas Floc&rsquo;h<\/a><\/li><li><a rel=\"noreferrer noopener\" aria-label=\" (s\u2019ouvre dans un nouvel onglet)\" href=\"https:\/\/www.echosciences-paca.fr\/annonces\/nicolas-floc-h-sur-les-paysages-sous-marins-de-mediterranee\" target=\"_blank\">Pour mieux comprendre le projet et les partenariats le soutenant<\/a><\/li><li><a rel=\"noreferrer noopener\" aria-label=\" (s\u2019ouvre dans un nouvel onglet)\" href=\"https:\/\/www.artconnexion.org\/hors-les-murs-away\/478-nicolas-floch--initium-maris\" target=\"_blank\">Lien vers l&rsquo;initiative bretonne actuellement en cours<\/a><\/li><\/ul>\n\n\n\n<p><\/p>\n","protected":false},"author":3,"featured_media":0,"template":"","class_list":["post-2035","cartographie","type-cartographie","status-publish","hentry"],"yoast_head":"<!-- This site is optimized with the Yoast SEO plugin v24.2 - https:\/\/yoast.com\/wordpress\/plugins\/seo\/ -->\n<title>Photographier l&#039;invisible ~ Atelier Klima<\/title>\n<meta name=\"robots\" content=\"index, follow, max-snippet:-1, max-image-preview:large, max-video-preview:-1\" \/>\n<link rel=\"canonical\" href=\"https:\/\/tatataaaaa.com\/newklima\/cartographie\/photographier-linvisible\/\" \/>\n<meta property=\"og:locale\" content=\"fr_FR\" \/>\n<meta property=\"og:type\" content=\"article\" \/>\n<meta property=\"og:title\" content=\"Photographier l&#039;invisible ~ Atelier Klima\" \/>\n<meta property=\"og:description\" content=\"Contexte&nbsp;: A l\u2019occasion de Manifesta 13 qui se tiendra en septembre 2020 \u00e0 Marseille, le Parc national des Calanques, en partenariat avec la Fondation Camargo, l\u2019Observatoire des Sciences de l\u2019Univers \u2013 Institut Pyth\u00e9as et le Minist\u00e8re de la Culture, ont command\u00e9 \u00e0 l\u2019artiste Nicolas Floc\u2019h une \u0153uvre sur le territoire sous-marin du Parc des Calanques. [&hellip;]\" \/>\n<meta property=\"og:url\" content=\"https:\/\/tatataaaaa.com\/newklima\/cartographie\/photographier-linvisible\/\" \/>\n<meta property=\"og:site_name\" content=\"Atelier Klima\" \/>\n<meta property=\"article:modified_time\" content=\"2021-10-01T17:16:20+00:00\" \/>\n<meta name=\"twitter:card\" content=\"summary_large_image\" \/>\n<meta name=\"twitter:site\" content=\"@Klima_ONG\" \/>\n<meta name=\"twitter:label1\" content=\"Dur\u00e9e de lecture estim\u00e9e\" \/>\n\t<meta name=\"twitter:data1\" content=\"6 minutes\" \/>\n<script type=\"application\/ld+json\" class=\"yoast-schema-graph\">{\"@context\":\"https:\/\/schema.org\",\"@graph\":[{\"@type\":\"WebPage\",\"@id\":\"https:\/\/tatataaaaa.com\/newklima\/cartographie\/photographier-linvisible\/\",\"url\":\"https:\/\/tatataaaaa.com\/newklima\/cartographie\/photographier-linvisible\/\",\"name\":\"Photographier l'invisible ~ Atelier Klima\",\"isPartOf\":{\"@id\":\"https:\/\/tatataaaaa.com\/newklima\/#website\"},\"datePublished\":\"2020-07-19T21:03:44+00:00\",\"dateModified\":\"2021-10-01T17:16:20+00:00\",\"breadcrumb\":{\"@id\":\"https:\/\/tatataaaaa.com\/newklima\/cartographie\/photographier-linvisible\/#breadcrumb\"},\"inLanguage\":\"fr-FR\",\"potentialAction\":[{\"@type\":\"ReadAction\",\"target\":[\"https:\/\/tatataaaaa.com\/newklima\/cartographie\/photographier-linvisible\/\"]}]},{\"@type\":\"BreadcrumbList\",\"@id\":\"https:\/\/tatataaaaa.com\/newklima\/cartographie\/photographier-linvisible\/#breadcrumb\",\"itemListElement\":[{\"@type\":\"ListItem\",\"position\":1,\"name\":\"Home\",\"item\":\"https:\/\/tatataaaaa.com\/newklima\/\"},{\"@type\":\"ListItem\",\"position\":2,\"name\":\"Photographier l&rsquo;invisible\"}]},{\"@type\":\"WebSite\",\"@id\":\"https:\/\/tatataaaaa.com\/newklima\/#website\",\"url\":\"https:\/\/tatataaaaa.com\/newklima\/\",\"name\":\"Atelier Klima\",\"description\":\"Adaptation littorale au changement climatique\",\"publisher\":{\"@id\":\"https:\/\/tatataaaaa.com\/newklima\/#organization\"},\"potentialAction\":[{\"@type\":\"SearchAction\",\"target\":{\"@type\":\"EntryPoint\",\"urlTemplate\":\"https:\/\/tatataaaaa.com\/newklima\/?s={search_term_string}\"},\"query-input\":{\"@type\":\"PropertyValueSpecification\",\"valueRequired\":true,\"valueName\":\"search_term_string\"}}],\"inLanguage\":\"fr-FR\"},{\"@type\":\"Organization\",\"@id\":\"https:\/\/tatataaaaa.com\/newklima\/#organization\",\"name\":\"Atelier Klima\",\"url\":\"https:\/\/tatataaaaa.com\/newklima\/\",\"logo\":{\"@type\":\"ImageObject\",\"inLanguage\":\"fr-FR\",\"@id\":\"https:\/\/tatataaaaa.com\/newklima\/#\/schema\/logo\/image\/\",\"url\":\"https:\/\/tatataaaaa.com\/newklima\/wp-content\/uploads\/2019\/03\/klima-ong-favicon.gif\",\"contentUrl\":\"https:\/\/tatataaaaa.com\/newklima\/wp-content\/uploads\/2019\/03\/klima-ong-favicon.gif\",\"width\":512,\"height\":512,\"caption\":\"Atelier Klima\"},\"image\":{\"@id\":\"https:\/\/tatataaaaa.com\/newklima\/#\/schema\/logo\/image\/\"},\"sameAs\":[\"https:\/\/x.com\/Klima_ONG\",\"https:\/\/www.instagram.com\/sophiedulau\/\"]}]}<\/script>\n<!-- \/ Yoast SEO plugin. -->","yoast_head_json":{"title":"Photographier l'invisible ~ Atelier Klima","robots":{"index":"index","follow":"follow","max-snippet":"max-snippet:-1","max-image-preview":"max-image-preview:large","max-video-preview":"max-video-preview:-1"},"canonical":"https:\/\/tatataaaaa.com\/newklima\/cartographie\/photographier-linvisible\/","og_locale":"fr_FR","og_type":"article","og_title":"Photographier l'invisible ~ Atelier Klima","og_description":"Contexte&nbsp;: A l\u2019occasion de Manifesta 13 qui se tiendra en septembre 2020 \u00e0 Marseille, le Parc national des Calanques, en partenariat avec la Fondation Camargo, l\u2019Observatoire des Sciences de l\u2019Univers \u2013 Institut Pyth\u00e9as et le Minist\u00e8re de la Culture, ont command\u00e9 \u00e0 l\u2019artiste Nicolas Floc\u2019h une \u0153uvre sur le territoire sous-marin du Parc des Calanques. [&hellip;]","og_url":"https:\/\/tatataaaaa.com\/newklima\/cartographie\/photographier-linvisible\/","og_site_name":"Atelier Klima","article_modified_time":"2021-10-01T17:16:20+00:00","twitter_card":"summary_large_image","twitter_site":"@Klima_ONG","twitter_misc":{"Dur\u00e9e de lecture estim\u00e9e":"6 minutes"},"schema":{"@context":"https:\/\/schema.org","@graph":[{"@type":"WebPage","@id":"https:\/\/tatataaaaa.com\/newklima\/cartographie\/photographier-linvisible\/","url":"https:\/\/tatataaaaa.com\/newklima\/cartographie\/photographier-linvisible\/","name":"Photographier l'invisible ~ Atelier Klima","isPartOf":{"@id":"https:\/\/tatataaaaa.com\/newklima\/#website"},"datePublished":"2020-07-19T21:03:44+00:00","dateModified":"2021-10-01T17:16:20+00:00","breadcrumb":{"@id":"https:\/\/tatataaaaa.com\/newklima\/cartographie\/photographier-linvisible\/#breadcrumb"},"inLanguage":"fr-FR","potentialAction":[{"@type":"ReadAction","target":["https:\/\/tatataaaaa.com\/newklima\/cartographie\/photographier-linvisible\/"]}]},{"@type":"BreadcrumbList","@id":"https:\/\/tatataaaaa.com\/newklima\/cartographie\/photographier-linvisible\/#breadcrumb","itemListElement":[{"@type":"ListItem","position":1,"name":"Home","item":"https:\/\/tatataaaaa.com\/newklima\/"},{"@type":"ListItem","position":2,"name":"Photographier l&rsquo;invisible"}]},{"@type":"WebSite","@id":"https:\/\/tatataaaaa.com\/newklima\/#website","url":"https:\/\/tatataaaaa.com\/newklima\/","name":"Atelier Klima","description":"Adaptation littorale au changement climatique","publisher":{"@id":"https:\/\/tatataaaaa.com\/newklima\/#organization"},"potentialAction":[{"@type":"SearchAction","target":{"@type":"EntryPoint","urlTemplate":"https:\/\/tatataaaaa.com\/newklima\/?s={search_term_string}"},"query-input":{"@type":"PropertyValueSpecification","valueRequired":true,"valueName":"search_term_string"}}],"inLanguage":"fr-FR"},{"@type":"Organization","@id":"https:\/\/tatataaaaa.com\/newklima\/#organization","name":"Atelier Klima","url":"https:\/\/tatataaaaa.com\/newklima\/","logo":{"@type":"ImageObject","inLanguage":"fr-FR","@id":"https:\/\/tatataaaaa.com\/newklima\/#\/schema\/logo\/image\/","url":"https:\/\/tatataaaaa.com\/newklima\/wp-content\/uploads\/2019\/03\/klima-ong-favicon.gif","contentUrl":"https:\/\/tatataaaaa.com\/newklima\/wp-content\/uploads\/2019\/03\/klima-ong-favicon.gif","width":512,"height":512,"caption":"Atelier Klima"},"image":{"@id":"https:\/\/tatataaaaa.com\/newklima\/#\/schema\/logo\/image\/"},"sameAs":["https:\/\/x.com\/Klima_ONG","https:\/\/www.instagram.com\/sophiedulau\/"]}]}},"_links":{"self":[{"href":"https:\/\/tatataaaaa.com\/newklima\/wp-json\/wp\/v2\/cartographie\/2035","targetHints":{"allow":["GET"]}}],"collection":[{"href":"https:\/\/tatataaaaa.com\/newklima\/wp-json\/wp\/v2\/cartographie"}],"about":[{"href":"https:\/\/tatataaaaa.com\/newklima\/wp-json\/wp\/v2\/types\/cartographie"}],"author":[{"embeddable":true,"href":"https:\/\/tatataaaaa.com\/newklima\/wp-json\/wp\/v2\/users\/3"}],"wp:attachment":[{"href":"https:\/\/tatataaaaa.com\/newklima\/wp-json\/wp\/v2\/media?parent=2035"}],"curies":[{"name":"wp","href":"https:\/\/api.w.org\/{rel}","templated":true}]}}