{"id":1979,"date":"2020-07-10T18:03:07","date_gmt":"2020-07-10T18:03:07","guid":{"rendered":"https:\/\/tatataaaaa.com\/newklima\/?post_type=cartographie&#038;p=1979"},"modified":"2021-07-19T06:49:41","modified_gmt":"2021-07-19T06:49:41","slug":"plan-de-paysage-sous-marin","status":"publish","type":"cartographie","link":"https:\/\/tatataaaaa.com\/newklima\/cartographie\/plan-de-paysage-sous-marin\/","title":{"rendered":"Plan de paysage sous-marin"},"content":{"rendered":"\n<h2 class=\"wp-block-heading\"><strong>Contexte<\/strong><\/h2>\n\n\n\n<p>Les plans de\npaysages terrestres, lanc\u00e9s au d\u00e9but des ann\u00e9es 90, ont pour objectif de faire\nun \u00e9tat des lieux des paysages et de leurs dynamiques, afin de d\u00e9finir avec les\nacteurs et habitants, les orientations pour mieux prendre en compte les\ndimensions paysag\u00e8res (leurs qualit\u00e9s, diversit\u00e9s, \u00e9volutions\u2026) dans les\nprocessus d\u00e9cisionnels de fabrication des territoires. <\/p>\n\n\n\n<p>Pour la premi\u00e8re fois en 2018, le Parc national des Calanques a d\u00e9cid\u00e9 de compl\u00e9ter son plan de paysage terrestre par un plan de paysage sous-marin. C\u2019est la premi\u00e8re initiative de ce type en France car les \u00e9tudes sur la perception et la lecture du paysage sous-marin sont encore naissantes, en raison du manque d\u2019accessibilit\u00e9, de visibilit\u00e9 mais aussi de l\u2019approche jusqu\u2019 ici tr\u00e8s sp\u00e9cifique, men\u00e9e \u00e0 travers des disciplines scientifiques ou techniques.<\/p>\n\n\n\n<p>Laur\u00e9at de\nl&rsquo;appel \u00e0 projet lanc\u00e9 en 2017 par le minist\u00e8re de la Transition \u00e9cologique et\nsolidaire, le Parc national des Calanques avec ses 43 500 hectares de c\u0153ur\nmarin, a souhait\u00e9 valoriser la beaut\u00e9 et la diversit\u00e9 de ces paysages marins,\nmais aussi ces dynamiques et les pressions qui les menacent. <\/p>\n\n\n\n<p>Ce plan de\npaysage sous-marin a \u00e9t\u00e9 confi\u00e9 au groupement d\u2019\u00e9tude Coloco, qui r\u00e9unit\npaysagistes, urbanistes, botanistes, jardiniers et artistes, accompagn\u00e9 de l\u2019entreprise\nde biologie et d\u2019environnement marin d\u2019Androm\u00e8de Oc\u00e9anologie, du collectif de\npaysagistes Piano Paysages et de Gilles Cl\u00e9ment paysagiste. <\/p>\n\n\n\n<h2 class=\"wp-block-heading\"><strong>Concepts clefs du projet<\/strong><\/h2>\n\n\n\n<p>L\u2019espace marin du Parc est compos\u00e9 de motifs paysagers sous-marins tr\u00e8s vari\u00e9s et d\u2019une grande richesse&nbsp;: tombants marins, grottes, corallig\u00e8ne, canyons sous-marins\u2026 Ces paysages et \u00e9cosyst\u00e8mes fragiles subissent une pression accrue due aux activit\u00e9s \u00e9conomiques et de loisirs li\u00e9es \u00e0 la mer&nbsp;(transports maritimes et logistique portuaire, fili\u00e8re nautique et r\u00e9paration navale, pose de c\u00e2bles sous-marins, p\u00eache professionnelle et de loisirs, aquaculture, baignade, plaisance, plong\u00e9e sous-marine\u2026) auxquelles s\u2019ajoutent les impacts des activit\u00e9s terrestres (rejets industriels, rejets de stations d&rsquo;\u00e9puration\u2026).<\/p>\n\n\n\n<p>L\u2019enjeu du plan de paysage sous-marin a pour objectif de d\u00e9finir la notion de paysage sous-marin, et plus sp\u00e9cifiquement celui du Parc national des Calanques, afin de constituer une vision d\u2019ensemble de ces paysages sous-marins, de leurs dynamiques et des tensions auxquelles ils sont soumis, dans le but de mieux les prendre en compte et de les pr\u00e9server.<\/p>\n\n\n\n<p>Ce plan de\npaysage subaquatique \u00e9tant in\u00e9dit, il a fallu trouver une m\u00e9thode de travail\ncollaborative pour permettre aux divers acteurs d\u2019\u00e9changer sur l\u2019\u00e9volution des\npaysages et \u00e9cosyst\u00e8mes sous-marins. Pour cela, des ateliers en pleine mer ont\n\u00e9t\u00e9 organis\u00e9s avec les \u00e9lus, plongeurs, paysagistes, scientifiques qui se sont retrouv\u00e9s\nsur ou sous la surface de l\u2019eau pour partager leurs analyses, connaissances de\nterrain, impressions et sensibilit\u00e9s. <\/p>\n\n\n\n<p>A partir de ce diagnostic sous-marin, des croquis, cartes, sch\u00e9mas, relev\u00e9s faunistiques et floristiques ont \u00e9t\u00e9 r\u00e9alis\u00e9s pour identifier, caract\u00e9riser et valoriser les grandes unit\u00e9s paysag\u00e8res de l\u2019espace marin du Parc et leurs dynamiques et \u00e9volutions. Cet \u00e9tat des lieux a permis la d\u00e9finition des enjeux de ces paysages subaquatiques et une meilleure prise en compte de ceux-ci dans les processus de d\u00e9cision li\u00e9s au littoral et \u00e0 la protection des espaces marins. \u00ab&nbsp;Il s\u2019agit plut\u00f4t de trouver ensemble, collectivement, des lieux o\u00f9 ne pas intervenir afin d\u2019orchestrer un grand paysage heureux, \u00e0 l\u2019inverse d\u2019une addition de d\u00e9cisions subies qui produit par d\u00e9faut une r\u00e9alit\u00e9&nbsp;\u00bb Coloco.&nbsp;<\/p>\n\n\n\n<blockquote class=\"wp-block-quote is-layout-flow wp-block-quote-is-layout-flow\"><p>\u00ab&nbsp;Le plan de paysage sous-marin identifie les processus anthropiques et naturels \u00e0 l\u2019\u0153uvre et propose des objectifs adapt\u00e9s pour la protection de la valeur de ces paysages&nbsp;:<\/p><p>R\u00e9v\u00e9ler les paysages \u00e0 travers la surface de l\u2019eau pour une meilleure appropriation et une meilleure compr\u00e9hension des enjeux de pr\u00e9servation&nbsp;<\/p><p>Mieux appr\u00e9hender l\u2019empreinte de l\u2019homme sur l\u2019environnement marin pour mieux la contr\u00f4ler<\/p><p>Proposer une vision globale du fonctionnement des espaces marins du c\u0153ur du Parc national des Calanques et ses relations au territoire m\u00e9tropolitain \u00e9largi&nbsp;\u00bb Coloco.<\/p><\/blockquote>\n\n\n\n<h2 class=\"wp-block-heading\"><strong>Pourquoi on en parle&nbsp;?<\/strong><\/h2>\n\n\n\n<p>Cette\ninitiative de plan de paysage sous-marin est novatrice car c\u2019est la premi\u00e8re\nfois que la th\u00e9matique du paysage marin est prise en compte dans les plans de\npaysage et les plans de de fabrication du territoire. En reconnaissant \u00e0 travers\nce processus de projet le statut de paysage marin comme un paysage \u00e0 part\nenti\u00e8re, cette approche, qui semble pourtant \u00e9vidente, permet de penser le\npaysage dans sa continuit\u00e9 de la terre jusque sous la mer. Notre perception de\nce qui fait paysage s\u2019est depuis longtemps trop souvent r\u00e9duite \u00e0 ce que nous\nvoyons et exp\u00e9rimentons sur la surface terrestre. Cette nouvelle notion de\npaysage marin pourrait permettre de mieux prot\u00e9ger ces milieux tr\u00e8s fragilis\u00e9s\npar nos activit\u00e9s terrestres ou marines. <\/p>\n\n\n\n<p>Nous pouvons esp\u00e9rer que ce premier plan de paysage sous-marin ne soit que le d\u00e9but d\u2019une grande s\u00e9rie de plans de paysage sous-marin sur toutes les fa\u00e7ades littorales, afin qu\u2019ils puissent devenir de v\u00e9ritables guides pour la pr\u00e9servation et la prise en compte de ces milieux en lien avec nos modes de vies. <\/p>\n\n\n\n<p>\u00ab&nbsp;Faire reconnaitre le bon fonctionnement \u00e9cologique comme une ambition de projet de paysage sans exclure les humains des dynamiques en cours est, en soi, un d\u00e9fi&nbsp;\u00bb Coloco.<\/p>\n\n\n\n<h2 class=\"wp-block-heading\">Mise en perspective<\/h2>\n\n\n\n<p>Exploration et d\u00e9finition du \u00ab&nbsp;paysage sous-marin&nbsp;\u00bb selon l\u2019\u00e9quipe de paysagistes Coloco&nbsp;:<\/p>\n\n\n\n<p>\u2013 La notion d\u2019horizon, fondatrice de la\nnaissance du concept de paysage terrestre, est ici absente ou compl\u00e9tement\ndiff\u00e9rente. L\u2019opacit\u00e9 de la masse d\u2019eau bouleverse la perception de ces\npaysages sous-marins par rapport aux paysages terrestres. Cette opacit\u00e9 de\nl\u2019\u00e9paisseur que le regard traverse et son aspect constamment changeant sont\n\u00e9galement pr\u00e9sents \u00e0 terre, mais nous n\u2019y prenons plus garde.&nbsp;<\/p>\n\n\n\n<p>\u2013 Sous l\u2019eau, la dimension sonore est\nparticuli\u00e8rement pr\u00e9sente, pour des raisons de propagation du son dans le\nmilieu aquatique et de modification du sens de la vue. C\u2019est un point\nimportant, mais une \u00ab&nbsp;d\u00e9finition des paysages sous-marins&nbsp;\u00bb ne\npouvait pas se baser sur cela, par simple opposition aux paysages terrestres,\ncar cette perception multi-sensorielle existe \u00e9videmment \u00e0 terre. Elle est\nsimplement tr\u00e8s souvent oubli\u00e9e au profit d\u2019une perception visuelle, picturale\net esth\u00e9tique seule.&nbsp;<\/p>\n\n\n\n<p>\u2013 L\u2019inaccessibilit\u00e9 des paysages\nsous-marins profonds et la n\u00e9cessit\u00e9 d\u2019un \u00e9quipement sp\u00e9cial pour y acc\u00e9der sont\nl\u2019une des principales caract\u00e9ristiques des paysages sous-marins. A terre, tout\nle monde ne va pas partout non plus. Ce qui n\u2019emp\u00eache pas aux habitants d\u2019un\nterritoire d\u2019en avoir une vision globale, par la cartographie, les\ncovisibilit\u00e9s et les r\u00e9cits. La cartographie des paysages sous-marins des\nCalanques \u00e9tait inexistante&nbsp;: nous l\u2019avons cr\u00e9\u00e9e. Les covisibilit\u00e9s sont\nrendues difficiles par la pr\u00e9sence de la masse d\u2019eau. Reste alors l\u2019importance\ncapitale des r\u00e9cits, d\u2019une histoire partag\u00e9e des paysages sous-marins, pour\narriver \u00e0 une prise de responsabilit\u00e9 commune.&nbsp;<\/p>\n\n\n\n<p>&nbsp;<\/p>\n\n\n\n<h2 class=\"wp-block-heading\">Pour en savoir plus<\/h2>\n\n\n\n<ul class=\"wp-block-list\"><li><a rel=\"noreferrer noopener\" aria-label=\" (s\u2019ouvre dans un nouvel onglet)\" href=\"https:\/\/www.coloco.org\/projets\/calanques\/\" target=\"_blank\">Lien vers le projet sur le site de Coloco <\/a><\/li><li><a rel=\"noreferrer noopener\" aria-label=\" (s\u2019ouvre dans un nouvel onglet)\" href=\"http:\/\/www.calanques-parcnational.fr\/fr\/actualites\/en-duplex-des-fonds-marins-retour-sur-latelier-hors-les-murs-du-plan-de-paysage-sous\" target=\"_blank\">Pour mieux comprendre le d\u00e9roulement du projet<\/a><\/li><li><a rel=\"noreferrer noopener\" aria-label=\" (s\u2019ouvre dans un nouvel onglet)\" href=\"http:\/\/www.calanques-parcnational.fr\/sites\/calanques-parcnational.fr\/files\/atoms\/files\/pncalanques-plandepaysage-oct2016_2.pdf\" target=\"_blank\">Lien vers le plan de paysage terrestre<\/a><\/li><\/ul>\n","protected":false},"author":27,"featured_media":1994,"template":"","class_list":["post-1979","cartographie","type-cartographie","status-publish","has-post-thumbnail","hentry"],"yoast_head":"<!-- This site is optimized with the Yoast SEO plugin v24.2 - https:\/\/yoast.com\/wordpress\/plugins\/seo\/ -->\n<title>Plan de paysage sous-marin ~ Atelier Klima<\/title>\n<meta name=\"description\" content=\"Apr\u00e8s s\u2019\u00eatre dot\u00e9 d\u2019un plan de paysage terrestre, le Parc national des Calanques a souhait\u00e9 poursuivre son plan de paysage sur la partie sous-marine de son p\u00e9rim\u00e8tre.\" \/>\n<meta name=\"robots\" content=\"index, follow, max-snippet:-1, max-image-preview:large, max-video-preview:-1\" \/>\n<link rel=\"canonical\" href=\"https:\/\/tatataaaaa.com\/newklima\/cartographie\/plan-de-paysage-sous-marin\/\" \/>\n<meta property=\"og:locale\" content=\"fr_FR\" \/>\n<meta property=\"og:type\" content=\"article\" \/>\n<meta property=\"og:title\" content=\"Plan de paysage sous-marin ~ Atelier Klima\" \/>\n<meta property=\"og:description\" content=\"Apr\u00e8s s\u2019\u00eatre dot\u00e9 d\u2019un plan de paysage terrestre, le Parc national des Calanques a souhait\u00e9 poursuivre son plan de paysage sur la partie sous-marine de son p\u00e9rim\u00e8tre.\" \/>\n<meta property=\"og:url\" content=\"https:\/\/tatataaaaa.com\/newklima\/cartographie\/plan-de-paysage-sous-marin\/\" \/>\n<meta property=\"og:site_name\" content=\"Atelier Klima\" \/>\n<meta property=\"article:modified_time\" content=\"2021-07-19T06:49:41+00:00\" \/>\n<meta property=\"og:image\" content=\"https:\/\/tatataaaaa.com\/newklima\/wp-content\/uploads\/2020\/07\/\u00a9-Fabien-David.jpeg\" \/>\n\t<meta property=\"og:image:width\" content=\"1400\" \/>\n\t<meta property=\"og:image:height\" content=\"1050\" \/>\n\t<meta property=\"og:image:type\" content=\"image\/jpeg\" \/>\n<meta name=\"twitter:card\" content=\"summary_large_image\" \/>\n<meta name=\"twitter:site\" content=\"@Klima_ONG\" \/>\n<meta name=\"twitter:label1\" content=\"Dur\u00e9e de lecture estim\u00e9e\" \/>\n\t<meta name=\"twitter:data1\" content=\"6 minutes\" \/>\n<script type=\"application\/ld+json\" class=\"yoast-schema-graph\">{\"@context\":\"https:\/\/schema.org\",\"@graph\":[{\"@type\":\"WebPage\",\"@id\":\"https:\/\/tatataaaaa.com\/newklima\/cartographie\/plan-de-paysage-sous-marin\/\",\"url\":\"https:\/\/tatataaaaa.com\/newklima\/cartographie\/plan-de-paysage-sous-marin\/\",\"name\":\"Plan de paysage sous-marin ~ Atelier Klima\",\"isPartOf\":{\"@id\":\"https:\/\/tatataaaaa.com\/newklima\/#website\"},\"primaryImageOfPage\":{\"@id\":\"https:\/\/tatataaaaa.com\/newklima\/cartographie\/plan-de-paysage-sous-marin\/#primaryimage\"},\"image\":{\"@id\":\"https:\/\/tatataaaaa.com\/newklima\/cartographie\/plan-de-paysage-sous-marin\/#primaryimage\"},\"thumbnailUrl\":\"https:\/\/tatataaaaa.com\/newklima\/wp-content\/uploads\/2020\/07\/\u00a9-Fabien-David.jpeg\",\"datePublished\":\"2020-07-10T18:03:07+00:00\",\"dateModified\":\"2021-07-19T06:49:41+00:00\",\"description\":\"Apr\u00e8s s\u2019\u00eatre dot\u00e9 d\u2019un plan de paysage terrestre, le Parc national des Calanques a souhait\u00e9 poursuivre son plan de paysage sur la partie sous-marine de son p\u00e9rim\u00e8tre.\",\"breadcrumb\":{\"@id\":\"https:\/\/tatataaaaa.com\/newklima\/cartographie\/plan-de-paysage-sous-marin\/#breadcrumb\"},\"inLanguage\":\"fr-FR\",\"potentialAction\":[{\"@type\":\"ReadAction\",\"target\":[\"https:\/\/tatataaaaa.com\/newklima\/cartographie\/plan-de-paysage-sous-marin\/\"]}]},{\"@type\":\"ImageObject\",\"inLanguage\":\"fr-FR\",\"@id\":\"https:\/\/tatataaaaa.com\/newklima\/cartographie\/plan-de-paysage-sous-marin\/#primaryimage\",\"url\":\"https:\/\/tatataaaaa.com\/newklima\/wp-content\/uploads\/2020\/07\/\u00a9-Fabien-David.jpeg\",\"contentUrl\":\"https:\/\/tatataaaaa.com\/newklima\/wp-content\/uploads\/2020\/07\/\u00a9-Fabien-David.jpeg\",\"width\":\"1400\",\"height\":\"1050\",\"caption\":\"\u00a9 Fabien David\"},{\"@type\":\"BreadcrumbList\",\"@id\":\"https:\/\/tatataaaaa.com\/newklima\/cartographie\/plan-de-paysage-sous-marin\/#breadcrumb\",\"itemListElement\":[{\"@type\":\"ListItem\",\"position\":1,\"name\":\"Home\",\"item\":\"https:\/\/tatataaaaa.com\/newklima\/\"},{\"@type\":\"ListItem\",\"position\":2,\"name\":\"Plan de paysage sous-marin\"}]},{\"@type\":\"WebSite\",\"@id\":\"https:\/\/tatataaaaa.com\/newklima\/#website\",\"url\":\"https:\/\/tatataaaaa.com\/newklima\/\",\"name\":\"Atelier Klima\",\"description\":\"Adaptation littorale au changement climatique\",\"publisher\":{\"@id\":\"https:\/\/tatataaaaa.com\/newklima\/#organization\"},\"potentialAction\":[{\"@type\":\"SearchAction\",\"target\":{\"@type\":\"EntryPoint\",\"urlTemplate\":\"https:\/\/tatataaaaa.com\/newklima\/?s={search_term_string}\"},\"query-input\":{\"@type\":\"PropertyValueSpecification\",\"valueRequired\":true,\"valueName\":\"search_term_string\"}}],\"inLanguage\":\"fr-FR\"},{\"@type\":\"Organization\",\"@id\":\"https:\/\/tatataaaaa.com\/newklima\/#organization\",\"name\":\"Atelier Klima\",\"url\":\"https:\/\/tatataaaaa.com\/newklima\/\",\"logo\":{\"@type\":\"ImageObject\",\"inLanguage\":\"fr-FR\",\"@id\":\"https:\/\/tatataaaaa.com\/newklima\/#\/schema\/logo\/image\/\",\"url\":\"https:\/\/tatataaaaa.com\/newklima\/wp-content\/uploads\/2019\/03\/klima-ong-favicon.gif\",\"contentUrl\":\"https:\/\/tatataaaaa.com\/newklima\/wp-content\/uploads\/2019\/03\/klima-ong-favicon.gif\",\"width\":512,\"height\":512,\"caption\":\"Atelier Klima\"},\"image\":{\"@id\":\"https:\/\/tatataaaaa.com\/newklima\/#\/schema\/logo\/image\/\"},\"sameAs\":[\"https:\/\/x.com\/Klima_ONG\",\"https:\/\/www.instagram.com\/sophiedulau\/\"]}]}<\/script>\n<!-- \/ Yoast SEO plugin. -->","yoast_head_json":{"title":"Plan de paysage sous-marin ~ Atelier Klima","description":"Apr\u00e8s s\u2019\u00eatre dot\u00e9 d\u2019un plan de paysage terrestre, le Parc national des Calanques a souhait\u00e9 poursuivre son plan de paysage sur la partie sous-marine de son p\u00e9rim\u00e8tre.","robots":{"index":"index","follow":"follow","max-snippet":"max-snippet:-1","max-image-preview":"max-image-preview:large","max-video-preview":"max-video-preview:-1"},"canonical":"https:\/\/tatataaaaa.com\/newklima\/cartographie\/plan-de-paysage-sous-marin\/","og_locale":"fr_FR","og_type":"article","og_title":"Plan de paysage sous-marin ~ Atelier Klima","og_description":"Apr\u00e8s s\u2019\u00eatre dot\u00e9 d\u2019un plan de paysage terrestre, le Parc national des Calanques a souhait\u00e9 poursuivre son plan de paysage sur la partie sous-marine de son p\u00e9rim\u00e8tre.","og_url":"https:\/\/tatataaaaa.com\/newklima\/cartographie\/plan-de-paysage-sous-marin\/","og_site_name":"Atelier Klima","article_modified_time":"2021-07-19T06:49:41+00:00","og_image":[{"width":1400,"height":1050,"url":"https:\/\/tatataaaaa.com\/newklima\/wp-content\/uploads\/2020\/07\/\u00a9-Fabien-David.jpeg","type":"image\/jpeg"}],"twitter_card":"summary_large_image","twitter_site":"@Klima_ONG","twitter_misc":{"Dur\u00e9e de lecture estim\u00e9e":"6 minutes"},"schema":{"@context":"https:\/\/schema.org","@graph":[{"@type":"WebPage","@id":"https:\/\/tatataaaaa.com\/newklima\/cartographie\/plan-de-paysage-sous-marin\/","url":"https:\/\/tatataaaaa.com\/newklima\/cartographie\/plan-de-paysage-sous-marin\/","name":"Plan de paysage sous-marin ~ Atelier Klima","isPartOf":{"@id":"https:\/\/tatataaaaa.com\/newklima\/#website"},"primaryImageOfPage":{"@id":"https:\/\/tatataaaaa.com\/newklima\/cartographie\/plan-de-paysage-sous-marin\/#primaryimage"},"image":{"@id":"https:\/\/tatataaaaa.com\/newklima\/cartographie\/plan-de-paysage-sous-marin\/#primaryimage"},"thumbnailUrl":"https:\/\/tatataaaaa.com\/newklima\/wp-content\/uploads\/2020\/07\/\u00a9-Fabien-David.jpeg","datePublished":"2020-07-10T18:03:07+00:00","dateModified":"2021-07-19T06:49:41+00:00","description":"Apr\u00e8s s\u2019\u00eatre dot\u00e9 d\u2019un plan de paysage terrestre, le Parc national des Calanques a souhait\u00e9 poursuivre son plan de paysage sur la partie sous-marine de son p\u00e9rim\u00e8tre.","breadcrumb":{"@id":"https:\/\/tatataaaaa.com\/newklima\/cartographie\/plan-de-paysage-sous-marin\/#breadcrumb"},"inLanguage":"fr-FR","potentialAction":[{"@type":"ReadAction","target":["https:\/\/tatataaaaa.com\/newklima\/cartographie\/plan-de-paysage-sous-marin\/"]}]},{"@type":"ImageObject","inLanguage":"fr-FR","@id":"https:\/\/tatataaaaa.com\/newklima\/cartographie\/plan-de-paysage-sous-marin\/#primaryimage","url":"https:\/\/tatataaaaa.com\/newklima\/wp-content\/uploads\/2020\/07\/\u00a9-Fabien-David.jpeg","contentUrl":"https:\/\/tatataaaaa.com\/newklima\/wp-content\/uploads\/2020\/07\/\u00a9-Fabien-David.jpeg","width":"1400","height":"1050","caption":"\u00a9 Fabien David"},{"@type":"BreadcrumbList","@id":"https:\/\/tatataaaaa.com\/newklima\/cartographie\/plan-de-paysage-sous-marin\/#breadcrumb","itemListElement":[{"@type":"ListItem","position":1,"name":"Home","item":"https:\/\/tatataaaaa.com\/newklima\/"},{"@type":"ListItem","position":2,"name":"Plan de paysage sous-marin"}]},{"@type":"WebSite","@id":"https:\/\/tatataaaaa.com\/newklima\/#website","url":"https:\/\/tatataaaaa.com\/newklima\/","name":"Atelier Klima","description":"Adaptation littorale au changement climatique","publisher":{"@id":"https:\/\/tatataaaaa.com\/newklima\/#organization"},"potentialAction":[{"@type":"SearchAction","target":{"@type":"EntryPoint","urlTemplate":"https:\/\/tatataaaaa.com\/newklima\/?s={search_term_string}"},"query-input":{"@type":"PropertyValueSpecification","valueRequired":true,"valueName":"search_term_string"}}],"inLanguage":"fr-FR"},{"@type":"Organization","@id":"https:\/\/tatataaaaa.com\/newklima\/#organization","name":"Atelier Klima","url":"https:\/\/tatataaaaa.com\/newklima\/","logo":{"@type":"ImageObject","inLanguage":"fr-FR","@id":"https:\/\/tatataaaaa.com\/newklima\/#\/schema\/logo\/image\/","url":"https:\/\/tatataaaaa.com\/newklima\/wp-content\/uploads\/2019\/03\/klima-ong-favicon.gif","contentUrl":"https:\/\/tatataaaaa.com\/newklima\/wp-content\/uploads\/2019\/03\/klima-ong-favicon.gif","width":512,"height":512,"caption":"Atelier Klima"},"image":{"@id":"https:\/\/tatataaaaa.com\/newklima\/#\/schema\/logo\/image\/"},"sameAs":["https:\/\/x.com\/Klima_ONG","https:\/\/www.instagram.com\/sophiedulau\/"]}]}},"_links":{"self":[{"href":"https:\/\/tatataaaaa.com\/newklima\/wp-json\/wp\/v2\/cartographie\/1979","targetHints":{"allow":["GET"]}}],"collection":[{"href":"https:\/\/tatataaaaa.com\/newklima\/wp-json\/wp\/v2\/cartographie"}],"about":[{"href":"https:\/\/tatataaaaa.com\/newklima\/wp-json\/wp\/v2\/types\/cartographie"}],"author":[{"embeddable":true,"href":"https:\/\/tatataaaaa.com\/newklima\/wp-json\/wp\/v2\/users\/27"}],"wp:featuredmedia":[{"embeddable":true,"href":"https:\/\/tatataaaaa.com\/newklima\/wp-json\/wp\/v2\/media\/1994"}],"wp:attachment":[{"href":"https:\/\/tatataaaaa.com\/newklima\/wp-json\/wp\/v2\/media?parent=1979"}],"curies":[{"name":"wp","href":"https:\/\/api.w.org\/{rel}","templated":true}]}}